{"id":4137,"date":"2021-03-20T10:56:34","date_gmt":"2021-03-20T13:56:34","guid":{"rendered":"https:\/\/isfd804-chu.infd.edu.ar\/sitio\/?page_id=4137"},"modified":"2026-04-17T20:33:41","modified_gmt":"2026-04-17T23:33:41","slug":"concursos-a-horas-catedras-2021","status":"publish","type":"page","link":"https:\/\/isfd804-chu.infd.edu.ar\/sitio\/concursos-a-horas-catedras-2021\/","title":{"rendered":"Concursos a Horas C\u00e1tedras 2026"},"content":{"rendered":"\n<div class=\"wp-block-group is-layout-flow\"><div class=\"wp-block-group__inner-container\">\n<p><img decoding=\"async\" loading=\"lazy\" class=\"wp-image-2587 aligncenter\" src=\"https:\/\/isfd804-chu.infd.edu.ar\/sitio\/wp-content\/uploads\/2020\/02\/Captura-de-Pantalla-2020-02-20-a-las-11.28.52-1000x190.png\" alt=\"\" width=\"616\" height=\"117\" srcset=\"https:\/\/isfd804-chu.infd.edu.ar\/sitio\/wp-content\/uploads\/2020\/02\/Captura-de-Pantalla-2020-02-20-a-las-11.28.52-1000x190.png 1000w, https:\/\/isfd804-chu.infd.edu.ar\/sitio\/wp-content\/uploads\/2020\/02\/Captura-de-Pantalla-2020-02-20-a-las-11.28.52-768x146.png 768w, https:\/\/isfd804-chu.infd.edu.ar\/sitio\/wp-content\/uploads\/2020\/02\/Captura-de-Pantalla-2020-02-20-a-las-11.28.52.png 1436w\" sizes=\"(max-width: 616px) 100vw, 616px\" \/><\/p>\n<p>En la secci\u00f3n de <a href=\"https:\/\/isfd804-chu.infd.edu.ar\/sitio\/normativa\/\">Normativa\u00a0<\/a>podr\u00e1 acceder a los reglamentos, resoluciones, y dem\u00e1s documentos necesarios para proceder a la elaboraci\u00f3n de proyectos de c\u00e1tedra conforme a la legislaci\u00f3n vigente. Destacamos en esta oportunidad s\u00f3lo lo referido a los formatos de presentaci\u00f3n. <a href=\"https:\/\/drive.google.com\/file\/d\/1wj1bXhqa95Xclcu9KZnMHH5yljY4rCIS\/view?usp=sharing\">Formatos de presentaci\u00f3n.<\/a><\/p>\n<p>Por consultas comunicarse a: concursos.isfd804@gmail.com\u00a0<\/p>\n<h4><strong>Formularios de presentaci\u00f3n de proyectos:<\/strong><\/h4>\n<ul>\n<li><strong><a href=\"https:\/\/docs.google.com\/forms\/d\/e\/1FAIpQLScnnqC4pxTqhSrSlt3SweTU13RFT0UK90lkpfN1Y5VoXvBwKQ\/viewform?usp=sf_link\">ESQUEL<\/a><\/strong><\/li>\n<li><a href=\"https:\/\/docs.google.com\/forms\/d\/e\/1FAIpQLSfyFNDgw1eFoKViOxLwiRZSarAux1J0P-bRFJAA_DlS40YW7g\/viewform?usp=sf_link\"><strong>TREVELIN<\/strong><\/a><\/li>\n<li><strong><a href=\"https:\/\/forms.gle\/eAPGuUAMUfET8HAR6\">TECKA<\/a><\/strong><\/li>\n<\/ul>\n<p>Las respuestas est\u00e1n habilitadas, s\u00f3lo si hay un llamado en curso. Cualquier respuesta que pueda darse fuera del termino de un llamado vigente, ser\u00e1 desestimada conforme al reglamento institucional.<\/p>\n<h3 style=\"text-align: center;\"><strong>ESQUEL, TREVELIN Y TECKA<\/strong><\/h3>\n<p style=\"text-align: center;\"><strong>2026<\/strong><\/p>\n<ul>\n<li><a href=\"https:\/\/drive.google.com\/file\/d\/1fqmx_J5mkwlCmM_JKDOGXygq_fgQu_3v\/view?usp=drive_link\">Convocatoria N\u00b022-26 Llamado 2 &#8211; ECO <\/a><span data-sheets-root=\"1\"><b>ANEXO TREVELIN. (Estad\u00edstica aplicada a las Ciencias Econ\u00f3micas). <b style=\"font-size: revert;\">La convocatoria se extiende hasta el 20 de abril de 2026 a las 23:59 hs<\/b><\/b><\/span><\/li>\n<li><a href=\"https:\/\/drive.google.com\/file\/d\/1ttZm2Z0_-TYq7rMr-L0wRwzdxX_O00Xy\/view?usp=drive_link\">Convocatoria N\u00b021-26 Llamado 1 &#8211; TSED.<\/a> (<b style=\"font-size: revert;\">Programas y Proyectos Deportivos (Suplente)<\/b>)<span data-sheets-root=\"1\"><b>SEDE ESQUEL. <b style=\"font-size: revert;\">La convocatoria se extiende hasta el 14 de abril de 2026 a las 23:59 hs<\/b><\/b><\/span><\/li>\n<li><a href=\"https:\/\/drive.google.com\/file\/d\/1Z71HyHAKd6YghhTPTnf-FuS0ERzOnlrM\/view?usp=drive_link\">Convocatoria N\u00b022-26 Llamado 1 &#8211; ECO.<\/a> (<b style=\"font-size: revert;\">Estad\u00edstica aplicada a las Ciencias Econ\u00f3micas<\/b>) <span data-sheets-root=\"1\"><b>ANEXO TREVELIN. <b style=\"font-size: revert;\">La convocatoria se extiende hasta el 14 de abril de 2026 a las 23:59 hs<\/b><\/b><\/span><\/li>\n<li><a href=\"https:\/\/drive.google.com\/file\/d\/1KE3dBS0i3H6RB_6pgn5On5s6TQkrImt4\/view?usp=drive_link\">Convocatoria N\u00b020-26 Llamado 1 -Bibliotecario\/a.<\/a> <span data-sheets-root=\"1\"><b>SEDE ESQUEL. <b style=\"font-size: revert;\">La convocatoria se extiende hasta el 14 de abril de 2026 a las 23:59 hs<\/b><\/b><\/span><\/li>\n<li><a href=\"https:\/\/drive.google.com\/file\/d\/1SKGicuLi3r5JwVAml7izfrb2UztX_Pqw\/view?usp=drive_link\">Convocatoria N\u00b019-26 Llamado 2 -PES en F\u00edsica. (<b>Laboratorio de Ense\u00f1anza de la F\u00edsica<\/b>)<\/a> <span style=\"font-size: revert;\"><span data-sheets-root=\"1\"><b>SEDE ESQUEL. <b style=\"font-size: revert;\">La convocatoria se extiende hasta el 05 de abril de 2026 a las 23:59 hs<\/b><\/b><\/span><\/span><\/li>\n<li><a href=\"https:\/\/drive.google.com\/file\/d\/1o-jPf6XhB3EtHAZ__nPfEgcd0grIDFNV\/view?usp=drive_link\">Convocatoria N\u00b02-26 Llamado 3 &#8211; TSGIC.<span style=\"font-size: revert;\"><span data-sheets-root=\"1\"><b>(<b style=\"font-size: revert;\">Gesti\u00f3n Ambiental (Suplente)<\/b><\/b><\/span><\/span><span style=\"font-size: revert;\"><span data-sheets-root=\"1\"><b>) <\/b><\/span><\/span><\/a><span style=\"font-size: revert;\"><span data-sheets-root=\"1\"><b>SEDE ESQUEL.<\/b><\/span><\/span><span style=\"font-size: revert;\"><span data-sheets-root=\"1\"><b><b style=\"font-size: revert;\">La convocatoria se extiende hasta el 05 de abril de 2026 a las 23:59 hs<\/b><\/b><\/span><\/span><\/li>\n<li><a href=\"https:\/\/drive.google.com\/file\/d\/10Gw316asjyy5n9NeYuzKP-Q5qIF7-SVc\/view?usp=drive_link\">Convocatoria N\u00b019-26 Llamado 1 -PES en F\u00edsica. (<b style=\"font-size: revert;\">Laboratorio de Electromagnetismo y Ondas, Laboratorio de Ense\u00f1anza de la F\u00edsica<\/b><\/a><span style=\"font-size: revert;\">). <span data-sheets-root=\"1\"><b>SEDE ESQUEL. <b style=\"font-size: revert;\">La convocatoria se extiende hasta el 26 de marzo de 2026 a las 23:59 hs<\/b><\/b><\/span><\/span><\/li>\n<li><a href=\"https:\/\/drive.google.com\/file\/d\/1t0EJux3yNb2BGsvTO00fSlTpu6Zj-RJV\/view?usp=drive_link\">Convocatoria N\u00b03-26 Llamado 3 &#8211; PE Tecnolog\u00eda. (<b>Historia y Pol\u00edtica de la Educaci\u00f3n Argentina<\/b>)<\/a>. <span data-sheets-root=\"1\"><b>ANEXO TREVELIN. <b style=\"font-size: revert;\">La convocatoria se extiende hasta el 26 de marzo de 2026 a las 23:59 hs<\/b><\/b><\/span><\/li>\n<li><a href=\"https:\/\/drive.google.com\/file\/d\/1D7SG0cW2SjL5k6qtEOlk8mf0MgfSpdkW\/view?usp=drive_link\">Convocatoria N\u00b018-26 Llamado 1 &#8211; (ECO. (<span data-sheets-root=\"1\">Filosof\u00eda de la Educaci\u00f3n <\/span>)<\/a> <span data-sheets-root=\"1\"><b>ANEXO TREVELIN. <b style=\"font-size: revert;\">La convocatoria se extiende hasta el 18 de marzo de 2026 a las 23:59 hs<\/b><\/b><\/span><\/li>\n<li><a href=\"https:\/\/drive.google.com\/file\/d\/1AFHOrzhcwxfgpnhKFqXtdrklxNn4NFvw\/view?usp=drive_link\">Convocatoria N\u00b017-26 Llamado 1 &#8211; (FIS_QUI_MATE. (<span data-sheets-root=\"1\">Filosof\u00eda de la Educaci\u00f3n <\/span>)<\/a> <span data-sheets-root=\"1\"><b>SEDE ESQUEL. <b style=\"font-size: revert;\">La convocatoria se extiende hasta el 18 de marzo de 2026 a las 23:59 hs<\/b><\/b><\/span><\/li>\n<li><a href=\"https:\/\/drive.google.com\/file\/d\/1NjwMZuVxo6hmyq_OGQZAeodt6UTEXWOI\/view?usp=drive_link\">Convocatoria N\u00b01-26 Llamado 3 &#8211; (TSAPDL. <\/a><span data-sheets-root=\"1\">Derecho Administrativo (Suplente) <b>SEDE ESQUEL. <b style=\"font-size: revert;\">La convocatoria se extiende hasta el 18 de marzo de 2026 a las 23:59 hs<\/b><\/b><\/span><\/li>\n<li><a href=\"https:\/\/drive.google.com\/file\/d\/1JQlJG4YGi3JFBOUpmPbuirA_BeJ7Er4B\/view?usp=drive_link\">Convocatoria N\u00b016-26 Llamado 1 &#8211; (ECO <\/a><span data-sheets-root=\"1\">Derecho Comercial (Suplente)<b>ANEXO TREVELIN. <b style=\"font-size: revert;\">La convocatoria se extiende hasta el 18 de marzo de 2026 a las 23:59 hs<\/b><\/b><\/span><\/li>\n<li><a href=\"https:\/\/drive.google.com\/file\/d\/16_-KobonrU9Rs-p8fdSRdHZZGZWNfNHg\/view?usp=drive_link\">Convocatoria N\u00b015-26 Llamado 1 &#8211; (TSGAP. <\/a><span data-sheets-root=\"1\">Derecho Empresarial (Suplente)) <b>ANEXO TREVELIN. <b style=\"font-size: revert;\">La convocatoria se extiende hasta el 18 de marzo de 2026 a las 23:59 hs<\/b><\/b><\/span><\/li>\n<li><a href=\"https:\/\/drive.google.com\/file\/d\/1SbO1tQJfQWzCLkWx2RLin-oafxuC9zfo\/view?usp=drive_link\">Convocatoria N\u00b014-26 Llamado 2 -PES en F\u00edsica. Sede Esquel<\/a> (<b>Mec\u00e1nica <\/b>)<b style=\"font-size: revert;\"><b>La convocatoria se extiende hasta el 18 de marzo de 2026 a las 23:59 hs<\/b><\/b><\/li>\n<li><a href=\"https:\/\/drive.google.com\/file\/d\/1hUeLQWnlkOcFpT5jMZX_mMJ8YxF5PDnm\/view?usp=drive_link\">Convocatoria N\u00b013-26 Llamado 2 &#8211; TSNAyF. <b>AULA EXTENDIDA TECKA<\/b><\/a>. (<b style=\"font-size: revert;\">Comunicaci\u00f3n, Comprensi\u00f3n y Producci\u00f3n de Texto; Derecho de la Ni\u00f1ez, Adolescencia y Familia. Normas e Implicancias; <\/b><b style=\"font-size: revert;\">Pr\u00e1ctica Profesionalizante I<\/b><span style=\"font-size: revert;\">) <\/span><b style=\"font-size: revert;\"><b>La convocatoria se extiende hasta el 18 de marzo de 2026 a las 23:59 hs<\/b><\/b><\/li>\n<li><a href=\"https:\/\/drive.google.com\/file\/d\/1uPH4fRK3ppRobkF0SuT0RaXfvMqDbeRt\/view?usp=drive_link\">Convocatoria N\u00b011-26 Llamado 2 bis &#8211; TSAPDL. <b>ANEXO TREVELIN <\/b><\/a><b style=\"font-size: revert;\"><b>\u00a0(Herramientas de Matem\u00e1tica y Estad\u00edstica b\u00e1sica aplicadas a la Administraci\u00f3n P\u00fablica)La convocatoria se extiende hasta el 18 de marzo de 2026 a las 23:59 hs<\/b><\/b><\/li>\n<li><a href=\"https:\/\/drive.google.com\/file\/d\/1HYnjCaCLgiZadBLaJ2UDTkDQRC2dlE3k\/view?usp=sharing\">Convocatoria N\u00b014-26 Llamado 1 -PES en F\u00edsica.<\/a> Sede Esquel. (<b>Mec\u00e1nica <\/b>) <b>La convocatoria se extiende hasta el 10 de marzo de 2026 a las 23:59 hs<\/b><\/li>\n<li><a href=\"https:\/\/drive.google.com\/file\/d\/17536CFpDFj_N-_FQAPFDK55FUWPX9E1Z\/view?usp=sharing\">Convocatoria N\u00b013-26 Llamado 1 &#8211; <\/a><b><b>TECNICATURA SUPERIOR EN NI\u00d1EZ, ADOLESCENCIA Y FAMILIA. AULA EXTENDIDA TECKA (<\/b><\/b><b style=\"font-size: revert;\">Comunicaci\u00f3n, Comprensi\u00f3n y Producci\u00f3n de Textos; <\/b><b style=\"font-size: revert;\">Herramientas Metodol\u00f3gicas para la Investigaci\u00f3n Social; <\/b><b style=\"font-size: revert;\">Problem\u00e1ticas Sociales Contempor\u00e1neas; <\/b><b style=\"font-size: revert;\">Derecho de la Ni\u00f1ez, Adolescencia y Familia. Normas e Implicancias; <\/b><b style=\"font-size: revert;\">Psicolog\u00eda del Desarrollo; <\/b><b style=\"font-size: revert;\"><b style=\"font-size: revert;\">Estado y Pol\u00edticas Sociales; <b style=\"font-size: revert;\">Pr\u00e1ctica Profesionalizante I<\/b><\/b><\/b><b style=\"font-size: revert;\">) &#8211; <b>AULA EXTENDIDA TECKA . La convocatoria se extiende hasta el 10 de marzo de 2026 a las 23:59 hs<\/b><\/b><\/li>\n<li><a href=\"https:\/\/drive.google.com\/file\/d\/1Eei0tYX25diRVhfBMQ44SgW9Pq44tEpA\/view?usp=sharing\">Convocatoria N\u00b012-26 Llamado 1 -PES en Matem\u00e1tica.<\/a> Sede Esquel. (<b><b>Geometr\u00eda del Plano,<b style=\"font-size: revert;\"> An\u00e1lisis y Tratamiento de la Informaci\u00f3n, An\u00e1lisis Matem\u00e1tico en varias Variables, Estructuras Algebraicas<\/b><\/b><\/b>)\u00a0 <b>La convocatoria se extiende hasta el 10 de marzo de 2026 a las 23:59 hs<\/b><\/li>\n<li><a href=\"https:\/\/drive.google.com\/file\/d\/1w7XNRy1jUSh7Rc1JqJ_J8GVSFYwXWigV\/view?usp=sharing\">Convocatoria N\u00b011-26 Llamado 1 bis &#8211; TSAPDL<\/a>. Anexo Trevelin (<b>Herramientas de Matem\u00e1tica y Estad\u00edstica b\u00e1sica aplicadas a la Administraci\u00f3n P\u00fablica<\/b>) <b>La convocatoria se extiende hasta el 10 de marzo de 2026 a las 23:59 hs<\/b>\u00a0<\/li>\n<li><a href=\"https:\/\/drive.google.com\/file\/d\/1jLbYv0FiJ-9Skgk7lWz4HihMOoeWjSqp\/view?usp=drive_link\">Convocatoria N\u00b09-26 Llamado 2 bis- TSPD TECNICATURA SUPERIOR EN PERIODISMO DEPORTIVO.<\/a> Anexo Trevelin. (<b>Comunicaci\u00f3n Audiovisual I) La convocatoria se extiende hasta el 1 de marzo de 2026 a las 23:59 hs<\/b><\/li>\n<li><a href=\"https:\/\/drive.google.com\/file\/d\/1CuVwRa4UDZuQ5zrNoR2cRs8YKEzNukcG\/view?usp=drive_link\">Convocatoria N\u00b011-26 Llamado 2 &#8211; TSAPDL. TECNICATURA SUPERIOR EN ADMINISTRACI\u00d3N P\u00daBLICA ORIENTADA AL DESARROLLO<\/a>. (Gesti\u00f3n de Procesos Administrativos)La convocatoria se extiende hasta el 1 de marzo de 2026 a las 23:59 hs<\/li>\n<li><a href=\"https:\/\/drive.google.com\/file\/d\/1SR3ZKXqJ8-BD_Sh4GspP2vDgUdZR78CV\/view?usp=drive_link\">Convocatoria N\u00b010-26 Llamado 2 &#8211; TSGPAg. TECNICATURA SUPERIOR EN GESTI\u00d3N DE LA PRODUCCI\u00d3N AGROPECUARIA. Anexo Tecka<\/a>. (Biolog\u00eda, Ingl\u00e9s T\u00e9cnico , Matem\u00e1tica y Estad\u00edstica Aplicada, Tecnolog\u00edas de la Informaci\u00f3n y la Comunicaci\u00f3n , F\u00edsica Aplicada , Qu\u00edmica Agr\u00edcola , Morfofisiolog\u00eda Animal, Morfofisiolog\u00eda Vegetal , introducci\u00f3n a la Gesti\u00f3n de la Producci\u00f3n Agropecuaria). La convocatoria se extiende hasta el 1 de marzo de 2026 a las 23:59 hs <strong>LLAMADO ANULADO <\/strong><\/li>\n<li><a href=\"https:\/\/drive.google.com\/file\/d\/1yOJrtODLjTrDRRSBXk7rUbjLt-Z18qDn\/view?usp=drive_link\">Convocatoria N\u00b09-26 Llamado 2 &#8211; TSPD.\u00a0 TECNICATURA SUPERIOR EN PERIODISMO DEPORTIVO. Anexo Trevelin.<\/a> (Sociolog\u00eda del Deporte, Historia del Deporte Mundial , Metodolog\u00eda de la Investigaci\u00f3n Period\u00edstica). La convocatoria se extiende hasta el 1 de marzo de 2026 a las 23:59 hs<\/li>\n<li><a href=\"https:\/\/drive.google.com\/file\/d\/12cNfkRLfhcYF4dhUfXTNb1ELZrY1ieyf\/view?usp=drive_link\">Convocatoria N\u00b04 A-26 Llamado 3 &#8211; PEF. Sede Esquel<\/a> (Did\u00e1ctica de las Pr\u00e1cticas Psicomotrices I (Atletismo, Gimnasia) 2\u00b0A, Did\u00e1ctica de las Pr\u00e1cticas Sociomotrices I(Handbol, Voleibol, Basquetbol) 2\u00b0A) La convocatoria se extiende hasta el 1 de marzo de 2026 a las 23:59 hs<\/li>\n<li><a href=\"https:\/\/drive.google.com\/file\/d\/1bhzRa617fi2Sk3j7vPVYD-vEVFM0ATNc\/view?usp=drive_link\">Convocatoria N\u00b04 B-26 Llamado 3 &#8211; PEF. Sede Esquel<\/a> (Did\u00e1ctica de las Pr\u00e1cticas Psicomotrices I (Atletismo, Gimnasia) 2\u00b0B, Did\u00e1ctica de las Pr\u00e1cticas Sociomotrices I(Handbol, Voleibol, Basquetbol) 2\u00b0B).\u00a0\u00a0La convocatoria se extiende hasta el 1 de marzo de 2026 a las 23:59 hs<\/li>\n<li><a href=\"https:\/\/drive.google.com\/file\/d\/1pmGrsebCxfGr-qrwFASwBWFtx8-_sho3\/view?usp=drive_link\">Convocatoria N\u00b01-26 Llamado 2 &#8211; Sede Esquel.<\/a> TSAPDL. (Problem\u00e1ticas Sociopol\u00edticas Contempor\u00e1neas). La convocatoria se extiende hasta el 1 de marzo de 2026 a las 23:59 hs<\/li>\n<\/ul>\n<p style=\"text-align: center;\"><strong>2025<\/strong><\/p>\n<ul>\n<li><a href=\"https:\/\/drive.google.com\/file\/d\/1u1VNGTIP52ebGSTZfunwuNgc8DCdFHzn\/view?usp=sharing\">Convocatoria N\u00b011-26 Llamado 1 &#8211; TSAPDL. TECNICATURA SUPERIOR EN ADMINISTRACI\u00d3N P\u00daBLICA ORIENTADA AL DESARROLLO <\/a><br \/>LOCAL. Anexo Trevelin. (Gesti\u00f3n de Procesos Administrativos) , <em>Lectura, Escritura y Oralidad Acad\u00e9mica y <\/em><strong><em>Profesional<\/em> LLAMADO ANULADO PARA ESTE ESPACIO.<\/strong> La convocatoria se extiende hasta el 15 de diciembre de 2025 a las 23:59 hs.<\/li>\n<li><a href=\"https:\/\/drive.google.com\/file\/d\/1GMD3xnYUKZpapBsFeP4UR_FlX_cXVNmn\/view?usp=drive_link\">Convocatoria N\u00b010-26 Llamado 1 &#8211; TSGPAg. TECNICATURA SUPERIOR EN GESTI\u00d3N DE LA PRODUCCI\u00d3N AGROPECUARIA. Anexo Tecka.<\/a> (Biolog\u00eda, Ingl\u00e9s T\u00e9cnico , Matem\u00e1tica y Estad\u00edstica Aplicada, Tecnolog\u00edas de la Informaci\u00f3n y la Comunicaci\u00f3n , F\u00edsica Aplicada , Qu\u00edmica Agr\u00edcola , Morfofisiolog\u00eda Animal, Morfofisiolog\u00eda Vegetal , introducci\u00f3n a la Gesti\u00f3n de la Producci\u00f3n Agropecuaria). La convocatoria se extiende hasta el 15 de diciembre de 2025 a las 23:59 hs.<\/li>\n<li><a href=\"https:\/\/drive.google.com\/file\/d\/1vSsqN1D3wXkCNUVRjSol2R0eBFuRss6V\/view?usp=drive_link\">Convocatoria N\u00b09-26 Llamado 1 &#8211; TSPD.\u00a0 TECNICATURA SUPERIOR EN PERIODISMO DEPORTIVO. Anexo Trevelin.<\/a> (Sociolog\u00eda del Deporte, Historia del Deporte Mundial , Ingl\u00e9s T\u00e9cnico I , Teor\u00eda de la Comunicaci\u00f3n , Metodolog\u00eda de la Investigaci\u00f3n Period\u00edstica , Redacci\u00f3n Deportiva I , Comunicaci\u00f3n Audiovisual I , Producci\u00f3n Radiof\u00f3nica , Pr\u00e1ctica Profesionalizante I (inicial)). La convocatoria se extiende hasta el 15 de diciembre de 2025 a las 23:59 hs\u00a0<\/li>\n<li><a href=\"https:\/\/drive.google.com\/file\/d\/1ebRJ6zbR44EpD8gXc1v6js9AvvjAb7b-\/view?usp=drive_link\">Convocatoria N\u00b08-26 Llamado 1 &#8211; TSEPSS. TECNICATURA SUPERIOR EN ECONOM\u00cdA POPULAR, SOCIAL Y SOLIDARIA. Anexo Trevelin. <\/a>(Cultura, trabajo, Estado y Sociedad ,\u00a0 Lectura, Escritura y Oralidad Acad\u00e9mica, Tecnolog\u00edas de la Informaci\u00f3n y la Comunicaci\u00f3n , Econom\u00eda Social para el Desarrollo Territorial , Grupos,Organizaci\u00f3n y equipos de trabajo, Pr\u00e1ctica Profesionalizante I). La convocatoria se extiende hasta el 15 de diciembre de 2025 a las 23:59 hs<\/li>\n<li><a href=\"https:\/\/drive.google.com\/file\/d\/11PPMwkh0SUSXRF1dK2Bnlm96XWxSaQYn\/view?usp=drive_link\">Convocatoria N\u00b06-26 Llamado 2 -PES en F\u00edsica. PROFESORADO DE EDUCACI\u00d3N SECUNDARIA EN F\u00cdSICA. Sede Esquel<\/a> (Laboratorio de Mec\u00e1nica (2do llamado) , Modelizaci\u00f3n Cient\u00edfica (2do llamado) , Producci\u00f3n de Textos Did\u00e1cticos en F\u00edsica (2do llamado) ). La convocatoria se extiende hasta el 15 de diciembre de 2025 a las 23:59 hs\u00a0<\/li>\n<li><a href=\"https:\/\/drive.google.com\/file\/d\/1S3tJJhdw4-dox4TxJMDilpohmNrAG0jx\/view?usp=drive_link\">Convocatoria N\u00b04 B-26 Llamado 2 &#8211; PEF. PROFESORADO DE EDUCACI\u00d3N F\u00cdSICA. Sede Esquel.<\/a> (Culturas de las Infancias y Aprendizaje (2\u00b0B) (2do llamado) , Educaci\u00f3n F\u00edsica Inclusiva y Diversidad Funcional (2\u00b0 B) (2do llamado) ). La convocatoria se extiende hasta el 15 de diciembre de 2025 a las 23:59 hs\u00a0<\/li>\n<li><a href=\"https:\/\/drive.google.com\/file\/d\/1xa-9eitoG5tqY6ASuK5VAsn7DmI_Kyuo\/view?usp=drive_link\">Convocatoria N\u00b04 A-26 Llamado 2 &#8211; PEF. PROFESORADO DE EDUCACI\u00d3N F\u00cdSICA. Sede Esquel<\/a> (Culturas de las Infancias y Aprendizaje (2\u00b0A) (2do llamado), Educaci\u00f3n F\u00edsica Inclusiva y Diversidad Funcional (2\u00b0 A) (2do llamado)). La convocatoria se extiende hasta el 15 de diciembre de 2025 a las 23:59 hs \u00a0<\/li>\n<li><a href=\"https:\/\/drive.google.com\/file\/d\/16xQ-3v8NnHW3q9gvgHVkxlUBSt6Vdw5v\/view?usp=drive_link\">Convocatoria N\u00b03-26 Llamado 2 &#8211; PET PROFESORADO DE EDUCACI\u00d3N TECNOL\u00d3GICA Sede Esquel<\/a> (Estudios sobre Antropolog\u00eda de la T\u00e9cnica y la Tecnolog\u00eda (2do llamado) ,\u00a0 Tecnolog\u00edas de Gesti\u00f3n (2do llamado) ,\u00a0 Tecnolog\u00eda y Mediaci\u00f3n T\u00e9cnica sobre los Materiales (2do llamado) ,\u00a0 Tecnolog\u00eda y Mediaci\u00f3n T\u00e9cnica sobre la Energ\u00eda (2do llamado) ). La convocatoria se extiende hasta el 15 de diciembre de 2025 a las 23:59 hs\u00a0<\/li>\n<li><a href=\"https:\/\/drive.google.com\/file\/d\/1lwycoC0V80uEjj0zde5JGIv0Dsq4ca2w\/view?usp=drive_link\">Convocatoria N\u00b02-26 Llamado 2 &#8211; TSGIC. TECNICATURA SUPERIOR EN GESTI\u00d3N INTEGRADA DE LA CALIDAD. Sede Esque<\/a>l (Generaci\u00f3n y Procesamiento de la Informaci\u00f3n (2do llamado) ,\u00a0 Planificaci\u00f3n Estrat\u00e9gica (2do llamado),\u00a0 Ingl\u00e9s T\u00e9cnico (2do llamado),\u00a0 Comercializaci\u00f3n Aplicada (2do llamado)). La convocatoria se extiende hasta el 15 de diciembre de 2025 a las 23:59 hs\u00a0<\/li>\n<li><a href=\"https:\/\/drive.google.com\/file\/d\/1iyJmthnrIEc14cgioGzgyGTFfIzEzyGv\/view?usp=drive_link\">Convocatoria N\u00b01-26 Llamado 1 &#8211; TSAPDL.\u00a0 Sede Esque<\/a>l (Pr\u00e1ctica Profesional II (El Planeamiento Participativo), Pol\u00edticas P\u00fablicas, Planeamiento Estrat\u00e9gico y Desarrollo Local, Derecho Administrativo, Econom\u00eda Local, Regional y Global, Problem\u00e1ticas Sociopol\u00edticas Contempor\u00e1neas, Contabilidad B\u00e1sica, Espacio de Definici\u00f3n Institucional 2 \u201cEstado de derecho y ciudadan\u00eda.\u201d)- La convocatoria se extiende hasta el 10 de noviembre de 2025 a las 23:59 hs .<\/li>\n<li><a href=\"https:\/\/drive.google.com\/file\/d\/17Ishq3PH5ZM8G5hfCLRGpwnnjitxUSAD\/view?usp=drive_link\">Convocatoria N\u00b02-26 Llamado 1 &#8211; TSGIC. Sede Esque<\/a>l (Probabilidad y Estad\u00edstica, Generaci\u00f3n y Procesamiento de la Informaci\u00f3n, Planificaci\u00f3n Estrat\u00e9gica, Gesti\u00f3n de Calidad Total, Ingl\u00e9s T\u00e9cnico, Gesti\u00f3n Ambiental, Metrolog\u00eda, Costos de Calidad, Comercializaci\u00f3n Aplicada) La convocatoria se extiende hasta el 10 de noviembre de 2025 a las 23:59 hs.<\/li>\n<li><a href=\"https:\/\/drive.google.com\/file\/d\/1iBH2WJp2Xu-Uuyjeib0IXMnMon4YZVpF\/view?usp=drive_link\">Convocatoria N\u00b03-26 Llamado 1 &#8211; PET. Anexo Trevelin<\/a> (Historia y Pol\u00edtica de la Educaci\u00f3n Argentina, Educaci\u00f3n Digital, Educaci\u00f3n Sexual Integral, Sujetos del Aprendizaje I, Did\u00e1ctica de la Educaci\u00f3n Tecnol\u00f3gica I, Estudios sobre Antropolog\u00eda de la T\u00e9cnica y la Tecnolog\u00eda, Tecnolog\u00edas de Gesti\u00f3n, Tecnolog\u00eda y Mediaci\u00f3n T\u00e9cnica sobre los Materiales, Tecnolog\u00eda y Mediaci\u00f3n T\u00e9cnica sobre la Energ\u00eda, Pr\u00e1ctica Profesional Docente II). La convocatoria se extiende hasta el 10 de noviembre de 2025 a las 23:59 hs.<\/li>\n<li><a href=\"https:\/\/drive.google.com\/file\/d\/1Y4XVXSQvX-MVBQOpsIEGh8TQvqLT0N_O\/view?usp=drive_link\">Convocatoria N\u00b04 A-26 Llamado 1 &#8211; PEF.\u00a0 Sede Esquel<\/a> (Did\u00e1ctica General (2\u00b0 A), Historia y Pol\u00edtica de la Educaci\u00f3n Argentina (2\u00b0A), Educaci\u00f3n Sexual Integral (2\u00b0A), Culturas de las Infancias y Aprendizaje (2\u00b0A), Biolog\u00eda Celular (2\u00b0A), Did\u00e1ctica de las Pr\u00e1cticas Psicomotrices I (Atletismo, Gimnasia) (2\u00b0A), Did\u00e1ctica de las Pr\u00e1cticas Sociomotrices I (H\u00e1ndball, B\u00e1squetbol, V\u00f3leibol) (2\u00b0A), Educaci\u00f3n F\u00edsica Inclusiva y Diversidad Funcional (2\u00b0 A), Did\u00e1ctica de la Educaci\u00f3n F\u00edsica en las Infancias (2\u00b0 A), Taller de Integraci\u00f3n II (2\u00b0 A), Pr\u00e1ctica Profesional Docente II (2\u00b0A)). La convocatoria se extiende hasta el 10 de noviembre de 2025 a las 23:59 hs.<\/li>\n<li><a href=\"https:\/\/drive.google.com\/file\/d\/1ZipyK0QIQdEizAW0FoJAEhV4Qgmq0f-4\/view?usp=drive_link\">Convocatoria N\u00b04 B-26 Llamado 1 &#8211; PEF. Sede Esquel<\/a> (Did\u00e1ctica General (2\u00b0 B), Historia y Pol\u00edtica de la Educaci\u00f3n Argentina (2\u00b0B), Educaci\u00f3n Sexual Integral (2\u00b0B), Culturas de las Infancias y Aprendizaje (2\u00b0B), Biolog\u00eda Celular (2\u00b0B), Did\u00e1ctica de las Pr\u00e1cticas Psicomotrices I (Atletismo, Gimnasia) (2\u00b0B), Did\u00e1ctica de las Pr\u00e1cticas Sociomotrices I (H\u00e1ndball, B\u00e1squetbol, V\u00f3leibol) (2\u00b0B), Educaci\u00f3n F\u00edsica Inclusiva y Diversidad Funcional (2\u00b0 B), Did\u00e1ctica de la Educaci\u00f3n F\u00edsica en las Infancias (2\u00b0 B), Taller de Integraci\u00f3n II (2\u00b0 B), Pr\u00e1ctica Profesional Docente II (2\u00b0B). La convocatoria se extiende hasta el 10 de noviembre de 2025 a las 23:59 hs<\/li>\n<li><a href=\"https:\/\/drive.google.com\/file\/d\/1BqjBMxbVHPLAcOgrtGrP6SlhdxHl3rZe\/view?usp=drive_link\">Convocatoria N\u00b05-26 Llamado 1 &#8211; PES en Biolog\u00eda. Anexo Trevelin<\/a> (Educaci\u00f3n y TIC, F\u00edsica Biol\u00f3gica QUEDA SIN EFECTO EL LLAMADO PARA FISICA BIOL\u00d3GICA) La convocatoria se extiende hasta el 10 de noviembre de 2025 a las 23:59 hs<\/li>\n<li><a href=\"https:\/\/drive.google.com\/file\/d\/1nS7R5Q1DO1p8fNUXPX6alXfqS4K89Clx\/view?usp=drive_link\">Convocatoria N\u00b06-26 Llamado 1 -PES en F\u00edsica. Sede Esquel<\/a>(Laboratorio de Mec\u00e1nica, Modelizaci\u00f3n Cient\u00edfica, Producci\u00f3n de Textos Did\u00e1cticos en F\u00edsica) La convocatoria se extiende hasta el 10 de noviembre de 2025 a las 23:59 hs\u00a0<\/li>\n<li><a href=\"https:\/\/drive.google.com\/file\/d\/1kYHDILm1ydEtgo8vwehMmNvE7hOJTOHF\/view?usp=drive_link\">Convocatoria N\u00b07-26 Llamado 1 -PES en Qu\u00edmica. Sede Esquel<\/a> (Sujetos del Aprendizaje) La convocatoria se extiende hasta el 10 de noviembre de 2025 23:59 hs\u00a0\u00a0 \u00a0 \u00a0 \u00a0 \u00a0 \u00a0 \u00a0 \u00a0 \u00a0 \u00a0 \u00a0 \u00a0 \u00a0 \u00a0 \u00a0 \u00a0 \u00a0 \u00a0 \u00a0 \u00a0 \u00a0 \u00a0 \u00a0 \u00a0 \u00a0 \u00a0 \u00a0 \u00a0 \u00a0 \u00a0 \u00a0 \u00a0 \u00a0 \u00a0 \u00a0 \u00a0 \u00a0 \u00a0 \u00a0 \u00a0 \u00a0 \u00a0 \u00a0 \u00a0 \u00a0 \u00a0 \u00a0 \u00a0 \u00a0 \u00a0 \u00a0 \u00a0 \u00a0 \u00a0 \u00a0 \u00a0 \u00a0 \u00a0 \u00a0 \u00a0 \u00a0 \u00a0 \u00a0 \u00a0 \u00a0 \u00a0 \u00a0 \u00a0 \u00a0 \u00a0 \u00a0 \u00a0 \u00a0 \u00a0 \u00a0 \u00a0 \u00a0 \u00a0 \u00a0 \u00a0 \u00a0 \u00a0 \u00a0 \u00a0 \u00a0 \u00a0 \u00a0 \u00a0 \u00a0 \u00a0 \u00a0 \u00a0 \u00a0 \u00a0 \u00a0 \u00a0 \u00a0 \u00a0 \u00a0 \u00a0 \u00a0 \u00a0 \u00a0 \u00a0 \u00a0 \u00a0 \u00a0 \u00a0 \u00a0 \u00a0 \u00a0 <strong>2026<\/strong><\/li>\n<li><a href=\"https:\/\/drive.google.com\/file\/d\/10ZPky48g-UHNExp24tujaqzKKgzy2HV0\/view?usp=drive_link\">Convocatoria N\u00b030-25 Llamado 3 -Coordinaci\u00f3n de TSGIC. Sede Esquel<\/a>. <b>La convocatoria se extiende hasta el 22 de septiembre de 2025.<\/b><\/li>\n<li><a href=\"https:\/\/drive.google.com\/file\/d\/1hJ4TwDWXgeRBgCRW7tj7rtAURL-Wn367\/view?usp=drive_link\">Convocatoria N\u00b049-25 Llamado 1 -Coordinaci\u00f3n de Matem\u00e1tica.\u00a0Sede Esquel.<\/a> <b>La convocatoria se extiende hasta el 22 de septiembre de 2025.<\/b><\/li>\n<li><a href=\"https:\/\/drive.google.com\/file\/d\/1MMEqVd1z1qEu1B1kwuEPxQc44UZeh_tq\/view?usp=drive_link\">Convocatoria N\u00b048-25 Llamado 1 &#8211; Anexo Trevelin<\/a>. P. EDUCACI\u00d3N TECNOL\u00d3GICA. (Did\u00e1ctica General) <b>La convocatoria se extiende hasta el 24 de agosto\u00a0 de 2025 a las 23:59 hs<\/b><\/li>\n<li><a href=\"https:\/\/drive.google.com\/file\/d\/1F1F1vqm_2n3_3lOK3IOVGdrL6OSXuckq\/view?usp=drive_link\">Convocatoria N\u00b046-25 Llamado 2 -PES en F\u00edsica.\u00a0Sede Esquel.<\/a> (Electromagnetismo, F\u00edsica Moderna y Contempor\u00e1nea) <b>La convocatoria se extiende hasta el 24 de agosto\u00a0 de 2025 a las 23:59 hs<\/b><\/li>\n<li><a href=\"https:\/\/drive.google.com\/file\/d\/1t5KDe23AR00bT2Kz2nk8pqfDHevhm_0v\/view?usp=drive_link\">Convocatoria N\u00b045-25 Llamado 2 -PES en Matem\u00e1tica<\/a>. Sede Esquel. (<b style=\"font-size: revert;\">An\u00e1lisis Matem\u00e1tico) La convocatoria se extiende hasta el\u00a0 20 de agosto de 2025 23:59 hs<\/b><\/li>\n<li><a href=\"https:\/\/drive.google.com\/file\/d\/1zTrxlwcsGb62RYxUcCHaoduJsUmaGDBG\/view?usp=drive_link\">Convocatoria N\u00b040-25 Llamado 2 -PES en F\u00edsica<\/a>. Sede Esquel. (Producci\u00f3n de Textos Did\u00e1cticos en F\u00edsica). <b>La convocatoria se extiende hasta el 17 de agosto\u00a0 de 2025 a las 23:59 hs<\/b><\/li>\n<li><a href=\"https:\/\/drive.google.com\/file\/d\/1EtIu9GqVTMRpKf3n5Vm476IFQ4kgC1EQ\/view?usp=drive_link\">Convocatoria N\u00b044-25 Llamado 2 -PES en Qu\u00edmica_F\u00edsica<\/a>. Sede Esquel.(<b><b>F\u00edsica B\u00e1sica) <\/b><\/b><b style=\"font-size: revert;\">La convocatoria se extiende hasta el 17 de agosto de 2025 23:59 hs<\/b><\/li>\n<li><a href=\"https:\/\/drive.google.com\/file\/d\/1uScByQRIhNw0XtWcDZ5NEuhRAj2IrD7X\/view?usp=drive_link\">Convocatoria N\u00b0 43-25 Llamado 2 -Actualizaci\u00f3n Acad\u00e9mica en maestro de acompa\u00f1amiento a las trayectorias en escuelas de educaci\u00f3n inicial\/primaria. <\/a><a href=\"https:\/\/drive.google.com\/file\/d\/1uScByQRIhNw0XtWcDZ5NEuhRAj2IrD7X\/view?usp=drive_link\">.<\/a> <b style=\"font-size: revert;\">La convocatoria se extiende hasta el 17 de agosto de 2025 23:59 hs<\/b><\/li>\n<li><a href=\"https:\/\/drive.google.com\/file\/d\/1HqDPkeTFQFeVHcY5hbD3Ka9YTnm7mL8X\/view?usp=drive_link\">Convocatoria N\u00b044-25 Llamado 1 -Sede Esquel<\/a> PES en Qu\u00edmica_F\u00edsica. (<b>F\u00edsica B\u00e1sica<\/b>)<\/li>\n<li><a href=\"https:\/\/drive.google.com\/file\/d\/17oweDey0Q9AFIpcyBmxX49FNFNMlOKkA\/view?usp=drive_link\">Convocatoria N\u00b0 43-25 Llamado 1 &#8211; Sede Esquel<\/a> ACTUALIZACI\u00d3N ACAD\u00c9MICA. (<b>M\u00d3DULO 1: MARCO POL\u00cdTICO EDUCATIVO PARA LA CONSTRUCCI\u00d3N\u00a0 DEL ROL DE MAESTRO DE APOYO A LAS TRAYECTORIAS)\u00a0<\/b><\/li>\n<li><a href=\"https:\/\/drive.google.com\/file\/d\/1-8uFISFaCeDKP9Vp9Kyv8pa_Wcuxm4Hy\/view?usp=drive_link\">Convocatoria N\u00b042-25 Llamado 2 &#8211; Sede Esquel<\/a> PES en Qu\u00edmica_F\u00edsica_Matem\u00e1tica. (<b style=\"font-size: revert;\">Sociolog\u00eda de la Educaci\u00f3n (2do llamado),\u00a0<\/b><\/li>\n<li><a href=\"https:\/\/drive.google.com\/file\/d\/10BMP6RyBKfwdh0MutGt9mZcsHydVVNvP\/view?usp=drive_link\">Convocatoria N\u00b042-25 Llamado 1 &#8211; Sede Esquel.<\/a> PES en Qu\u00edmica_F\u00edsica_Matem\u00e1tica. (<b>Sociolog\u00eda de la Educaci\u00f3n). La convocatoria se extiende hasta el 27 de julio de 2025 23:59 hs.<\/b><\/li>\n<li><a href=\"https:\/\/drive.google.com\/file\/d\/19CBaVuHfeG9wKbKLl-lizWM1dM-kKcT5\/view?usp=drive_link\">Convocatoria N\u00b041-25 Llamado 1 &#8211; Sede Esquel<\/a>. PES en Qu\u00edmica_F\u00edsica. (<b>Did\u00e1ctica General) La convocatoria se extiende hasta el 27 de julio de 2025 23:59 hs.<\/b><\/li>\n<li><a href=\"https:\/\/drive.google.com\/file\/d\/1Fy6dfN3fpNtrBjVogd01v82TjzTzECEr\/view?usp=drive_link\">Convocatoria N\u00b040-25 Llamado 1 -PES en F\u00edsica.<\/a> Sede Esquel. (Producci\u00f3n de Textos Did\u00e1cticos en F\u00edsica). La convocatoria se extiende hasta el 30 de junio de 2025 a las 23:59 hs.\u00a0<\/li>\n<li><a href=\"https:\/\/drive.google.com\/file\/d\/164JDZz5mDPzVSq3K7yhOqFihPp9TFZtu\/view?usp=drive_link\">Convocatoria N\u00b039-25 Llamado 1- PES en Biolog\u00eda.<\/a> Anexo Trevelin. (<b style=\"font-size: revert;\">Matem\u00e1tica).\u00a0 La convocatoria se extiende hasta el 30 de junio de 2025 a las 23:59 hs\u00a0<\/b><\/li>\n<li><b><a href=\"https:\/\/drive.google.com\/file\/d\/1_icZsdnOxAp6xlM_0-TQqU9k-rvONsnX\/view?usp=drive_link\">CONVOCATORIA PARA COBERTURA DE LA BEDEL\u00cdA SEDE ESQUEL<\/a> &#8211; <span style=\"font-weight: 400;\">Plazo l\u00edmite 13\/06\/25 20:00 hs.<\/span><\/b><\/li>\n<li><a href=\"https:\/\/drive.google.com\/file\/d\/1sgTZB0hHSjGPNcX-gXPAOyqaEJfVSHko\/view?usp=drive_link\">Convocatoria N\u00b036-25 Llamado 2 &#8211; Anexo Trevelin<\/a> <b>PROFESORADO DE EDUCACI\u00d3N SECUNDARIA EN ECONOM\u00cdA. Asignatura:\u00a0<\/b><b>Marketing y Comercializaci\u00f3n. <\/b><b>La convocatoria se extiende hasta el 25 de mayo de 2025 23:59 hs.<\/b><\/li>\n<li><a href=\"https:\/\/drive.google.com\/file\/d\/1wBYNk43PQOpOz_yR9Q3CIGKTNNDJZLt8\/view?usp=drive_link\">Convocatoria N\u00b037-25 Llamado 1<\/a>&#8211; Sede Esquel. <b>TECNICATURA SUPERIOR EN GESTI\u00d3N ADMINISTRATIVA ORIENTADA A LA PRODUCCI\u00d3N.\u00a0<\/b><span style=\"font-weight: 400;\">Asignatura: A<\/span><b><b>dministraci\u00f3n de Recursos Humanos. <\/b><\/b><b style=\"font-size: revert;\">La convocatoria se extiende hasta el 18 de mayo de 2025 a las 23:59 hs.<\/b><\/li>\n<li>\n<p><b><\/b><a href=\"https:\/\/drive.google.com\/file\/d\/16i5J0p39yTavJzzvjcWaA8OWCTFes8_j\/view?usp=drive_link\">Convocatoria N\u00b036-25 Llamado 1<\/a> &#8211; Anexo Trevelin. <b>PROFESORADO DE EDUCACI\u00d3N SECUNDARIA EN ECONOM\u00cdA. Asignatura:\u00a0<\/b><b>Marketing y Comercializaci\u00f3n. <\/b><b>La convocatoria se extiende hasta el 18 de mayo de 2025 23:59 hs.<\/b><\/p>\n<\/li>\n<li>\n<p><b><\/b><a href=\"https:\/\/drive.google.com\/drive\/folders\/1T1YhbCYkIybn_saV8SCMSz3lsrnt-EJD?usp=drive_link\">Convocatoria N\u00b0 35-25 Llamado 1 &#8211; ACTUALIZACI\u00d3N ACAD\u00c9MICA en Estrategias de Ense\u00f1anza de las Matem\u00e1ticas.<\/a> Sede Esquel. La convocatoria se extiende hasta el 04 de mayo de 2025 a las 23:59hs.<\/p>\n<\/li>\n<li><a href=\"https:\/\/drive.google.com\/file\/d\/1WJkJt0sVVU9ksUqLFMdC3i6FJ8eYgNJ8\/view?usp=drive_link\">Convocatoria N\u00b033-25 Llamado 3 -Coordinaci\u00f3n de Gal\u00e9s. Anexo Trevelin<\/a>. La convocatoria se extiende hasta el 04 de mayo de 2025 a las 23:00hs.<\/li>\n<li><a href=\"https:\/\/drive.google.com\/file\/d\/1IImGmoVkTch12WOh4NllKzi0idxF-keL\/view?usp=drive_link\">Convocatoria N\u00b030-25 Llamado 3 &#8211; Sede Esque<\/a>l Coordinaci\u00f3n de TSGIC.\u00a0 La convocatoria se extiende hasta el 04 de mayo de 2025 a las 23:00.<\/li>\n<li><a href=\"https:\/\/drive.google.com\/file\/d\/1OOLEeA6A0JzlwpjTzd2fg--Hzng6MsAZ\/view?usp=drive_link\">Convocatoria N\u00b034-25 Llamado 1 &#8211; Sede Esquel PES en Qu\u00edmica. La convocatoria se extiende hasta el 25 de abril de 2025 a las 23:59.<\/a><\/li>\n<li><a href=\"https:\/\/drive.google.com\/file\/d\/1Sy27JnT6Bun59IHBLAy0Z1r4JNAv_IfL\/view?usp=drive_link\">Convocatoria N\u00b028-25 Llamado 2 &#8211; Sede Esquel<\/a> Coordinaci\u00f3n de F\u00edsica. La convocatoria se extiende hasta el 20 de abril de 2025 a las 18hs.<\/li>\n<li><a href=\"https:\/\/drive.google.com\/file\/d\/1Xq9MaxE1RZ8i_PktrCQpX8KkxagkVVGf\/view?usp=drive_link\">Convocatoria N\u00b030-25 Llamado 2 &#8211; Sede Esquel<\/a> Coordinaci\u00f3n de TSGIC. La convocatoria se extiende hasta el 20 de abril de 2025 a las 18hs.<\/li>\n<li><a href=\"https:\/\/drive.google.com\/file\/d\/1WL7S18cXtebMH-5_0ZtEnIMYsMZCW0Iy\/view?usp=drive_link\">Convocatoria N\u00b031-25 Llamado 2 &#8211; Sede Esquel<\/a> Coordinaci\u00f3n de TSAPDL. La convocatoria se extiende hasta el 20 de abril de 2025 a las 18hs.<\/li>\n<li><a href=\"https:\/\/drive.google.com\/file\/d\/1f-lhtpdVFfe0ZIS7l57rkTL_dJqLY4tn\/view?usp=drive_link\">Convocatoria N\u00b032-25 Llamado 2 &#8211; Anexo Treveli<\/a>n Coordinaci\u00f3n de Tecnolog\u00eda. La convocatoria se extiende hasta el 20 de abril de 2025 a las 18hs.<\/li>\n<li><a href=\"https:\/\/drive.google.com\/file\/d\/1hgMOHfCVGit3VubbQbXnZZbTzabHTh6d\/view?usp=drive_link\">Convocatoria N\u00b033-25 Llamado 2 &#8211; Anexo Trevelin<\/a> Coordinaci\u00f3n de Gal\u00e9s. La convocatoria se extiende hasta el 20 de abril de 2025 a las 18hs.<\/li>\n<li><a href=\"https:\/\/drive.google.com\/file\/d\/1cSMYXCX5L4LjTiv4SD-o2JeTpm63eFjL\/view?usp=drive_link\">Convocatoria N\u00b027-25 Llamado 2 -Anexo Trevelin<\/a> PES en Econom\u00eda. La convocatoria se extiende hasta el 06 de abril de 2025 a las 23:59 hs.\u00a0<\/li>\n<li><a href=\"https:\/\/drive.google.com\/file\/d\/1Hl6z7tTPa0PB4QRMxHCyseMgWGQFg3es\/view?usp=drive_link\">Convocatoria N\u00b032-25 Llamado 1 -Anexo Trevelin<\/a> Coordinaci\u00f3n de Tecnolog\u00eda. La convocatoria se extiende hasta el 09 de abril de 2025 a las\u00a0 18 hs<\/li>\n<li><a href=\"https:\/\/drive.google.com\/file\/d\/1pksAzFzlOryyqckuX6YbqFl6LY4WJkYE\/view?usp=drive_link\">Convocatoria N\u00b031-25 Llamado 1 -Sede Esquel<\/a> Coordinaci\u00f3n de TSAPDL. La convocatoria se extiende hasta el 09 de abril de 2025 a las 18 hs<\/li>\n<li><a href=\"https:\/\/drive.google.com\/file\/d\/1p0CriiRAhQnq-gkOz1gip21iyd-DabA_\/view?usp=drive_link\">Convocatoria N\u00b030-25 Llamado 1 -Sede Esquel<\/a> Coordinaci\u00f3n de TSGIC. La convocatoria se extiende hasta el 09 de abril de 2025 a las 18 hs<\/li>\n<li><a href=\"https:\/\/drive.google.com\/file\/d\/1N3uBp0SGKxzv84KAyuUz7NEDvrQSX6Jf\/view?usp=drive_link\">Convocatoria N\u00b029-25 Llamado 1 -Sede Esquel<\/a> Coordinaci\u00f3n de Educaci\u00f3n F\u00edsica. La convocatoria se extiende hasta el 09 de abril de 2025 a las 18 hs<\/li>\n<li><a href=\"https:\/\/drive.google.com\/file\/d\/1TssXXAZgfVLgUH5OJou_ZkoDIK27kxQw\/view?usp=drive_link\">Convocatoria N\u00b028-25 Llamado 1 -Sede Esquel<\/a> Coordinaci\u00f3n de F\u00edsica. La convocatoria se extiende hasta el 09 de abril de 2025 a las 23:59 hs.<\/li>\n<li><a href=\"https:\/\/drive.google.com\/file\/d\/1mYw5VfIgTE40c34Bnj3g-2ak0JFj-mK3\/view?usp=drive_link\">Convocatoria N\u00b015-25 Llamado 2 &#8211; Anexo Trevelin<\/a> PEIGal\u00e9s. La convocatoria se extiende hasta el 04 de abril de 2025 a las 23:59 hs.<\/li>\n<li><a href=\"https:\/\/drive.google.com\/file\/d\/1xXptvBH3iB_HF4xTRQWZRVXYAfPcnBMc\/view?usp=drive_link\">Convocatoria N\u00b027-25 Llamado 1 &#8211; Anexo Trevelin<\/a> ECO. La convocatoria se extiende hasta el 30 de marzo a las 23:53.\u00a0<\/li>\n<li><a href=\"https:\/\/drive.google.com\/file\/d\/1bVbzM2YTpQV1ninh5FBSE9DeqWguNp9I\/view?usp=drive_link\">Convocatoria N\u00b025-25 Llamado 2 &#8211; Sede Esquel<\/a> FIS_QUI_MATE. La convocatoria se extiende hasta el 30 de marzo de 2025 a las 23:53 hs<\/li>\n<li><a href=\"https:\/\/drive.google.com\/file\/d\/1NS1WQ114YhT16vYz4ZPZM1HWNMGIfhRt\/view?usp=drive_link\">LLAMADO COORD. ANEXO TREVELIN 2025<\/a>. La convocatoria se extiende hasta el 10 de abril de 2025<\/li>\n<li><a href=\"https:\/\/drive.google.com\/file\/d\/1HFg9j8LQNuYdBccb7_S9UJ4DhZdxf94N\/view?usp=drive_link\">Convocatoria N\u00b025-25 Llamado 1 &#8211; Sede Esquel<\/a>\u00a0Prof. de F\u00edsica, Qu\u00edmica y Matem\u00e1tica. <b>La convocatoria se extiende hasta el 21 de marzo de 2025 a las 18:00 hs<\/b><\/li>\n<li><a href=\"https:\/\/drive.google.com\/file\/d\/1ktacCwt2uvDKL3ZS80q__qd_BPP5fXmZ\/view?usp=drive_link\">Convocatoria N\u00b024-25 Llamado 1 &#8211; Sede Esquel<\/a>\u00a0Prof. de F\u00edsica. <b>La convocatoria se extiende hasta el 21 de marzo de 2025 a las 18:00 hs<\/b><\/li>\n<li><a href=\"https:\/\/drive.google.com\/file\/d\/1_KQXVUVtk2efyXlYwFwtCtOx2sAJkIS6\/view?usp=drive_link\">Convocatoria N\u00b023-25 Llamado 1 &#8211; Anexo Trevelin<\/a> PES en Qu\u00edmica <b>La convocatoria se extiende hasta el 21 de marzo de 2025 a las 18:00 hs<\/b><\/li>\n<li><a href=\"https:\/\/drive.google.com\/file\/d\/1tKUsRW2-dKqO5S-G6Z5GmbIvOsXiyVSl\/view?usp=drive_link\">Convocatoria N\u00b010 A-25 Llamado 2 bis &#8211; Sede Esquel<\/a> Prof. de Educ. F\u00edsica Orientado en el Medio Ambiente Nat.\u00a0<b>La convocatoria se extiende\u00a0hasta el 16 de marzo de 2025 a las 18:00 hs<\/b><\/li>\n<li><a href=\"https:\/\/drive.google.com\/file\/d\/1qTi8O0dW0PDlzfxOHCCYVWTlAndZZ2pb\/view?usp=drive_link\">Convocatoria N\u00b010 B-25 Llamado 2 bis &#8211; Sede Esquel<\/a> Prof. de Educ. F\u00edsica Orientado en el Medio Ambiente Nat.\u00a0<b>La convocatoria se extiende hasta el 16 de marzo de 2025 a las 18:00 hs<\/b><\/li>\n<li><a href=\"https:\/\/drive.google.com\/file\/d\/1IkqpSzppNHKy7bMXJyM-FHgxUCiOVelF\/view?usp=drive_link\">Convocatoria N\u00b06-25 Llamado 2 bis &#8211; Sede Esquel<\/a> Tecn. Sup. en Gesti\u00f3n Int. de la Calidad. La convocatoria se extiende hasta el 16 de marzo de 2025 a las 18:00 hs.<\/li>\n<li><a href=\"https:\/\/drive.google.com\/file\/d\/1qRFh-VSV1joBcpzVMhBRAi45TBzOYEc_\/view?usp=drive_link\">Convocatoria N\u00b021-25 Llamado 1 &#8211; Sede Esquel<\/a> PES en Qu\u00edmica\u00a0<strong>Plazo de presentaci\u00f3n 16 de marzo de 2025 a las 18:00hs.<\/strong><\/li>\n<li><a href=\"https:\/\/drive.google.com\/file\/d\/1rqxqxQ8CsdcYY23sLbw7fgWn2ZUkjNuL\/view?usp=drive_link\">Convocatoria N\u00b022-25 Llamado 1 &#8211; Anexo Trevelin<\/a> Prof. de Economia\u00a0<b>La convocatoria se extiende hasta el 16 de marzo de 2025 a las 18:00 hs<\/b><\/li>\n<li><a href=\"https:\/\/drive.google.com\/file\/d\/1IjJMZYi9kCfz9l4ZrE4VGZrf5CBEXH2H\/view?usp=drive_link\">Convocatoria N\u00b0 19-25 Llamado 2 &#8211; Sede Esquel<\/a> TS en Entrenamiento Deportivo. La convocatoria se extiende hasta el 16 de marzo de 2025 a las 18:00 hs<\/li>\n<li><a href=\"https:\/\/drive.google.com\/file\/d\/1LuwRBSJuIApcrccwWbe3cT3kAOTubZoW\/view?usp=drive_link\">Convocatoria N\u00b010 B-25 Llamado 2 bis- Sede Esquel<\/a>\u00a0Prof. de Educ. F\u00edsica Orientado en el Medio Ambiente Nat. <b>La convocatoria se extiende hasta el 9 de marzo de 2025 a las 18:00 hs<\/b><\/li>\n<li><a href=\"https:\/\/drive.google.com\/file\/d\/1DAKLhfTQoHG9zwN55LbLN4OFBnnySUD5\/view?usp=drive_link\">Convocatoria N\u00b010 A-25 Llamado 2 bis- Sede Esquel<\/a>\u00a0Prof. de Educ. F\u00edsica Orientado en el Medio Ambiente Nat. <b>La convocatoria se extiende hasta el 9 de marzo de 2025 a las 18:00 hs<\/b><\/li>\n<li><a href=\"https:\/\/drive.google.com\/file\/d\/1ggDibXzbMWEKs6i8R4aCrj28Iy6glkxq\/view?usp=drive_link\">Convocatoria N\u00b0 20-25 Llamado 1 &#8211; Anexo Trevelin<\/a>\u00a0PES en Biolog\u00eda. <b>La convocatoria se extiende hasta el 9 de marzo de 2025 a las 18:00 hs<\/b><\/li>\n<li><a href=\"https:\/\/drive.google.com\/file\/d\/13JOZBRtYt0tXHEojVX0M6thKr7A8DaIb\/view?usp=drive_link\">Convocatoria N\u00b0 19-25 Llamado 1 &#8211; Sede Esquel<\/a>\u00a0TS en Entrenamiento Deportivo. <b>La convocatoria se extiende hasta el 9 de marzo de 2025 a las 18:00 hs<\/b><\/li>\n<li><a href=\"https:\/\/drive.google.com\/file\/d\/13gSaoSHwjsqXikG5ezWwZq9vS3EBsRA2\/view?usp=drive_link\">Convocatoria N\u00b018-25 Llamado 1 &#8211; Anexo Trevelin<\/a> Prof. de Economia <b>La convocatoria se extiende hasta el 5 de marzo de 2025 a las 18:00 hs<\/b><\/li>\n<li><a href=\"https:\/\/drive.google.com\/file\/d\/1T2m92r3gsm8sQIzrD1Baw0LXxoyXDbOP\/view?usp=drive_link\">Convocatoria N\u00b017-25 Llamado 1 &#8211; Sede Esquel<\/a> Prof. de F\u00edsica, Qu\u00edmica y Matem\u00e1tica. <b>La convocatoria se extiende hasta el 5 de marzo de 2025 a las 18:00 hs<\/b><\/li>\n<li><a href=\"https:\/\/drive.google.com\/file\/d\/1HfOZTzf61G1Hzz8eUDb_3aLtI4leM_v1\/view?usp=drive_link\">Convocatoria N\u00b016-25 Llamado 1 -Sede Esquel<\/a>\u00a0Tecn. Sup. en Adm. P\u00fab. Orientada al Desarrollo Local. <b>La convocatoria se extiende hasta el 5 de marzo de 2025 a las 18:00 hs<\/b><\/li>\n<li><a href=\"https:\/\/drive.google.com\/file\/d\/1RhtF2eHzv4kXqPJGH0kF0CRJRrBBGRVP\/view?usp=drive_link\">Convocatoria N\u00b015-25 Llamado 1 &#8211; Anexo Trevelin<\/a> Prof. de Ense\u00f1anza de Idioma Gal\u00e9s. <b>La convocatoria se extiende hasta el 5 de marzo de 2025 a las 18:00 hs<\/b><\/li>\n<li><a href=\"https:\/\/drive.google.com\/file\/d\/1-R4DoCDur-DnWMbzB9YZRYQbfoJ5nCvD\/view?usp=drive_link\">Convocatoria N\u00b010 B-25 Llamado 2 &#8211; Sede Esquel<\/a> Prof. de Educ. F\u00edsica Orientado en el Medio Ambiente Nat. <b>La convocatoria se extiende hasta el 5 de marzo de 2025 a las 18:00 hs<\/b><\/li>\n<li><a href=\"https:\/\/drive.google.com\/file\/d\/1qAnmFDjj54ZsUVAGvf2GzmqHZbiYDs5i\/view?usp=drive_link\">Convocatoria N\u00b010 A-25 Llamado 2 &#8211; Sede Esquel<\/a> Prof. de Educ. F\u00edsica Orientado en el Medio Ambiente Nat. <b>La convocatoria se extiende hasta el 5 de marzo de 2025 a las 18:00 hs<\/b><\/li>\n<li><a href=\"https:\/\/drive.google.com\/file\/d\/1WuhJLmvfewJHIL1d5uUCb4dSQtmx_BAB\/view?usp=drive_link\">Convocatoria N\u00b08-25 Llamado 3- Anexo Trevelin<\/a> PES en Biolog\u00eda. <b>La convocatoria se extiende hasta el 5 de marzo de 2025 a las 18:00 hs<\/b><\/li>\n<li><a href=\"https:\/\/drive.google.com\/file\/d\/1ZEsIvoJPm0osilSxJ8Yj8zExjqVsWG0w\/view?usp=drive_link\">Convocatoria N\u00b07-25 Llamado 3 &#8211; Anexo Trevelin<\/a> Prof. Educ. Tecnol\u00f3gica. <b>La convocatoria se extiende hasta el 5 de marzo de 2025 a las 18:00 hs<\/b><\/li>\n<li><a href=\"https:\/\/drive.google.com\/file\/d\/1DaB6v1ABcFaUhf5rGcSgVbjgw6KyVIFk\/view?usp=drive_link\">Convocatoria N\u00b06-25 Llamado 3 &#8211; Sede Esquel<\/a> Tecn. Sup. en Gesti\u00f3n Int. de la Calidad. <b>La convocatoria se extiende hasta el 5 de marzo de 2025 a las 18:00 hs<\/b><\/li>\n<li><a href=\"https:\/\/drive.google.com\/file\/d\/1aDzEecY-Gzy9UPTII9_JuFxVaHYRp_Wb\/view?usp=drive_link\">Convocatoria N\u00b05-25 Llamado 3 &#8211; Sede Esquel<\/a> Tecn. Sup. en Adm. P\u00fab. Orientada al Desarrollo Local. <b>La convocatoria se extiende hasta el 5 de marzo de 2025 a las 18:00 hs<\/b><\/li>\n<li><a href=\"https:\/\/drive.google.com\/file\/d\/1D8qTP3GdHBuzbeKajRBExvqzoZNECpt0\/view?usp=drive_link\">Convocatoria N\u00b02-25 Llamado 4 &#8211; Anexo Trevelin<\/a> Tecn. Sup. en Gesti\u00f3n Administrativa Orientada a la Producci\u00f3n. <b>La convocatoria se extiende hasta el 5 de marzo de 2025 a las 18:00 hs<\/b><\/li>\n<li><a href=\"https:\/\/drive.google.com\/file\/d\/1VI5tGaHzTE7YGOmJzP5-9zDVUhZNuPgb\/view?usp=drive_link\">Convocatoria N\u00b01-25 Llamado 4 &#8211; Sede Esquel<\/a> TS en Entrenamiento Deportivo. <b>La convocatoria se extiende hasta el 5 de marzo de 2025 a las 18:00 hs<\/b><\/li>\n<li><a href=\"https:\/\/drive.google.com\/file\/d\/1dwq8GX3i3fGUqffIf6LRNLovT4wkvDEX\/view?usp=drive_link\">Convocatoria N\u00b01 bis-25 Llamado 2 &#8211; Sede Esquel<\/a>\u00a0TS en Entrenamiento Deportivo. La convocatoria se extiende hasta el 8 de diciembre de 2024 a las 18:00 hs<\/li>\n<li><a href=\"https:\/\/drive.google.com\/file\/d\/15lAAjR8BPSMsmOBj5-eKpfGjt3sVlZWu\/view?usp=drive_link\">Convocatoria N\u00b014-25 Llamado 1 &#8211; Sede Esquel<\/a> PES en Matem\u00e1tica La convocatoria se extiende hasta el 8 de diciembre de 2024 a las 18:00 hs<\/li>\n<li><a href=\"https:\/\/drive.google.com\/file\/d\/1L-TmztT-cdpusnUU8tR4cYiHC6GDVIlw\/view?usp=drive_link\">Convocatoria N\u00b010 B-25 Llamado 1 &#8211; Sede Esque<\/a>l Prof. de Educ. F\u00edsica Orientado en el Medio Ambiente Nat. La convocatoria se extiende hasta el 8 de diciembre de 2024 a las 18:00 hs.<\/li>\n<li><a href=\"https:\/\/drive.google.com\/file\/d\/1ee7S3OnbL820RCZ_LhXG2bboA1NTXUny\/view?usp=drive_link\">Convocatoria N\u00b010 A-25 Llamado 1 &#8211; Sede Esquel<\/a> Prof. de Educ. F\u00edsica Orientado en el Medio Ambiente Nat. La convocatoria se extiende hasta el 8 de diciembre de 2024 a las 18:00 hs.<\/li>\n<li><a href=\"https:\/\/drive.google.com\/file\/d\/1uuWUAZa1lOeLUrceUNPvLhRa7PRzYikX\/view?usp=drive_link\">Convocatoria N\u00b09-25 Llamado 2 &#8211; TSED Sede Esquel<\/a> La convocatoria se extiende hasta el 8 de diciembre de 2024 a las 18:00 hs<\/li>\n<li><a href=\"https:\/\/drive.google.com\/file\/d\/1KS6KLGrwRkGFQkBYJkVRtfT5AUYw8ZG_\/view?usp=drive_link\">Convocatoria N\u00b08-25 Llamado 2 &#8211; PES en Biolog\u00eda Anexo Trevelin<\/a> La convocatoria se extiende hasta el 8 de diciembre de 2024 a las 18:00 hs<\/li>\n<li><a href=\"https:\/\/drive.google.com\/file\/d\/1zpLqEX23p7Crxzi8RFY81grVUJZENU19\/view?usp=drive_link\">Convocatoria N\u00b07-25 Llamado 2 &#8211; Anexo Trevelin<\/a> Prof. Educ. Tecnol\u00f3gica. La convocatoria se extiende hasta el 8 de diciembre de 2024 a las 18:00 hs<\/li>\n<li><a href=\"https:\/\/drive.google.com\/file\/d\/1xz55-FDwseetwH8N1K3BeLOl3kqs08Bz\/view?usp=drive_link\">Convocatoria N\u00b06-25 Llamado 2 &#8211; Sede Esquel<\/a> Tecn. Sup. en Gesti\u00f3n Int. de la Calidad. La convocatoria se extiende hasta el 8 de diciembre de 2024 a las 18:00 hs<\/li>\n<li><a href=\"https:\/\/drive.google.com\/file\/d\/1y21mGGHQ60rVyWD38fE6si_8aynlwYFL\/view?usp=drive_link\">Convocatoria N\u00b05-25 Llamado 2 &#8211; Sede Esquel<\/a> Tecn. sup. en Adm. P\u00fab. Orientada al Desarrollo Local. La convocatoria se extiende hasta el 8 de diciembre de 2024 a las 18:00 hs<\/li>\n<li><a href=\"https:\/\/drive.google.com\/file\/d\/1ZW14v6uGOzj-uJaKkS-cRJrYxdZKVqCR\/view?usp=drive_link\">Convocatoria N\u00b02-25 Llamado 3 &#8211; Sede Esquel<\/a> Tecn. sup. en Adm. P\u00fab. Orientada al Desarrollo Local. La convocatoria se extiende hasta el 8 de diciembre de 2024 a las 18:00 hs<\/li>\n<li><a href=\"https:\/\/drive.google.com\/file\/d\/1oUslHi2d9a0RW6Z6biTZQx16UOldJgUF\/view?usp=drive_link\">Convocatoria N\u00b01-25 Llamado 3 Sede Esquel<\/a> &#8211; TS en Entrenamiento Deportivo. La convocatoria se extiende hasta el 8 de diciembre de 2024 a las 18:00 hs<\/li>\n<li><a href=\"https:\/\/drive.google.com\/file\/d\/1QuTOUQnocNTzV_Wvy_nwGK83Gzivt9Lb\/view?usp=drive_link\">Convocatoria N\u00b05-25 Llamado 1 -Sede Esquel<\/a> Tecn. sup. en Adm. P\u00fab. Orientada al Desarrollo Local.\u00a0<strong>Plazo de presentaci\u00f3n<\/strong><strong> 18 de noviembre de 2024 a las 18:00hs.<\/strong><\/li>\n<li><a href=\"https:\/\/drive.google.com\/file\/d\/1M1qAc7aiyejhofx8PTrrkvB-5jr7adBU\/view?usp=drive_link\">Convocatoria N\u00b06-25 Llamado 1 -Sede Esquel<\/a> Tecn. Sup. en Gesti\u00f3n Int. de la Calidad. <strong>Plazo de presentaci\u00f3n<\/strong><strong> 18 de noviembre de 2024 a las 18:00hs.<\/strong><\/li>\n<li><a href=\"https:\/\/drive.google.com\/file\/d\/1BWQAXzij1qrMt8gRO1FWCwxWpDvcX6_w\/view?usp=drive_link\">Convocatoria N\u00b07-25 Llamado 1 -Anexo Trevelin<\/a> Prof. Educ. Tecnol\u00f3gica. <strong>Plazo de presentaci\u00f3n<\/strong><strong> 18 de noviembre de 2024 a las 18:00hs.<\/strong><\/li>\n<li><a href=\"https:\/\/drive.google.com\/file\/d\/1sDpmO-NTfqxI69DHAVj7b_UHV86hzpbq\/view?usp=drive_link\">Convocatoria N\u00b08-25 Llamado 1 &#8211; Anexo Trevelin<\/a> (PES Biolog\u00eda) <strong>Plazo de presentaci\u00f3n<\/strong><strong> 18 de noviembre de 2024 a las 18:00hs.<\/strong><\/li>\n<li><a href=\"https:\/\/drive.google.com\/file\/d\/1B4ltIZt5ST_Z3Yux1OiQAfT3458VBDHv\/view?usp=drive_link\">Convocatoria N\u00b09-25 Llamado 1 &#8211; Anexo Trevelin<\/a> TS en Gesti\u00f3n Adm. orient. a la Producci\u00f3n <strong>Plazo de presentaci\u00f3n 18 de noviembre de 2024 a las 18:00hs.<\/strong><\/li>\n<li><a href=\"https:\/\/drive.google.com\/file\/d\/1L5w2Lx1O2q6ByFv0RXRoIcdMDtcx0BoG\/view?usp=drive_link\">Convocatoria N\u00b01-25 Llamado 2 &#8211; Sede Esquel<\/a>\u00a0TS en Entrenamiento Deportivo. <strong>Plazo de presentaci\u00f3n 18 de noviembre de 2024 a las 18:00hs.<\/strong><\/li>\n<li><a href=\"https:\/\/drive.google.com\/file\/d\/1b9Xo14IbUoK-MQBleAnFcRcEGWRmRoU6\/view?usp=drive_link\">Convocatoria N\u00b02-25 Llamado 2 &#8211; Anexo Trevelin<\/a>\u00a0TS en Gesti\u00f3n Adm. orient. a la Producci\u00f3n <strong>Plazo de presentaci\u00f3n 18 de noviembre de 2024 a las 18:00hs.<\/strong><\/li>\n<li><a href=\"https:\/\/drive.google.com\/file\/d\/1sB9prseW2ambCunftHv2Mn3XmCKFkj6B\/view?usp=drive_link\">Convocatoria N\u00b04-25 Llamado 2 &#8211; Anexo Trevelin<\/a>\u00a0(PES Biolog\u00eda) <strong>Plazo de presentaci\u00f3n<\/strong><strong> 18 de noviembre de 2024 a las 18:00hs.<\/strong><\/li>\n<li><a href=\"https:\/\/drive.google.com\/file\/d\/1w44RJkrshMk5JnPXbblFGjxIsllibTk2\/view?usp=drive_link\">Convocatoria N\u00b012-25 Llamado 2- Sede Esquel<\/a>\u00a0(PES en F\u00edsica). <strong>Plazo de presentaci\u00f3n 24 de octubre de 2024 a las 18:00hs.<\/strong><\/li>\n<li><a href=\"https:\/\/drive.google.com\/file\/d\/1sf3A8d73BVm6yumuus1vxZVvFiickZHt\/view?usp=drive_link\">Convocatoria N\u00b011-25 Llamado 2 &#8211; Sede Esquel<\/a>\u00a0(PES MATEM\u00c1TICA) <strong>Plazo de presentaci\u00f3n 24 de octubre de 2024 a las 18:00hs.<\/strong><\/li>\n<li><a href=\"https:\/\/drive.google.com\/file\/d\/1iYXxKax_Hftoca6B0lqEZHBM6TsmYevS\/view?usp=drive_link\">Convocatoria N\u00b013-25 Llamado 1 -Sede Esquel<\/a>\u00a0PES en Qu\u00edmica <strong>Plazo de presentaci\u00f3n 21 de octubre de 2024 a las 18:00hs.<\/strong><\/li>\n<li><a href=\"https:\/\/drive.google.com\/file\/d\/1ygxoXvQKjg3pQa6Wo78tJ9Iw9vw178wk\/view?usp=drive_link\">Convocatoria N\u00b012-25 Llamado 1 -Sede Esquel<\/a>\u00a0PES en Qu\u00edmica <strong>Plazo de presentaci\u00f3n 21 de octubrede 2024 a las 18:00hs.<\/strong><\/li>\n<li><a href=\"https:\/\/drive.google.com\/file\/d\/1WXFgM_j4BrH6p8S6wyWg_3KfIrRfc-tr\/view?usp=drive_link\">Convocatoria N\u00b011-25 Llamado 1 -Sede Esquel<\/a>\u00a0(PES MATEM\u00c1TICA) <strong>Plazo de presentaci\u00f3n 21 de octubre de 2024 a las 18:00hs.<\/strong><\/li>\n<li><a href=\"https:\/\/drive.google.com\/file\/d\/1zegoBl9bIOl38s9mk1kckOjF49KUT80B\/view?usp=drive_link\">Convocatoria N\u00b04-25 Llamado 1 -Anexo Trevelin<\/a> (PES Biolog\u00eda) <strong>Plazo de presentaci\u00f3n<\/strong><strong> 28 de octubre de 2024 a las 18:00hs.<\/strong><\/li>\n<li><a href=\"https:\/\/drive.google.com\/file\/d\/1lBvp1-VlRqmMBc2NssDOScW0xcWYCu09\/view?usp=drive_link\">Convocatoria N\u00b03-25 Llamado 1 -Sede Esquel<\/a>\u00a0(PES MATEM\u00c1TICA) <strong>Plazo de presentaci\u00f3n 28 de octubre de 2024 a las 18:00hs.<\/strong><\/li>\n<li><a href=\"https:\/\/drive.google.com\/file\/d\/1hjdSEVf67MnMqEjgO97uAhYJNa02Pkq_\/view?usp=drive_link\">Convocatoria N\u00b02-25 Llamado 1 &#8211; Sede Esquel<\/a>\u00a0TS en Gesti\u00f3n Adm. orient. a la Producci\u00f3n <strong>Plazo de presentaci\u00f3n 28 de octubre de 2024 a las 18:00hs.<\/strong><\/li>\n<li><a href=\"https:\/\/drive.google.com\/file\/d\/1IufVCTf9IWcqWbaZHpZr2p3d_0HSjwxw\/view?usp=drive_link\">Convocatoria N\u00b01-25 Llamado 1 &#8211; Sede Esquel<\/a>\u00a0TS en Entrenamiento Deportivo. <strong>Plazo de presentaci\u00f3n 28 de octubre de 2024 a las 18:00hs.<\/strong><\/li>\n<li><a href=\"https:\/\/drive.google.com\/file\/d\/1lv5jle16Lmj-0ip44i96RKhQ0mrEwT_N\/view?usp=drive_link\">Convocatoria N\u00b028-24 Llamado 2 -Anexo Trevelin<\/a>\u00a0(PES Econom\u00eda) <strong>Plazo de presentaci\u00f3n 23 de agosto de 2024 a las 18:00 hs.<\/strong><\/li>\n<li><a href=\"https:\/\/drive.google.com\/file\/d\/1H5rV1u-jtGzwZ4uPrrt02ynuRSz50Bsv\/view?usp=drive_link\">Convocatoria N\u00b026-24 Llamado 2 -Anexo Trevelin<\/a>\u00a0(PES Biolog\u00eda) <strong>Plazo de presentaci\u00f3n<\/strong><strong> 26 de agosto de 2024 a las 18:00hs.<\/strong><\/li>\n<li><a href=\"https:\/\/drive.google.com\/file\/d\/1Hb3sbcmYQMx7JLrGwcUvkTF1_a4aAjde\/view?usp=drive_link\">Convocatoria N\u00b028-24 Llamado 1 -Anexo Trevelin<\/a>\u00a0(PES Econom\u00eda) <strong>Plazo de presentaci\u00f3n 20 de agosto de 2024 a las 18:00 hs.<\/strong><\/li>\n<li><a href=\"https:\/\/drive.google.com\/file\/d\/1mEyJKvj2dWLNT6gzPJooi3uNOphC8cqC\/view?usp=drive_link\">Convocatoria N\u00b026-24 Llamado 1 -Anexo Trevelin<\/a> (PES Biolog\u00eda) <strong>Plazo de presentaci\u00f3n<\/strong><strong>\u00a01 de agosto de 2024 a las 18:00hs.<\/strong><\/li>\n<li><a href=\"https:\/\/drive.google.com\/file\/d\/18BbNwMjuohGTY1UZsqmJFrurgSSWdPLW\/view?usp=drive_link\">Convocatoria N\u00b027-24 Llamado 1 -Sede Esquel<\/a>\u00a0(PES MATEM\u00c1TICA Y FISICA) <strong>Plazo de presentaci\u00f3n 1 de agosto de 2024 a las 18:00hs.<\/strong><\/li>\n<li><a href=\"https:\/\/drive.google.com\/file\/d\/1iVYWUAJ-EKrarwrKrJL5cMObvdygTyvs\/view?usp=drive_link\">Convocatoria N\u00b025-24 Llamado 1 -Sede Esquel<\/a>\u00a0PES en Qu\u00edmica <strong>Plazo de presentaci\u00f3n 5 de julio de 2024 a las 18:00hs.<\/strong><\/li>\n<li><a href=\"https:\/\/drive.google.com\/file\/d\/1toCNuaULcN2IDe083dtqHRYIKAfGuaRk\/view?usp=drive_link\">Convocatoria N\u00b024-24 Llamado 3 -Anexo Trevelin<\/a>\u00a0TS en Gesti\u00f3n Adm. orient. a la Producci\u00f3n <strong>Plazo de presentaci\u00f3n 4 de julio de 2024 a las 18:00hs.<\/strong><\/li>\n<li><a href=\"https:\/\/drive.google.com\/file\/d\/1wFIX1FFvCE7dyFmaggJZUS5ISP26oqGA\/view?usp=drive_link\">Convocatoria N\u00b023-24 Llamado 3 -Anexo Trevelin<\/a>\u00a0(PES Econom\u00eda) <strong>Plazo de presentaci\u00f3n 4 de julio de 2024 a las 18:00hs.<\/strong><\/li>\n<li><a href=\"https:\/\/drive.google.com\/file\/d\/1BU6_3WofFJnwaQduKH0xJa4I4_Lsbwmy\/view?usp=drive_link\">Convocatoria N\u00b017-24 Llamado 5 -Sede Esquel<\/a>\u00a0(PES en F\u00edsica). <strong>Plazo de presentaci\u00f3n 5 de julio de 2024 a las 18:00hs.<\/strong><\/li>\n<li><a href=\"https:\/\/drive.google.com\/file\/d\/1LIUuTHerPlOtUz8QjkOZXbt6-TLWnTkk\/view?usp=drive_link\">Convocatoria N\u00b023-24 Llamado 2 -Anexo Trevelin<\/a> (PES Econom\u00eda) <strong>Plazo de presentaci\u00f3n 24 de junio de 2024 a las 18:00hs.<\/strong><\/li>\n<li><a href=\"https:\/\/drive.google.com\/file\/d\/15d8W7gb_zJHWd66xj5d6S9rgRDuK6RnU\/view?usp=drive_link\">Convocatoria N\u00b024-24 Llamado 2 -Anexo Trevelin<\/a>\u00a0TS en Gesti\u00f3n Adm. orient. a la Producci\u00f3n <strong>Plazo de presentaci\u00f3n 24 de junio de 2024 a las 18:00hs.<\/strong><\/li>\n<li><a href=\"https:\/\/drive.google.com\/file\/d\/1mK25a7fXew8QD4wnIJ1bCV4YFkZMxOV1\/view?usp=drive_link\">Convocatoria N\u00b05-24 Llamado 12 -Sede Esquel<\/a> (PES en F\u00edsica). <strong>Plazo de presentaci\u00f3n 24 de junio de 2024 a las 18:00hs.<\/strong><\/li>\n<li><a href=\"https:\/\/drive.google.com\/file\/d\/1T42SyQ5_JSSW2vt1bkcUvcsMzcuMNAZQ\/view?usp=drive_link\">Convocatoria N\u00b024-24 Llamado 1 -Anexo Trevelin<\/a>\u00a0TS en Gesti\u00f3n Adm. orient. a la Producci\u00f3n <strong>Plazo de presentaci\u00f3n 17 de junio de 2024 a las 18:00hs.<\/strong><\/li>\n<li><a href=\"https:\/\/drive.google.com\/file\/d\/18RXFcVij618C0c-4AMY6LxzgRZp5_2Ax\/view?usp=drive_link\">Convocatoria N\u00b023-24 Llamado 1 -Anexo Trevelin<\/a>\u00a0(PES Econom\u00eda) <strong>Plazo de presentaci\u00f3n 17 de junio de 2024 a las 18:00hs.<\/strong><\/li>\n<li><a href=\"https:\/\/drive.google.com\/file\/d\/1WGa8uP_JhnFsOAmKl_UITquCdCXdirR0\/view?usp=drive_link\">Convocatoria N\u00b022-24 Llamado 1 -Anexo Trevelin<\/a> (PEE con Orientaci\u00f3n Intelectual) <strong>Plazo de presentaci\u00f3n 14 de mayo de 2023 a las 18:00hs.<\/strong><\/li>\n<li><a href=\"https:\/\/drive.google.com\/file\/d\/10PQtjxjLpPZwpLBY0R3GdQ39DQWtgnO5\/view?usp=drive_link\">Convocatoria N\u00b021-24 Llamado 2 -Anexo Trevelin (PES Biolog\u00eda<\/a><strong>) Plazo de presentaci\u00f3n 10 de mayo de 2024 a las 18:00hs.<\/strong><\/li>\n<li><a href=\"https:\/\/drive.google.com\/file\/d\/1OHVyZtYn0CYu-McHL32uTRgo3O1QrRgr\/view?usp=drive_link\">Convocatoria N\u00b019-24 Llamado 2 -Anexo Trevelin<\/a>\u00a0TS en Gesti\u00f3n Adm. orient. a la Producci\u00f3n <strong>Plazo de presentaci\u00f3n 10 de mayo de 2024 a las 18:00hs.<\/strong><\/li>\n<li><a href=\"https:\/\/drive.google.com\/file\/d\/1Y8jmNew6kdZoIHEr9QZezh4edJ1DJhgn\/view?usp=drive_link\">Convocatoria N\u00b017-24 Llamado 4 -Sede Esquel<\/a> PES en F\u00edsica. <strong>Plazo de presentaci\u00f3n 10 de mayo de 2024 a las 18:00hs.<\/strong><\/li>\n<li><a href=\"http:\/\/(PES Biolog\u00eda) Plazo de presentaci\u00f3n 5 de mayo de 2024 a las 18:00hs.\" data-wplink-url-error=\"true\">Convocatoria N\u00b05-24 Llamado 11 -Sede Esquel<\/a>\u00a0PES en F\u00edsica. <strong>Plazo de presentaci\u00f3n 10 de mayo de 2024 a las 18:00hs.<\/strong><\/li>\n<li><a href=\"https:\/\/drive.google.com\/file\/d\/1Mq0zmFmtd6gKJHdwxq7fhH8q8KP66mKh\/view?usp=drive_link\">Convocatoria N\u00b021-24 Llamado 1 -Anexo Trevelin<\/a>\u00a0(PES Biolog\u00eda<strong>) Plazo de presentaci\u00f3n 5 de mayo de 2024 a las 18:00hs.<\/strong><\/li>\n<li><a href=\"https:\/\/drive.google.com\/file\/d\/1N9ZvIlFzLQyA8mFaC_oqCEOhI2K-Z1np\/view?usp=drive_link\">Convocatoria N\u00b018-24 Llamado 3 -Sede Esquel<\/a> PES en F\u00edsica y PES Matem\u00e1tica. <strong>Plazo de presentaci\u00f3n 5 de mayo de 2024 a las 18:00hs.<\/strong><\/li>\n<li><a href=\"https:\/\/drive.google.com\/file\/d\/1kKC3vgIkYgI16axc71t88v9iWUgR1hUx\/view?usp=drive_link\">Convocatoria N\u00b017-24 Llamado 3 -Sede Esquel<\/a>\u00a0PES en F\u00edsica. <strong>Plazo de presentaci\u00f3n 5 de mayo de 2024 a las 18:00hs.<\/strong><\/li>\n<li><a href=\"https:\/\/drive.google.com\/file\/d\/15Qiavc0h-EOU9Vw7lk9GMyClRmz3sYQZ\/view?usp=drive_link\">Convocatoria N\u00b07-24 Llamado 6 -Anexo Trevelin<\/a>\u00a0(PES Econom\u00eda) <strong>Plazo de presentaci\u00f3n 5 de mayo de 2024 a las 18:00hs.<\/strong><\/li>\n<li><a href=\"https:\/\/drive.google.com\/file\/d\/1t1bsVJGkE7tNG2D0Z12lYZZmt3jFUScV\/view?usp=drive_link\">Convocatoria N\u00b05-24 Llamado 10 -Sede Esquel<\/a>\u00a0PES en F\u00edsica. <strong>Plazo de presentaci\u00f3n 5 de mayo de 2024 a las 18:00hs.<\/strong><\/li>\n<li><a href=\"https:\/\/drive.google.com\/file\/d\/1FS3EQSlNOxHhsFBWtn8UJf-M1GFeQK25\/view?usp=drive_link\">Convocatoria N\u00b020-24 Llamado 1 -Sede Esquel<\/a>\u00a0PES en F\u00edsica. <strong>Plazo de presentaci\u00f3n 22 de abril de 2024 a las 18:00hs.<\/strong><\/li>\n<li><a href=\"https:\/\/drive.google.com\/file\/d\/1ZQRrvnbMJPsoQtj47pB3dz1tj6R13VsT\/view?usp=drive_link\">Convocatoria N\u00b018-24 Llamado 2 -Sede Esquel<\/a> PES en F\u00edsica y PES Matem\u00e1tica. <strong>Plazo de presentaci\u00f3n 24 de abril de 2024 a las 18:00hs.<\/strong><\/li>\n<li><a href=\"https:\/\/drive.google.com\/file\/d\/1Ys2Omk2noH_oqf9_18xk6wHCdh8atWrM\/view?usp=drive_link\">Convocatoria N\u00b017-24 Llamado 2 &#8211; Sede Esquel<\/a>\u00a0PES en F\u00edsica. <strong>Plazo de presentaci\u00f3n 24 de abril de 2024 a las 18:00hs.<\/strong><\/li>\n<li><a href=\"https:\/\/drive.google.com\/file\/d\/1pS34weVuCK3P9l7Lk2iWrwfyZU1xderj\/view?usp=drive_link\">Convocatoria N\u00b010-24 Llamado 4 &#8211; Anexo Trevelin<\/a>\u00a0(PES Biolog\u00eda<strong>) Plazo de presentaci\u00f3n 24 de abril de 2024 a las 18:00hs.<\/strong><\/li>\n<li><a href=\"https:\/\/drive.google.com\/file\/d\/1fjQcpGTLhQkzLFHoMRdPWAr4ZPLO_aku\/view?usp=drive_link\">Convocatoria N\u00b08-24 Llamado 5 &#8211;\u00a0Anexo Trevelin<\/a> TS en Gesti\u00f3n Adm. orient. a la Producci\u00f3n <strong>Plazo de presentaci\u00f3n 24 de abril de 2024 a las 18:00hs.<\/strong><\/li>\n<li><a href=\"https:\/\/drive.google.com\/file\/d\/1lgLheVzZEsX0LC8yZLGRSTJ5jhU6zAVX\/view?usp=drive_link\">Convocatoria N\u00b07-24 Llamado 5 &#8211; Anexo Trevelin<\/a>\u00a0(PES Econom\u00eda) <strong>Plazo de presentaci\u00f3n 24 de abril de 2024 a las 18:00hs.<\/strong><\/li>\n<li><a href=\"https:\/\/drive.google.com\/file\/d\/18y6PZrYKAr0_94wOjF3Xa2y-n3QFW6kA\/view?usp=drive_link\">Convocatoria N\u00b05-24 Llamado 9 &#8211;\u00a0Sede Esquel<\/a>\u00a0PES en F\u00edsica. <strong>Plazo de presentaci\u00f3n 24 de abril de 2024 a las 18:00hs.<\/strong><\/li>\n<li><a href=\"https:\/\/drive.google.com\/file\/d\/1E504jx1ojMuo6xY0id0GQ8CZ_BbmE49j\/view?usp=drive_link\">Convocatoria N\u00b02-24 Llamado 7 &#8211; Anexo Trevelin<\/a> TS en Gesti\u00f3n Adm. orient. a la Producci\u00f3n <strong>Plazo de presentaci\u00f3n 24 de abril de 2024 a las 18:00hs.<\/strong><\/li>\n<li><a href=\"https:\/\/drive.google.com\/file\/d\/1oJusl-LQ0mnyFGqPwssyr5u7R9w0RZ4T\/view?usp=drive_link\">Convocatoria N\u00b019-24 Llamado 1 &#8211; Anexo Trevelin<\/a>\u00a0TS en Gesti\u00f3n Adm. orient. a la Producci\u00f3n <strong>Plazo de presentaci\u00f3n 15 de abril de 2024 a las 18:00hs.<\/strong><\/li>\n<li><a href=\"https:\/\/drive.google.com\/file\/d\/1ILS7FgrhJLhYgxBGBwJVlSFkanhtviq3\/view?usp=drive_link\">Convocatoria N\u00b010-24 Llamado 3 &#8211; Anexo Trevelin<\/a>\u00a0(PES Biolog\u00eda<strong>) Plazo de presentaci\u00f3n 15 de abril de 2024 a las 18:00hs.<\/strong><\/li>\n<li><a href=\"https:\/\/drive.google.com\/file\/d\/1LngfXKFD70OwOk6wGbATGGXl5OxghLLL\/view?usp=drive_link\">Convocatoria N\u00b013-24 Llamado 1 -Sede Esquel<\/a> Coordinaci\u00f3n de TSED <strong>Plazo de presentaci\u00f3n 17 de abril de 2024 a las 18:00hs.<\/strong><\/li>\n<li><a href=\"https:\/\/drive.google.com\/file\/d\/1seBw19Jb5aOicdz_ywwqSDAZ2tsTQsxc\/view?usp=drive_link\">Convocatoria N\u00b012-24 Llamado 1 &#8211;\u00a0Anexo Trevelin<\/a> Coordinaci\u00f3n de PES Biolog\u00eda<strong> Plazo de presentaci\u00f3n 17 de abril de 2024 a las 18:00hs.<\/strong><\/li>\n<li><a href=\"https:\/\/drive.google.com\/file\/d\/1AGg2-WcJv2RkXssAIhO7j_jYiFdJXt7v\/view?usp=drive_link\">Convocatoria N\u00b018-24 Llamado 1 -Sede Esquel<\/a>\u00a0(PES MATEM\u00c1TICA Y FISICA) <strong>Plazo de presentaci\u00f3n 15 de abril de 2024 a las 18:00hs.<\/strong><\/li>\n<li><a href=\"https:\/\/drive.google.com\/file\/d\/1M4cY-cY_9fLuPoJaWk8ubIvGs_5dnCGn\/view?usp=drive_link\">Convocatoria N\u00b017-24 Llamado 1 &#8211;\u00a0Sede Esquel<\/a> PES en F\u00edsica. <strong>Plazo de presentaci\u00f3n 15 de abril de 2024 a las 18:00hs.<\/strong><\/li>\n<li><a href=\"https:\/\/drive.google.com\/file\/d\/1e16hArwxfhZfPRZ2LPMvSiIjuKzqmvJA\/view?usp=drive_link\">Convocatoria N\u00b010-24 Llamado 3 -Anexo Trevelin<\/a>\u00a0(PES Biolog\u00eda<strong>) Plazo de presentaci\u00f3n 15 de abril de 2024 a las 18:00hs.<\/strong><\/li>\n<li><a href=\"https:\/\/drive.google.com\/file\/d\/1jIkhE4_JValegOQ65F-wApmfirzjiTwv\/view?usp=drive_link\">Convocatoria N\u00b015-24 Llamado 2 -Anexo Trevelin<\/a>\u00a0(PES Econom\u00eda) <strong>Plazo de presentaci\u00f3n 15 de abril de 2024 a las 18:00hs.<\/strong><\/li>\n<li><a href=\"https:\/\/drive.google.com\/file\/d\/1zXhwmq4nullY1KjmHzXPHVS292RRaTxw\/view?usp=drive_link\">Convocatoria N\u00b014-24 Llamado 3 -Anexo Trevelin<\/a>\u00a0(PES Econom\u00eda) <strong>Plazo de presentaci\u00f3n 15 de abril de 2024 a las 18:00hs.<\/strong><\/li>\n<li><a href=\"https:\/\/drive.google.com\/file\/d\/1jcxKiNWCo2PDInSatjA_B2qikY68DxJy\/view?usp=drive_link\">Convocatoria N\u00b08-24 Llamado 4 -Anexo Trevelin<\/a>\u00a0TS en Gesti\u00f3n Adm. orient. a la Producci\u00f3n <strong>Plazo de presentaci\u00f3n 15 de abril de 2024 a las 18:00hs.<\/strong><\/li>\n<li><a href=\"https:\/\/drive.google.com\/file\/d\/1CCoWpaK3nUyko8HIoteKV5_3CA9q-6N8\/view?usp=drive_link\">Convocatoria N\u00b07-24 Llamado 4 -Anexo Trevelin<\/a>\u00a0(PES Econom\u00eda) <strong>Plazo de presentaci\u00f3n 15 de abril de 2024 a las 18:00hs.<\/strong><\/li>\n<li><a href=\"https:\/\/drive.google.com\/file\/d\/1lj7AWMF_hsvYMyKKzEqp3LkxFPAGdW1M\/view?usp=drive_link\">Convocatoria N\u00b05-24 Llamado 8 -Sede Esquel<\/a> PES en F\u00edsica. <strong>Plazo de presentaci\u00f3n 15 de abril de 2024 a las 18:00hs.<\/strong><\/li>\n<li><a href=\"https:\/\/drive.google.com\/file\/d\/1CWUcUzq861tmIOg3ctX1Lk7UyR7FuxAb\/view?usp=drive_link\">Convocatoria N\u00b016-24 Llamado 1 &#8211; Sede Esquel<\/a> Dispositivo Mayores 25. <strong>Plazo de presentaci\u00f3n 04 de abril de 2024 a las 18:00hs.<\/strong><\/li>\n<li><a href=\"https:\/\/drive.google.com\/file\/d\/1IvxHbsDbS4sC8Wfz-UZPg1IIqyQrb55M\/view?usp=drive_link\">Convocatoria N\u00b015-24 Llamado 1 &#8211; Anexo Trevelin<\/a>\u00a0(PES Econom\u00eda) <strong>Plazo de presentaci\u00f3n 04 de abril de 2024 a las 18:00hs.<\/strong><\/li>\n<li><a href=\"https:\/\/drive.google.com\/file\/d\/15JKDdQC6JpecUYrEaf3adc7ZdZA3Gu-2\/view?usp=sharing\">Convocatoria N\u00b014-24 Llamado 2 Anexo Trevelin<\/a> (PES Econom\u00eda) <strong>Plazo de presentaci\u00f3n 04 de abril de 2024 a las 18:00hs.<\/strong><\/li>\n<li><a href=\"https:\/\/drive.google.com\/file\/d\/1LJIZWR6z13ufCYY3NIVJ_6bjtcoph5cs\/view?usp=drive_link\">Convocatoria N\u00b010-24 Llamado 2 &#8211; Anexo Trevelin<\/a> (PES Biolog\u00eda<strong>) Plazo de presentaci\u00f3n 04 de abril de 2024 a las 18:00hs.<\/strong><\/li>\n<li><a href=\"https:\/\/drive.google.com\/file\/d\/10jdqKQV9FG0txSIwZkwOVclhq7b8XYfH\/view?usp=drive_link\">Convocatoria N\u00b08-24 Llamado 3 &#8211; Anexo Trevelin<\/a> TS en Gesti\u00f3n Adm. orient. a la Producci\u00f3n <strong>Plazo de presentaci\u00f3n 04 de abril de 2024 a las 18:00hs.<\/strong><\/li>\n<li><a href=\"https:\/\/drive.google.com\/file\/d\/1MSysKYFB95BtF6cvCVKfOFbpbiPFPhKn\/view?usp=drive_link\">Convocatoria N\u00b07-24 Llamado 3 &#8211; Anexo Trevelin<\/a>\u00a0(PES Econom\u00eda) <strong>Plazo de presentaci\u00f3n 04 de abril de 2024 a las 18:00hs.<\/strong><\/li>\n<li><a href=\"https:\/\/drive.google.com\/file\/d\/1K8T4aSS7rz77tNaSKnbUZizLp4JspIlx\/view?usp=drive_link\">Convocatoria N\u00b06-24 Llamado 2 bis &#8211; Sede Esquel<\/a> (PES MATEM\u00c1TICA) <strong>Plazo de presentaci\u00f3n 04 de abril de 2024 a las 18:00hs.<\/strong><\/li>\n<li><a href=\"https:\/\/drive.google.com\/file\/d\/1kx_J446IutWHUVfh2dH74pU_7nYZjBN8\/view?usp=drive_link\">Convocatoria N\u00b05-24 Llamado 7 &#8211; Sede Esquel<\/a> PES en F\u00edsica. <strong>Plazo de presentaci\u00f3n 04 de abril de 2024 a las 18:00hs.<\/strong><\/li>\n<li><a href=\"https:\/\/drive.google.com\/file\/d\/1bEVsLmzGruFuk2530Q9sE6xgKonwHrEX\/view?usp=drive_link\">Convocatoria N\u00b02-24 Llamado 6 -Anexo Trevelin<\/a>\u00a0TS en Gesti\u00f3n Adm. orient. a la Producci\u00f3n <strong>Plazo de presentaci\u00f3n 04 de abril de 2024 a las 18:00hs.<\/strong><\/li>\n<li><a href=\"https:\/\/drive.google.com\/file\/d\/1LkVsPMEYdW5A84qmkSndEN4hruwC4XuP\/view?usp=drive_link\">Convocatoria N\u00b014-24 Llamado 1 &#8211; Anexo Trevelin<\/a>\u00a0(PES Econom\u00eda) <strong>Plazo de presentaci\u00f3n 22 de marzo de 2024 a las 18:00hs.<\/strong><\/li>\n<li><a href=\"https:\/\/drive.google.com\/file\/d\/1xFmjiVwJPq9qZrsVYoI34uvR9esZziId\/view?usp=drive_link\">Convocatoria N\u00b010-24 Llamado 1 &#8211; Anexo Trevelin<\/a>\u00a0(PES Biolog\u00eda<strong>) Plazo de presentaci\u00f3n 22 de marzo de 2024 a las 18:00hs.<\/strong><\/li>\n<li><a href=\"https:\/\/drive.google.com\/file\/d\/1hpztFc7GFUgbvozuCRUTznYYwpqb48iK\/view?usp=drive_link\">Convocatoria N\u00b011-24 Llamado 1 &#8211; Sede Esquel<\/a>\u00a0TS en Entrenamiento Deportivo. <strong>Plazo de presentaci\u00f3n 20 de marzo de 2024 a las 18:00hs.<\/strong><\/li>\n<li><a href=\"https:\/\/drive.google.com\/file\/d\/1PSz4qi11Jv5zxxIIe1ZdugU2Fdu8rWSZ\/view?usp=drive_link\">Convocatoria N\u00b08-24 Llamado 2 &#8211; Anexo Trevelin<\/a> TS en Gesti\u00f3n Adm. orient. a la Producci\u00f3n <strong>Plazo de presentaci\u00f3n 20 de marzo de 2024 a las 18:00hs.<\/strong><\/li>\n<li><a href=\"https:\/\/drive.google.com\/file\/d\/18CCc7_dPrg_KE31BXAJoVAHVOSCI62UD\/view?usp=drive_link\">Convocatoria N\u00b07-24 Llamado 2 &#8211; Anexo Trevelin<\/a> (PES Econom\u00eda) <strong>Plazo de presentaci\u00f3n 20 de marzo de 2024 a las 18:00hs.<\/strong><\/li>\n<li><a href=\"https:\/\/drive.google.com\/file\/d\/1PLSvDAjh5QT9M0KXWTHj6proiOPvu_NU\/view?usp=drive_link\">Convocatoria N\u00b06-24 Llamado 2 &#8211; Sede Esquel<\/a> (PES MATEM\u00c1TICA) <strong>Plazo de presentaci\u00f3n 20 de marzo de 2024 a las 18:00hs.<\/strong><\/li>\n<li><a href=\"https:\/\/drive.google.com\/file\/d\/1wR07IkaHaW3T5hFprCdGFcw57KmETm8k\/view?usp=drive_link\">Convocatoria N\u00b05-24 Llamado 6 &#8211; Sede Esquel<\/a> PES en F\u00edsica. <strong>Plazo de presentaci\u00f3n 20 de marzo de 2024 a las 18:00hs.<\/strong><\/li>\n<li><a href=\"https:\/\/drive.google.com\/file\/d\/13EnE3OHgXWsdaHJUwWHwr6-48dWoTJw6\/view?usp=drive_link\">Convocatoria N\u00b02-24 Llamado 5 &#8211; Sede Esquel<\/a> TS en Gesti\u00f3n Adm. orient. a la Producci\u00f3n <strong>Plazo de presentaci\u00f3n 20 de marzo de 2024 a las 18:00hs.<\/strong><\/li>\n<li><a href=\"https:\/\/drive.google.com\/file\/d\/13l_rGdCzroL3i9tIAr9-hfs7pQqGQ9fE\/view?usp=sharing\">Convocatoria N\u00b09 Llamado 1 &#8211; Sede Esquel<\/a> PES en F\u00edsica-Qu\u00edmica-Matem\u00e1tica <strong>Plazo de presentaci\u00f3n 08 de marzo de 2024 a las 18:00hs.<\/strong><\/li>\n<li><a href=\"https:\/\/drive.google.com\/file\/d\/1PSz4qi11Jv5zxxIIe1ZdugU2Fdu8rWSZ\/view?usp=sharing\">Convocatoria N\u00b08-24 Llamado 1 &#8211;\u00a0Anexo Trevelin<\/a> TS en Gesti\u00f3n Adm. orient. a la Producci\u00f3n <strong>Plazo de presentaci\u00f3n 08 de marzo de 2024 a las 18:00hs.<\/strong><\/li>\n<li><a href=\"https:\/\/drive.google.com\/file\/d\/1Tzu4wEnc9E62ByFSsgFObKG9q8p9tiS3\/view?usp=sharing\">Convocatoria N\u00b07-24 Llamado 1 &#8211; Anexo Trevelin<\/a> (PES Econom\u00eda) <strong>Plazo de presentaci\u00f3n 08 de marzo de 2024 a las 18:00hs.<\/strong><\/li>\n<li><a href=\"https:\/\/drive.google.com\/file\/d\/1PLSvDAjh5QT9M0KXWTHj6proiOPvu_NU\/view?usp=sharing\">Convocatoria N\u00b06-24 Llamado 1 &#8211; Sede Esquel<\/a> (PES MATEM\u00c1TICA) <strong>Plazo de presentaci\u00f3n 08 de marzo de 2024 a las 18:00hs.<\/strong><\/li>\n<li><a href=\"https:\/\/drive.google.com\/file\/d\/1hb0k2xj8zTSlMVReKG6KHKOmr9aaHC7_\/view?usp=drive_link\">Convocatoria N\u00b05-24 Llamado 5 &#8211; Sede Esquel<\/a> PES en F\u00edsica. <strong>Plazo de presentaci\u00f3n 01 de marzo de 2024 a las 18:00hs.<\/strong><\/li>\n<li><a href=\"https:\/\/drive.google.com\/file\/d\/1KL4nIpUt0gkZuzj6_Dkk5IR1qTmp1BCj\/view?usp=drive_link\">Convocatoria N\u00b02-24 Llamado 4 &#8211; Anexo Trevelin<\/a> TS en Gesti\u00f3n Adm. orient. a la Producci\u00f3n<\/li>\n<li>. <strong>Plazo de presentaci\u00f3n 01 de marzo de 2024 a las 18:00hs.<\/strong><\/li>\n<li><a href=\"https:\/\/drive.google.com\/file\/d\/1M0QxWGQh0eexBRGOUBkl-PRQdPLM5Meu\/view?usp=drive_link\">Convocatoria N\u00b01-24 Llamado 4 &#8211; Sede Esquel<\/a> TS en Entrenamiento Deportivo. <strong>Plazo de presentaci\u00f3n 01 de marzo de 2024 a las 18:00hs.<\/strong><\/li>\n<li><a href=\"https:\/\/drive.google.com\/file\/d\/1MVeiPW8K2i_64lxk_ZJiMT9e8zUIen9x\/view?usp=drive_link\">Convocatoria N\u00b02-24 Llamado 3 &#8211; Anexo Trevelin<\/a> (Tecnicatura Superior en Gesti\u00f3n Administrativa orientada a la Producci\u00f3n) <span style=\"font-size: revert;\">Plazo de presentaci\u00f3n 18 de diciembre de 2023 a las 18:00hs.<\/span><\/li>\n<li><a href=\"https:\/\/drive.google.com\/file\/d\/1M7CNnw4v6LD1LOBVc6t4iUELltLFxrJA\/view?usp=drive_link\">Convocatoria N\u00b01-24 Llamado 3 &#8211; Sede Esquel<\/a>\u00a0(Tecn. Sup. en Entrenamiento Deportivo &#8211; Resoluci\u00f3n en tr\u00e1mite Expte. 4561\/22) <strong>Plazo de presentaci\u00f3n 18 de diciembre de 2023 a las 18:00hs.<\/strong><\/li>\n<li><a href=\"https:\/\/drive.google.com\/file\/d\/1PBojil3dK9HvEE_8CEZkHIt3_OWv-S5D\/view?usp=sharing\">Convocatoria N\u00b05-24 Llamado 4 &#8211; Sede Esquel<\/a> (PES FISICA<strong>) Plazo de presentaci\u00f3n 27 de noviembre de 2023 a las 18:00hs.<\/strong><\/li>\n<li><a href=\"https:\/\/drive.google.com\/file\/d\/1zSMgMEl1izWtjLp22jidUQwEWN-fsvKQ\/view?usp=drive_link\">Convocatoria N\u00b02-24 Llamado 2 &#8211; Anexo Trevelin<\/a> Tecnicatura Superior en Gesti\u00f3n Administrativa orientada a la Producci\u00f3n <span style=\"font-size: revert;\">Plazo de presentaci\u00f3n 27 de noviembre de 2023 a las 18:00hs.<\/span><\/li>\n<li><a href=\"https:\/\/drive.google.com\/file\/d\/1bPgP9C8jgwyeGGcqN44D0COLWQzOTeGN\/view?usp=sharing\">Convocatoria N\u00b01-24 Llamado 2 &#8211; Sede Esquel<\/a> (Tecn. Sup. en Entrenamiento Deportivo &#8211; Resoluci\u00f3n en tr\u00e1mite Expte. 4561\/22) <strong>Plazo de presentaci\u00f3n 27 de noviembre de 2023 a las 18:00hs.<\/strong><\/li>\n<li><a href=\"https:\/\/drive.google.com\/file\/d\/1WVX9os-_HTIMo3PW6wh77HAFIq7KI8JL\/view?usp=drive_link\">Convocatoria N\u00b04-24 Llamado 1 &#8211;\u00a0Sede Esquel<\/a> (PES FISICA<strong>) Plazo de presentaci\u00f3n 20 de noviembre de 2023 a las 18:00hs.<\/strong><\/li>\n<li><a href=\"https:\/\/drive.google.com\/file\/d\/1o5PFG49lOomwkFMwthADO0YVQJ_wicPs\/view?usp=drive_link\">Convocatoria N\u00b03-24 Llamado 1 &#8211;\u00a0Sede Esquel<\/a>\u00a0(PES MATEM\u00c1TICA) <strong>Plazo de presentaci\u00f3n 20 de noviembre de 2023 a las 18:00hs.<\/strong><\/li>\n<li><a href=\"https:\/\/drive.google.com\/file\/d\/1lwfc3QiQwZZ4zo7Jkg6xw9XgoMxtWP5H\/view?usp=sharing\">Convocatoria N\u00b02-24 Llamado 1 &#8211; Anexo Trevelin.<\/a> \u00a0Tecnicatura Superior en Gesti\u00f3n Administrativa orientada a la Producci\u00f3n <span style=\"font-size: revert;\">Plazo de presentaci\u00f3n 13 de noviembre de 2023 a las 18:00hs.<\/span><\/li>\n<li><a href=\"https:\/\/drive.google.com\/file\/d\/150yJlRfuzQh2TWMpzR22fBV0CQ7xMMdD\/view?usp=sharing\">Convocatoria N\u00b01-24 Llamado 1 &#8211; Sede Esquel<\/a> (Tecn. Sup. en Entrenamiento Deportivo &#8211; Resoluci\u00f3n en tr\u00e1mite Expte. 4561\/22) <span style=\"font-size: revert;\">Plazo de presentaci\u00f3n 13 de noviembre de 2023 a las 18:00hs.<\/span><\/li>\n<li><a href=\"https:\/\/drive.google.com\/file\/d\/1SJ6aWdejNWEdTYiotYlirqYDossbmH0D\/view?usp=drive_link\">Llamado 105\/2023-<\/a>\u00a0Sede Esquel \u2013 Anexo Trevelin y anexo El Mait\u00e9n. Coordinaci\u00f3n de Investigaci\u00f3n\u00a0 CONVOCATORIA ABIERTA. <strong>Plazo de presentaci\u00f3n 19 de octubre de 2023.\u00a0<\/strong><\/li>\n<li><a href=\"https:\/\/drive.google.com\/file\/d\/1tBi97Nl4DWOTT1uvRX9i-Gr8E7NIxKma\/view?usp=drive_link\">Llamado 104\/2023-<\/a> Sede Esquel (Tecn. Sup. en Entrenamiento Deportivo &#8211; Resoluci\u00f3n en tr\u00e1mite Expte. 4561\/22) <span style=\"font-size: revert;\">Plazo de presentaci\u00f3n 6 de octubre de 2023 a las 18:00hs.<\/span><\/li>\n<li><a href=\"https:\/\/drive.google.com\/file\/d\/1CvzV3qxUdiQ5WBHBFmf3_OqgtIfI5G23\/view?usp=drive_link\">Llamado 103\/2023-<\/a>\u00a0Anexo Trevelin <strong style=\"font-size: revert;\">Taller<\/strong>: Clases Expositivas. <span style=\"font-size: revert;\">Plazo de presentaci\u00f3n 6 de octubre de 2023 a las 18:00hs.<\/span><\/li>\n<li><a href=\"https:\/\/drive.google.com\/file\/d\/1eRUeQjyejTQ26TSrjljkmnehzG1b-NXx\/view?usp=drive_link\">Llamado 102\/2023-\u00a0<\/a>Sede Esquel <strong style=\"font-size: revert;\">Taller<\/strong>: Oratoria. <span style=\"font-size: revert;\">Plazo de presentaci\u00f3n 6 de octubre de 2023 a las 18:00hs.<\/span><\/li>\n<li><a href=\"https:\/\/drive.google.com\/file\/d\/1Tzv30cNbK0Q1OLPwrWiZntYNvADuxfmi\/view?usp=drive_link\">Llamado 101\/2023-<\/a>\u00a0Sede Esquel <strong style=\"font-size: revert;\">Taller<\/strong><span style=\"font-size: revert;\">: \u201cProducci\u00f3n digital de mapas o esquemas conceptuales\u201d. Plazo de presentaci\u00f3n 6 de octubre de 2023 a las 18:00hs.<\/span><\/li>\n<li><a href=\"https:\/\/drive.google.com\/file\/d\/1_SatkHX3nVeNRmhwuWYBZydzaT8M6dT8\/view?usp=drive_link\">Llamado 100\/2023-<\/a>\u00a0Sede Esquel (PES FISICA<strong>) <\/strong>Plazo de presentaci\u00f3n 6 de octubre de 2023 a las 18:00hs.<\/li>\n<li><a href=\"https:\/\/drive.google.com\/file\/d\/1U_otrqjtO_yZxe_XtIjkWfZsbNAYbQLW\/view?usp=drive_link\">Llamado 99\/2023-<\/a>\u00a0Sede Esquel (PES QUIMICA<strong>) <\/strong>Plazo de presentaci\u00f3n 6 de octubre de 2023 a las 18:00hs.<\/li>\n<li><a href=\"https:\/\/drive.google.com\/file\/d\/1GX_Xw5r7U3jStFrtSjjzFe1nCKkXqLHY\/view?usp=drive_link\">Llamado 98\/2023-<\/a>\u00a0Anexo Trevelin <strong style=\"font-size: revert;\">Taller<\/strong>: \u201cElaboraci\u00f3n de una Revista Digital\u201d Plazo de presentaci\u00f3n 28 de septiembre de 2023 a las 20:00hs.<\/li>\n<li><a href=\"https:\/\/drive.google.com\/file\/d\/18Nr-BymIyJdgN4cQ4VunTcSTjmkxtVkL\/view?usp=drive_link\">Llamado 97\/2023-<\/a>\u00a0Sede Esquel <strong style=\"font-size: revert;\">Taller<\/strong><span style=\"font-size: revert;\">: \u201cProducci\u00f3n digital de mapas o esquemas conceptuales\u201d.\u00a0<\/span>Plazo de presentaci\u00f3n 28 de septiembre de 2023 a las 20:00 hs.<\/li>\n<li><a href=\"https:\/\/drive.google.com\/file\/d\/19UtSBDXgGDv8DER2eB6C-qGBxSTCDPD-\/view?usp=drive_link\">Llamado 96\/2023-<\/a>\u00a0Sede Esquel <strong style=\"font-size: revert;\">Taller<\/strong>: Oratoria. Plazo de presentaci\u00f3n 28 de septiembre de 2023 a las 20:00hs.<\/li>\n<li><a href=\"https:\/\/drive.google.com\/file\/d\/1KT21vS2maCZeUz1xoBfquCQBPHFHMXXG\/view?usp=drive_link\">Llamado 95\/2023-<\/a>\u00a0Sede Esquel (PES FISICA<strong>) <\/strong>Plazo de presentaci\u00f3n 28 de septiembre de 2023 a las 20:00hs.<\/li>\n<li><a href=\"https:\/\/drive.google.com\/file\/d\/1ddIIIGH_Iy6UkwjZY-Uqv3PCpJUX-5Iu\/view?usp=drive_link\">Llamado 94\/2023-<\/a> Sede Esquel (PES QU\u00cdMICA) Plazo de presentaci\u00f3n 22 de septiembre de 2023 a las 20:00 hs.<\/li>\n<li><a href=\"https:\/\/drive.google.com\/file\/d\/1Kqw-R6h2QHYHOK7oMV5a_h7_2DY0o6wb\/view?usp=drive_link\">Llamado 93\/2023-<\/a> Anexo Trevelin (PES Econom\u00eda) Plazo de presentaci\u00f3n 22 de septiembre de 2023 a las 20:00hs.<\/li>\n<li><a href=\"https:\/\/drive.google.com\/file\/d\/1ztrmdnZPhKs7FVF9kbOjsQ0EvdasMdTh\/view?usp=drive_link\">Llamado 92\/2023-<\/a>\u00a0Sede Esquel <strong style=\"font-size: revert;\">Taller<\/strong><span style=\"font-size: revert;\">: \u201cProducci\u00f3n digital de mapas o esquemas conceptuales\u201d.\u00a0<\/span>Plazo de presentaci\u00f3n 19 de septiembre de 2023 a las 20:00 hs.<\/li>\n<li><a href=\"https:\/\/drive.google.com\/file\/d\/1HfuelsTRJmjGDk7s97vHzpKyahKOWb2U\/view?usp=drive_link\">Llamado 91\/2023-\u00a0<\/a>Anexo Trevelin <strong style=\"font-size: revert;\">Taller<\/strong>: \u201cElaboraci\u00f3n de una Revista Digital\u201d\u00a0Plazo de presentaci\u00f3n 19 de septiembre de 2023 a las 20:00 hs.<\/li>\n<li><a href=\"https:\/\/drive.google.com\/file\/d\/1b6sK3rwbuOW1HTWeJyuo3mb8sg8ESsaP\/view?usp=drive_link\">Llamado 90\/2023-<\/a>\u00a0Sede Esquel\u00a0<strong>Taller<\/strong>: Oratoria.\u00a0Plazo de presentaci\u00f3n 19 de septiembre de 2023 a las 20:00 hs.<\/li>\n<li><a href=\"https:\/\/drive.google.com\/file\/d\/1OFngVfLAqJyrZUVO32ILR9BXOjVtq7ey\/view?usp=drive_link\">Llamado 89\/2023-<\/a> Sede Esquel (PES QU\u00cdMICA) Plazo de presentaci\u00f3n 19 de septiembre de 2023 a las 20:00 hs.<\/li>\n<li><a href=\"https:\/\/drive.google.com\/file\/d\/1SMSy33IP2HkFa5nJPcTAvkgvCIdg7Mme\/view?usp=drive_link\">Llamado 88\/2023-<\/a>\u00a0Anexo Trevelin (PES QU\u00cdMICA) Plazo de presentaci\u00f3n <span style=\"font-weight: 400;\">18 de septiembre de 2023 <\/span>a las 18hs.<\/li>\n<li><a href=\"https:\/\/drive.google.com\/file\/d\/1lHhmDt8ONmv-CqrMkKrsNdas4lH6jR6F\/view?usp=drive_link\">Llamado 87\/2023-\u00a0<\/a>Sede Esquel <strong style=\"font-size: revert;\">Taller<\/strong><span style=\"font-size: revert;\">: \u201cProducci\u00f3n digital de mapas o esquemas conceptuales\u201d. Plazo de presentaci\u00f3n 13 de septiembre de 2023 a las 20hs.<\/span><\/li>\n<li><a href=\"https:\/\/docs.google.com\/document\/d\/1vQWNiOVvSGIQ47eKTTkYcPDL9vMl0T5O\/edit?usp=drive_link&amp;ouid=100108765043983313848&amp;rtpof=true&amp;sd=true\">Llamado 86\/2023-<\/a>\u00a0Anexo Trevelin <strong style=\"font-size: revert;\">Taller<\/strong>: \u201cElaboraci\u00f3n de una Revista Digital\u201d Plazo de presentaci\u00f3n\u00a0<span style=\"font-size: revert;\">13 de septiembre<\/span> de 2023 a las 20hs.<\/li>\n<li><a href=\"https:\/\/drive.google.com\/file\/d\/1xQtLYqocnutMyah2zfHMx-7aPBBJpFdU\/view?usp=drive_link\">Llamado 85\/2023-<\/a> Sede Esquel\u00a0<strong>Taller<\/strong>: Oratoria. Plazo de presentaci\u00f3n 13 de septiembre de 2023 a las 20hs.<\/li>\n<li><a href=\"https:\/\/drive.google.com\/file\/d\/1SqW80EiJSQUd5mMP3z7JDEAPnC_5meO3\/view?usp=drive_link\">Llamado 84\/2023-<\/a> Sede Esquel (PES QU\u00cdMICA) Plazo de presentaci\u00f3n <span style=\"font-weight: 400;\">11 de septiembre de 2023<\/span>.<\/li>\n<li><a href=\"https:\/\/drive.google.com\/file\/d\/1YTBi-PK73D-UDs2qs53zd772Y2Ai4Gsb\/view?usp=drive_link\">Llamado 83\/2023-<\/a> Anexo Trevelin (PES BIOLOG\u00cdA) Plazo de presentaci\u00f3n <span style=\"font-weight: 400;\">11 de septiembre de 2023 <\/span>a las 20hs.<\/li>\n<li><a href=\"https:\/\/drive.google.com\/file\/d\/1oySrAGSiSRCKbtQArZVVnL_WowrPfh79\/view?usp=drive_link\">Llamado 82\/2023-<\/a>\u00a0Sede Esquel <span style=\"font-weight: 400;\">DISPOSITIVO DE EVALUACI\u00d3N PARA MAYORES DE 25 A\u00d1OS Plazo de presentaci\u00f3n 07 de septiembre de 2023.<\/span><\/li>\n<li><a href=\"https:\/\/drive.google.com\/file\/d\/1ql56Qnv61dWWXgdpZmOhliAx-HROhzQW\/view?usp=drive_link\">Llamado 81\/2023-<\/a> Sede Esquel (PES QU\u00cdMICA) Plazo de presentaci\u00f3n 06 de septiembre de 2023.<\/li>\n<li><a href=\"https:\/\/drive.google.com\/file\/d\/1pggeBFGeOU40Qtq2hh4_avAH5eyDz7Mw\/view?usp=drive_link\">Llamado 80\/2023-<\/a>\u00a0Anexo Trevelin <strong style=\"font-size: revert;\">Taller<\/strong>: \u201cElaboraci\u00f3n de una Revista Digital\u201d Plazo de presentaci\u00f3n\u00a0<span style=\"font-size: revert;\">07 de septiembre<\/span> de 2023.<\/li>\n<li><a href=\"https:\/\/drive.google.com\/file\/d\/1vucizihDfpi6BXo48Po8kxvKuyCTn1RR\/view?usp=drive_link\">Llamado 79\/2023-\u00a0<\/a>Anexo Trevelin <strong style=\"font-size: revert;\">Taller<\/strong>: Clases Expositivas. Plazo de presentaci\u00f3n <span style=\"font-size: revert;\">07 de septiembre<\/span> de 2023.<\/li>\n<li><a href=\"https:\/\/drive.google.com\/file\/d\/15Rc61I5FBcqy5CE9PQaXbHAWV0D7Cgsf\/view?usp=drive_link\">Llamado 78\/2023-<\/a>\u00a0Sede Esquel <strong style=\"font-size: revert;\">Taller<\/strong>: Oratoria. Plazo de presentaci\u00f3n <span style=\"font-size: revert;\">07 de septiembre<\/span> de 2023 a las 20hs.<\/li>\n<li><a href=\"https:\/\/drive.google.com\/file\/d\/1vKXvh-OiKkRTxaVUUoDqhduNsiT_jOV3\/view?usp=drive_link\">Llamado 77\/2023-\u00a0<\/a>Sede Esquel <strong style=\"font-size: revert;\">Taller<\/strong><span style=\"font-size: revert;\">: \u201cProducci\u00f3n digital de mapas o esquemas conceptuales\u201d. Plazo de presentaci\u00f3n 07 de septiembre de 2023.<\/span><\/li>\n<li><a href=\"https:\/\/drive.google.com\/file\/d\/1ChejVvzhZhukPHQOrdsYRkopKRvrVpl-\/view?usp=drive_link\">Llamado 76\/2023-<\/a> Sede Esquel (PES QU\u00cdMICA) Plazo de presentaci\u00f3n 04 de septiembre de 2023 a las 20:00hs.<\/li>\n<li><a href=\"https:\/\/drive.google.com\/file\/d\/1Hz2e-0-dmPgE_tSpIUUDOXGaRL6Pl8U4\/view?usp=drive_link\">Llamado 75\/2023-<\/a> Anexo Trevelin (PES Econom\u00eda) Plazo de presentaci\u00f3n 04 de septiembre de 2023 a las 20:00hs.<\/li>\n<li><a href=\"https:\/\/drive.google.com\/file\/d\/1y6zLRv6Vdfv1inzqGRUPv3z8hm8SUcW-\/view?usp=drive_link\">Llamado 74\/2023-<\/a> Sede Esquel <span style=\"font-weight: 400;\">DISPOSITIVO DE EVALUACI\u00d3N PARA MAYORES DE 25 A\u00d1OS Plazo de presentaci\u00f3n 31 de agosto de 2023 &#8211; <strong>Por razones administrativas, el concurso de DISPOSITIVO DE EVALUACI\u00d3N PARA MAYORES DE 25 A\u00d1OS queda moment\u00e1neamente suspendido hasta nuevo aviso.\u00a0<\/strong><\/span><\/li>\n<li><a href=\"https:\/\/drive.google.com\/file\/d\/1QSDILHI9O9H0qQOV_i-GwAEXh6JUBeUv\/view?usp=drive_link\">Llamado 73\/2023-<\/a> Sede Esquel\u00a0(PES FISICA-QU\u00cdMICA<strong>) <\/strong>Plazo de presentaci\u00f3n 31 de agosto de 2023<\/li>\n<li><a href=\"https:\/\/drive.google.com\/file\/d\/1jLW5J8akEY3upC01H3A9KaZ7BhEdIUEz\/view?usp=drive_link\">Llamado 72\/2023-<\/a> Anexo Trevelin (PES BIOLOG\u00cdA) Plazo de presentaci\u00f3n 31 de agosto de 2023 a las 18hs.<\/li>\n<li><a href=\"https:\/\/drive.google.com\/file\/d\/1Gk8qH0QUdVUuq3M4zlAmvC9FBn9aoK8o\/view?usp=drive_link\">Llamado 71\/2023-<\/a> Anexo Trevelin (PES BIOLOG\u00cdA) Plazo de presentaci\u00f3n 31 de agosto de 2023 a las 18hs.<\/li>\n<li><a href=\"https:\/\/drive.google.com\/file\/d\/16b-dYNRIjBPU65MKQeoW4_oDj9HTxmO0\/view?usp=drive_link\">Llamado 70\/2023-\u00a0<\/a>Sede Esquel\u00a0(PES QU\u00cdMICA) Plazo de presentaci\u00f3n 31 de agosto de 2023 a las 18hs.<\/li>\n<li><a href=\"https:\/\/drive.google.com\/file\/d\/16UNNdFFfG0FH_v8SI50AwqEUEJAbSuGO\/view?usp=drive_link\">Llamado 69\/2023-<\/a> Sede Esquel Convocatoria Interna COORDINACI\u00d3N PROF. DE EDUC SEC EN QU\u00cdMICA. Plazo de presentaci\u00f3n 31 de agosto de 2023.<\/li>\n<li><a href=\"https:\/\/drive.google.com\/file\/d\/15YhTvIKNcZptUVZtryPJiENiQIywiBcQ\/view?usp=drive_link\">Llamado 68\/2023-\u00a0<\/a>Sede Esquel <strong style=\"font-size: revert;\">Taller<\/strong><span style=\"font-size: revert;\">: \u201cProducci\u00f3n digital de mapas o esquemas conceptuales\u201d. Plazo de presentaci\u00f3n 31 de agosto de 2023 a las 20hs.<\/span><\/li>\n<li><a href=\"https:\/\/drive.google.com\/file\/d\/17LsEOJ3dqThBhO2f72TDlyftXR4LMc3d\/view?usp=drive_link\">Llamado 67\/2023-<\/a> Sede Esquel <strong style=\"font-size: revert;\">Taller<\/strong>: Oratoria. Plazo de presentaci\u00f3n 31 de agosto de 2023 a las 20hs.<\/li>\n<li><a href=\"https:\/\/drive.google.com\/file\/d\/1X1cp9rM76Tmm-aKq4Hs2FDIhxWKMBRe_\/view?usp=drive_link\">Llamado 66\/2023-<\/a> Anexo Trevelin <strong style=\"font-size: revert;\">Taller<\/strong>: Clases Expositivas. Plazo de presentaci\u00f3n 31 de agosto de 2023 a las 20hs<\/li>\n<li><a href=\"https:\/\/drive.google.com\/file\/d\/18RXAzmm0p0uq0JHldhHwynCz8sU59BKR\/view?usp=drive_link\">Llamado 65\/2023-<\/a> Anexo Trevelin <strong style=\"font-size: revert;\">Taller<\/strong>: \u201cElaboraci\u00f3n de una Revista Digital\u201d Plazo de presentaci\u00f3n 31 de agosto de 2023 a las 20hs.<\/li>\n<li><a href=\"https:\/\/drive.google.com\/file\/d\/1SXDKJIAuWQHsScuDmQySUgvfOSwcGjQs\/view?usp=drive_link\">Llamado 64\/2023-<\/a> Tecnicatura Superior en Gesti\u00f3n Administrativa orientada a la Producci\u00f3n Plazo de presentaci\u00f3n 25 de agosto de 2023 a las 18:00hs.<\/li>\n<li><a href=\"https:\/\/drive.google.com\/file\/d\/1xNbojP9n5SRgE-gkt8xzw6grAPyAqlH_\/view?usp=drive_link\">Llamado 63\/2023-<\/a>\u00a0Anexo Trevelin (PES Econom\u00eda) Plazo de presentaci\u00f3n 25 de agosto de 2023 a las 18:00hs.<\/li>\n<li><a href=\"https:\/\/drive.google.com\/file\/d\/1CBHDZm3a1NUJ9yVot7AVjeg8E0iyu2vh\/view?usp=drive_link\">Llamado 62\/2023-<\/a> Anexo Trevelin (PES BIOLOG\u00cdA) Plazo de presentaci\u00f3n 25 de agosto de 2023 a las 18hs.<\/li>\n<li><a href=\"https:\/\/drive.google.com\/file\/d\/1GSz483e8pw6VIeZwaUM9qWhocfoGmR2H\/view?usp=drive_link\">Llamado 61\/2023- <\/a>Anexo Trevelin (PES BIOLOG\u00cdA) Plazo de presentaci\u00f3n 23 de agosto de 2023 a las 18hs.<\/li>\n<li><a href=\"https:\/\/drive.google.com\/file\/d\/1gs3mqX800SAojmBpUG1C5YqVcc8JNI2A\/view?usp=drive_link\">Llamado 60\/2023-<\/a>\u00a0Sede Esquel Llamado com\u00fan a los Profesorados de F\u00edsica, Qu\u00edmica y Matem\u00e1tica. Plazo de presentaci\u00f3n 23 de agosto de 2023. <strong>Fe de erratas horario de 20:40 hs a 22:40 hs.\u00a0<\/strong><\/li>\n<li><a href=\"https:\/\/drive.google.com\/file\/d\/1_V9Xkg2gCffiieHvURHXgj05203bxFv4\/view?usp=drive_link\">Llamado 59\/2023-<\/a> Sede Esquel Llamado com\u00fan a los Profesorados de F\u00edsica, Qu\u00edmica y Matem\u00e1tica. Plazo de presentaci\u00f3n 23 de agosto de 2023.\u00a0<\/li>\n<li><a href=\"https:\/\/drive.google.com\/file\/d\/1y_OXpp0SHVSEgw9cwCdo6yKquvVxTsna\/view?usp=drive_link\">Llamado 58\/2023-<\/a>\u00a0Sede Esquel\u00a0(PES QU\u00cdMICA) <strong>Plazo de presentaci\u00f3n 23 de agosto de 2023 a las 18hs.<\/strong><\/li>\n<li><a href=\"https:\/\/drive.google.com\/file\/d\/1xPnLu_psboeRtAyCiID3Yo2XsCzGlGo2\/view?usp=drive_link\">Llamado 57\/2023-<\/a> Sede Esquel Convocatoria Interna COORDINACI\u00d3N PROF. DE EDUC SEC EN QU\u00cdMICA. Plazo de presentaci\u00f3n 23 de agosto de 2023.<\/li>\n<li><a href=\"https:\/\/drive.google.com\/file\/d\/15MXoPBFI2i_3G4FFoRMlMFOTm6A8eUKb\/view?usp=drive_link\">Llamado 56\/2023-<\/a> Sede Esquel <strong style=\"font-size: revert;\">Taller<\/strong><span style=\"font-size: revert;\">: \u201cProducci\u00f3n digital de mapas o esquemas conceptuales\u201d. Plazo de presentaci\u00f3n 23 de agosto de 2023 a las 20hs.<\/span><\/li>\n<li>\n<p><a href=\"https:\/\/drive.google.com\/file\/d\/1Fc73my0L5rxS6UGrh2kQBPuzzZ5lx2is\/view?usp=drive_link\">Llamado 55\/2023-<\/a> Sede Esquel <strong style=\"font-size: revert;\">Taller<\/strong>: Oratoria. Plazo de presentaci\u00f3n 23 de agosto de 2023 a las 20hs.<\/p>\n<\/li>\n<li>\n<p><a href=\"https:\/\/drive.google.com\/file\/d\/11zGnDgf8ORVyI3_U7p-5h0SPflqR4GR7\/view?usp=drive_link\">Llamado 54\/2023-<\/a> Anexo Trevelin <strong style=\"font-size: revert;\">Taller<\/strong>: Clases Expositivas. Plazo de presentaci\u00f3n 23 de agosto de 2023 a las 20hs.<\/p>\n<\/li>\n<li>\n<p><a href=\"https:\/\/drive.google.com\/file\/d\/14eEVTUeYVmk6Vn1xADoIW4FjFV6oYajS\/view?usp=drive_link\">Llamado 53\/2023-<\/a> Anexo Trevelin <strong style=\"font-size: revert;\">Taller<\/strong>: \u201cElaboraci\u00f3n de una Revista Digital\u201d Plazo de presentaci\u00f3n 23 de agosto de 2023 a las 20hs.<\/p>\n<\/li>\n<li>\n<p><a href=\"https:\/\/drive.google.com\/file\/d\/1BxArob5Mf5n-Dd5Kuc0EtzfPtM2yEDYF\/view?usp=sharing\">Llamado 52\/2023-<\/a> Sede Esquel\u00a0(PES QU\u00cdMICA) <strong>Plazo de presentaci\u00f3n 11 de julio de 2023 a las 18:00hs.<\/strong><\/p>\n<\/li>\n<li>\n<p><a href=\"https:\/\/drive.google.com\/file\/d\/1Xiux9-EshXKL84tjvr4X-x-L4pdJLaKO\/view?usp=sharing\">Llamado 51\/2023-<\/a>\u00a0 Sede Esquel Convocatoria Interna COORDINACI\u00d3N PROF. DE EDUC SEC EN QU\u00cdMICA. Plazo de presentaci\u00f3n 10 de julio de 2023.<\/p>\n<\/li>\n<li><a href=\"https:\/\/drive.google.com\/file\/d\/1o8svhCQPRbVPAyFgG1L4s85VdYh9xS3b\/view?usp=sharing\">Llamado 50\/2023-\u00a0<\/a>Sede Esquel Convocatoria Interna COORDINACI\u00d3N PROF. DE EDUC SEC EN MATEM\u00c1TICA. Plazo de presentaci\u00f3n 10 de julio de 2023.<\/li>\n<li><a href=\"https:\/\/drive.google.com\/file\/d\/1S0sRYPaHROpdlbdfTiSgyfn_jOBeb-L6\/view?usp=sharing\">Llamado 49\/2023-<\/a> Sede Esquel \u2013 Anexo Trevelin y anexo El Mait\u00e9n Coordinaci\u00f3n de Desarrollo Profesional y Acompa\u00f1amiento Pedag\u00f3gico CONVOCATORIA ABIERTA.\u00a0<strong>Plazo de presentaci\u00f3n 1 de Agosto de 2023.\u00a0<\/strong><\/li>\n<li><a href=\"https:\/\/drive.google.com\/file\/d\/14XidZ60ydgrmFi846p9y0_CYZwxwr1Zl\/view?usp=sharing\">Llamado 48\/2023-<\/a> Anexo Trevelin Coordinaci\u00f3n de Anexo Trevelin. <strong>Fe de erratas cargo<\/strong>. CONVOCATORIA INTERNA. <strong>Plazo de presentaci\u00f3n 1 de Agosto de 2023.<\/strong><\/li>\n<li><a href=\"https:\/\/drive.google.com\/file\/d\/1SiQ38WIMloGQr3piWDAb_SBo34cbJqA3\/view?usp=sharing\">Llamado 47\/2023-<\/a> Sede Esquel\u00a0(PES MATEM\u00c1TICA) <strong>Plazo de presentaci\u00f3n 6 de julio de 2023 a las 20:00hs.<\/strong><\/li>\n<li><a href=\"https:\/\/drive.google.com\/file\/d\/1_LrGLkXl4yAXL8ZiK4CXsjEpan00zcFd\/view?usp=sharing\">Llamado 46\/2023-<\/a> Anexo Trevelin\u00a0(PEE con Orientaci\u00f3n Intelectual) <strong>Plazo de presentaci\u00f3n 6 de julio de 2023 a las 18:00hs.<\/strong><\/li>\n<li><a href=\"https:\/\/drive.google.com\/file\/d\/14bdTo1DLOPOzsqLj2N4YumvOQNQb5iY8\/view?usp=sharing\">Llamado 45\/2023-\u00a0<\/a>Sede Esquel COORDINACI\u00d3N PROF. DE EDUC SEC EN QU\u00cdMICA. <strong>Plazo de presentaci\u00f3n 19 de junio de 2023.<\/strong><\/li>\n<li><strong><a href=\"https:\/\/drive.google.com\/file\/d\/1OlOTPNpuElRrJMLdwDzx1_oQo1zWqO12\/view?usp=sharing\">Llamado 42\/2023-<\/a> Fe de erratas en la unidad curricular 10 de Mat. Aplicada Cs. Econ. Seg. llamado es una convocatoria abierta a presentaci\u00f3n de proyecto.<\/strong> Anexo Trevelin (PES Econom\u00eda)<strong> Plazo de presentaci\u00f3n 26 de junio de 2023 a las 18:00hs.<\/strong><\/li>\n<li><a href=\"https:\/\/drive.google.com\/file\/d\/1qscUE4ykxXfxtbNjMXkb4Zn9Cqk5H6LJ\/view?usp=drive_link\">Llamado 44\/2023-<\/a>\u00a0Sede Esquel (Tecn. Sup. en Entrenamiento Deportivo &#8211; Resoluci\u00f3n en tr\u00e1mite Expte. 4561\/22) <strong>Plazo de presentaci\u00f3n 29 de junio de 2023 a las 18:00hs.<\/strong><\/li>\n<li><a href=\"https:\/\/drive.google.com\/file\/d\/1V0uQl4uBw-WXhJRsmBiOHOXA9uWFiksn\/view?usp=drive_link\">Llamado 43\/2023-<\/a>\u00a0Sede Esquel\u00a0(PES QU\u00cdMICA) <strong>Plazo de presentaci\u00f3n 29 de junio de 2023 a las 18:00hs.<\/strong><\/li>\n<li><a href=\"https:\/\/drive.google.com\/file\/d\/17ZrLyOTGDtpRO2E9QI4xaKreFZuw94Ug\/view?usp=drive_link\">Llamado 41\/2023-<\/a> Anexo Trevelin (Tecn. Sup. en Gesti\u00f3n Adminitrativa Orientada a la Producci\u00f3n) <strong>Plazo de presentaci\u00f3n 14 de junio de 2023 a las 18:00hs.<\/strong><\/li>\n<li><a href=\"https:\/\/drive.google.com\/file\/d\/1pghOOPNY0sl6E270vBq7pqJ3knI5zXFI\/view?usp=drive_link\">Llamado 40\/2023-<\/a> Sede Esquel\u00a0(PES MATEM\u00c1TICA) <strong>Plazo de presentaci\u00f3n 14 de junio de 2023 a las 20:00hs.<\/strong><\/li>\n<li>\u00a0<a href=\"https:\/\/drive.google.com\/file\/d\/1prZ-gF93p5aVwURdvNJL50IR1PY7PbOe\/view?usp=drive_link\">Llamado 39\/2023-<\/a> Sede Esquel COORDINACI\u00d3N PROF. DE EDUC SEC EN QU\u00cdMICA. <strong>Plazo de presentaci\u00f3n 19 de junio de 2023.<\/strong><\/li>\n<li><a href=\"https:\/\/drive.google.com\/file\/d\/1Vx8eLqhR3UYZvl8PGJwZ6QQN9ZKr3pos\/view?usp=drive_link\">Llamado 38\/2023-<\/a> Sede Esquel\u00a0(PES QU\u00cdMICA) <strong>Plazo de presentaci\u00f3n 14 de junio de 2023 a las 18:00hs.<\/strong><\/li>\n<li><a href=\"https:\/\/drive.google.com\/file\/d\/1OqlOGeM2zwhyecpLcpN_dfDiSwmHwS0v\/view?usp=drive_link\">Llamado 37\/2023<\/a>&#8211; Sede Esquel (Tecn. Sup. en Entrenamiento Deportivo &#8211; Resoluci\u00f3n en tr\u00e1mite Expte. 4561\/22) <strong>Plazo de presentaci\u00f3n 14 de junio de 2023 a las 18:00hs.<\/strong><\/li>\n<li><a href=\"https:\/\/drive.google.com\/file\/d\/1-gCMSgU3luI40g5RCZfHkxsVOzxcdjUf\/view?usp=drive_link\">Llamado 36\/2023<\/a>&#8211; Referente Institucional de Investigaci\u00f3n. CONVOCATORIA INTERNA. <strong>Plazo de presentaci\u00f3n 16 de junio de 2023.<\/strong><\/li>\n<li><a href=\"https:\/\/drive.google.com\/file\/d\/1KLVYeCMcK7OWi-J2K5_6AVgJEshJPwUo\/view?usp=share_link\">Llamado 35\/2023- Sede Esquel<\/a>\u00a0(Tecn. Sup. en Entrenamiento Deportivo &#8211; Resoluci\u00f3n en tr\u00e1mite Expte. 4561\/22) <strong>Plazo de presentaci\u00f3n 29 de mayo de 2023 a las 18:00hs.<\/strong><\/li>\n<li><a href=\"https:\/\/drive.google.com\/file\/d\/1QH-0X9K9XgDIsSJ9CAxw0uKrm5lzHXem\/view?usp=share_link\">Llamado 34\/2023- Anexo Trevelin<\/a>\u00a0(PEE con Orientaci\u00f3n Intelectual) <strong>Plazo de presentaci\u00f3n 29 de mayo de 2023 a las 18:00hs.<\/strong><\/li>\n<li><a href=\"https:\/\/drive.google.com\/file\/d\/1tBW9zu7UFI51t0KlqOmA8YQaIrltL57N\/view?usp=share_link\">Llamado 33\/2023- Anexo Trevelin<\/a>\u00a0(Tecn. Sup. en Gesti\u00f3n Adminitrativa Orientada a la Producci\u00f3n) <strong>Plazo de presentaci\u00f3n 29 de mayo de 2023 a las 18:00hs.<\/strong><\/li>\n<li><a href=\"https:\/\/drive.google.com\/file\/d\/1uTYVEBCPbI84TIjV7zJ0lIH7s-FGzE3p\/view?usp=share_link\">Llamado 32\/2023- Anexo Trevelin<\/a>\u00a0(PES Econom\u00eda)<strong> Plazo de presentaci\u00f3n 29 de mayo de 2023 a las 18:00hs.<\/strong><\/li>\n<li><a href=\"https:\/\/drive.google.com\/file\/d\/1r-MI17-so--5KwjZjq63sGRYq5UkfvVO\/view?usp=share_link\">Llamado 31\/2023- Sede Esquel<\/a>\u00a0(PES MATEM\u00c1TICA)<strong>Plazo de presentaci\u00f3n 24 de mayo de 2023 a las 20:00hs.<\/strong><\/li>\n<li><a href=\"https:\/\/drive.google.com\/file\/d\/14_hiC3dZCe558secdqRbvTdK83cFygx-\/view?usp=share_link\">Llamado 21\/2023- Sede Esquel<\/a>\u00a0COORDINACI\u00d3N PROF. DE EDUC SEC EN QU\u00cdMICA. <strong>Plazo de presentaci\u00f3n 18 de mayo de 2023.<\/strong><\/li>\n<li><a href=\"https:\/\/drive.google.com\/file\/d\/1L445UR2-oxPueqMjujXs24_pmsrOX36X\/view?usp=share_link\">Llamado 30\/2023- Sede Esquel<\/a> (Tecn. Sup. en Entrenamiento Deportivo &#8211; Resoluci\u00f3n en tr\u00e1mite Expte. 4561\/22) <strong>Plazo de presentaci\u00f3n 16 de mayo de 2023 a las 20:00hs.<\/strong><\/li>\n<li><a href=\"https:\/\/drive.google.com\/file\/d\/1J1na8EpBm1mCxIvyJMQLDlJMPTk5JwRa\/view?usp=share_link\">Llamado 29\/2023- Anexo Trevelin.<\/a> (PEE con Orientaci\u00f3n Intelectual) <strong>Plazo de presentaci\u00f3n 15 de mayo de 2023 a las 20:00hs.<\/strong><\/li>\n<li><a href=\"https:\/\/drive.google.com\/file\/d\/1KtHu1URJhypcFZJJeZEaovKw9Z_LLpMG\/view?usp=share_link\">Llamado 28\/2023- Anexo Trevelin.<\/a>\u00a0(PES Econom\u00eda)<strong> Plazo de presentaci\u00f3n 15 de mayo de 2023 a las 20:00hs.<\/strong><\/li>\n<li><a href=\"https:\/\/drive.google.com\/file\/d\/17Jsgavp2kb4_AaNpYjEaiaC-LbfEuxZ9\/view?usp=share_link\">Llamado 27\/2023- Anexo Trevelin.\u00a0<\/a>(Tecn. Sup. en Gesti\u00f3n Adminitrativa Orientada a la Producci\u00f3n) <strong>Plazo de presentaci\u00f3n 15 de mayo de 2023 a las 20:00hs.<\/strong><\/li>\n<li><a href=\"https:\/\/drive.google.com\/file\/d\/1ixDiY0KZQ0KrnhG9x3RytZDIUMhBIrSW\/view?usp=share_link\">Llamado 26\/2023- Anexo Trevelin.<\/a> (PES BIOLOG\u00cdA) <strong>Plazo de presentaci\u00f3n 15 de abril de 2023<\/strong><\/li>\n<li><a href=\"https:\/\/drive.google.com\/file\/d\/1YRQoOVAjQlZIMgcyVnEJVATnmbSy5TAA\/view?usp=share_link\">Llamado 25\/2023- Sede Esquel.<\/a> (Tecn. Sup. en Entrenamiento Deportivo &#8211; Resoluci\u00f3n en tr\u00e1mite Expte. 4561\/22) <strong>Plazo de presentaci\u00f3n 11 de mayo de 2023 a las 18:00hs.<\/strong><\/li>\n<li><a href=\"https:\/\/drive.google.com\/file\/d\/1ll0Nu6lNJTmnUwRCLC9Pnnrfic3tHMVU\/view?usp=share_link\">Llamado 24\/2023- Anexo Trevelin.<\/a> (Tecn. Sup. en Gesti\u00f3n Adminitrativa Orientada a la Producci\u00f3n) <strong>Plazo de presentaci\u00f3n 4 de mayo de 2023<\/strong><\/li>\n<li><a href=\"https:\/\/drive.google.com\/file\/d\/16_-ke-tn40hZfJ8VO9bopHbuUlmoqa0f\/view?usp=share_link\">Llamado 23\/2023- Sede Esquel.<\/a> (Tecn. Sup. en Entrenamiento Deportivo &#8211; Resoluci\u00f3n en\u00a0tr\u00e1mite Expte. 4561\/22) <strong>Plazo de presentaci\u00f3n 4 de mayo de 2023<\/strong><\/li>\n<li>Llamado 22\/2023- Anexo Trevelin (PEE con Orientaci\u00f3n Intelectual)<strong> LLAMADO ANULADO<\/strong><\/li>\n<li><a href=\"https:\/\/drive.google.com\/file\/d\/1fqnge9PKzgnrgR3FYMLKE3pNI4fSPGJk\/view?usp=share_link\">Llamado 20\/2023- Anexo Trevelin.<\/a> (PES Econom\u00eda)<strong>\u00a0Plazo de presentaci\u00f3n 4 de mayo de 2023<\/strong><\/li>\n<li><a href=\"https:\/\/drive.google.com\/file\/d\/1RYBaBaFwkN-kWmNH47CUBkYYWJ0iCYR5\/view?usp=share_link\">Llamado 19\/2023- Sede Esquel.<\/a>\u00a0(PES F\u00cdSICA<strong>) Plazo de presentaci\u00f3n 4 de mayo de 2023<\/strong><\/li>\n<li><a href=\"https:\/\/drive.google.com\/file\/d\/1goLN6XBYbQ8saZNsmKZoopSyhDwW0pgN\/view?usp=share_link\">Llamado 18\/2023- Sede Esquel.<\/a> (PES QU\u00cdMICA) <strong>Plazo de presentaci\u00f3n 4 de mayo de 2023<\/strong><\/li>\n<li><a href=\"https:\/\/drive.google.com\/file\/d\/1FDomxTP4Wq5OG8G--8y8FFXS8jM8s9rx\/view?usp=share_link\">Llamado 17\/2023- Anexo Trevelin.<\/a>\u00a0(PEE con Orientaci\u00f3n Intelectual) <strong>Plazo de presentaci\u00f3n 9 de abril de 2023<\/strong><\/li>\n<li><a href=\"https:\/\/drive.google.com\/file\/d\/1tUXlkXx6KntvqI9LRAR6KnesgrOED83y\/view?usp=share_link\">Llamado 16\/2023- Anexo Trevelin.<\/a>\u00a0(PES BIOLOG\u00cdA) <strong>Plazo de presentaci\u00f3n 10 de abril de 2023<\/strong><\/li>\n<li><a href=\"https:\/\/drive.google.com\/file\/d\/1CfLG9wMNtWnwT7fAFf5JNI1Fqw-2wHvq\/view?usp=share_link\">Llamado 15\/2023- Anexo Trevelin.<\/a>\u00a0(PES Econom\u00eda)<strong>Plazo de presentaci\u00f3n 10 de abril de 2023<\/strong><\/li>\n<li><a href=\"https:\/\/drive.google.com\/file\/d\/1y5NUdXzfFkznUQwXcMhq002eUqCst7Nn\/view?usp=share_link\">Llamado 14\/2023- Sede Esquel.<\/a>\u00a0(PES QU\u00cdMICA) <strong>Plazo de presentaci\u00f3n 10 de abril de 2023<\/strong><\/li>\n<li><a href=\"https:\/\/drive.google.com\/file\/d\/1XI9bhqaO0MnDfJEGcIp0Wukv7tucl2GD\/view?usp=share_link\">Llamado 13\/2023- Sede Esquel.<\/a>\u00a0(PES F\u00cdSICA<strong>) Plazo de presentaci\u00f3n 16 de abril de 2023<\/strong><\/li>\n<li><a href=\"https:\/\/drive.google.com\/file\/d\/1emVcTUhxSuZksb-vC_m4FSLRrtiREPaZ\/view?usp=share_link\">Llamado 12\/2023- Anexo Trevelin.<\/a> (Tecn. Sup. en Gesti\u00f3n Adminitrativa Orientada a la Producci\u00f3n) <strong>Plazo de presentaci\u00f3n 10 de abril de 2023.<\/strong><\/li>\n<li><a href=\"https:\/\/drive.google.com\/file\/d\/1WQn4u3NK_TjQQ5EtBAOGRGWz3eP92F_B\/view?usp=share_link\">Llamado 11\/2023- Sede Esquel.<\/a> COORDINACI\u00d3N PROF. DE EDUC SEC EN QU\u00cdMICA. <strong>Plazo de presentaci\u00f3n 7 de abril de 2023<\/strong><\/li>\n<li><a href=\"https:\/\/drive.google.com\/file\/d\/1azfTqJMWcP2qqizvSgYNB8E6CC_3V6Oi\/view?usp=share_link\">Llamado 10\/2023- Anexo Trevelin.<\/a> COORDINACI\u00d3N PROF DE EDUC SEC EN ECONOM\u00cdA. <strong>Plazo de presentaci\u00f3n 7 de abril de 2023<\/strong><\/li>\n<li><a href=\"https:\/\/drive.google.com\/file\/d\/19WigIbt-Xzg3f3QvHCtSGD2RWeMvXg-O\/view?usp=share_link\">Llamado 09\/2023- Anexo Trevelin.<\/a> Bedel. <strong>Plazo de presentaci\u00f3n 07 de abril 2023<\/strong>, a trav\u00e9s del Gmail de Concursos: <a href=\"mailto:concursos.isfd804@gmail.com\">concursos.isfd804@gmail.com<\/a><\/li>\n<li><a href=\"https:\/\/drive.google.com\/file\/d\/1aHltSE7q2kJ2N2h_myOldRRNEmL-Zzlp\/view?usp=share_link\">Llamado 08\/2023- Anexo Trevelin.<\/a> (Tecn. Sup. en Gesti\u00f3n Adminitrativa Orientada a la Producci\u00f3n.) <strong>Plazo de presentaci\u00f3n 27 de marzo de 2023<\/strong><\/li>\n<li><a href=\"https:\/\/drive.google.com\/file\/d\/1cfJc_9K756q2ioM7Iierd_sHIiHqqnae\/view?usp=share_link\">Llamado 07\/2023 Sede Esquel.<\/a>(Tecn. Sup. en Entrenamiento Deportivo &#8211; Resoluci\u00f3n en<br \/>tr\u00e1mite Expte. 4561\/22) <strong>Plazo de presentaci\u00f3n 28 de marzo de 2023.<\/strong><\/li>\n<li><a href=\"https:\/\/drive.google.com\/file\/d\/1YtWwmdcuCjgDbflZL5GIVJfQLjHkhHCW\/view?usp=share_link\">Llamado 06\/2023- Anexo Trevelin.<\/a> (PEE con Orientaci\u00f3n Intelectual) <strong>Plazo de presentaci\u00f3n 16 de marzo de 2023<\/strong><\/li>\n<li><a href=\"https:\/\/drive.google.com\/file\/d\/1ASJVCojcKO1cXrJUEQaaFvHrtf4sKE4h\/view?usp=share_link\">Llamado 05\/2023- Anexo Trevelin<\/a> (PES BIOLOG\u00cdA) <strong>Plazo de presentaci\u00f3n 16 de marzo de 2023<\/strong><\/li>\n<li><a href=\"https:\/\/drive.google.com\/file\/d\/12PNEPU2DSKFqkgaoxnVCpOyNKotP5bw2\/view?usp=share_link\">Llamado 04\/2023- Sede Esquel<\/a> (PES MATEM\u00c1TICA)<strong>Plazo de presentaci\u00f3n 16 de marzo de 2023<\/strong><\/li>\n<li><a href=\"https:\/\/drive.google.com\/file\/d\/1ev5qPI_KaMMJk96TSXIDomLBDsFuA_6-\/view?usp=share_link\">Llamado 03\/2023- Sede Esquel.<\/a> (PES QU\u00cdMICA) <strong>Plazo de presentaci\u00f3n 16 de marzo de 2023<\/strong><\/li>\n<li><a href=\"https:\/\/drive.google.com\/file\/d\/1hl9XovWPzC4ykDDLTwghIJqTwf-cdGr0\/view?usp=share_link\">Llamado 02\/2023- Sede Esquel.<\/a> (PES FISICA-QU\u00cdMICA<strong>&#8211;<\/strong>MATEM\u00c1TICA<strong>) Plazo de presentaci\u00f3n 16 de marzo de 2023<\/strong><\/li>\n<li><a href=\"https:\/\/drive.google.com\/file\/d\/19yEVetaDVjQeGR9QQ0wTMtZi8wQuIxrj\/view?usp=share_link\">Llamado 01\/2023- Sede Esquel.<\/a> (PES F\u00cdSICA<strong>) Plazo de presentaci\u00f3n 16 de marzo de 2023<\/strong><\/li>\n<\/ul>\n<h4>Tribunales:<\/h4>\n<p>A continuaci\u00f3n se dejan los listados de los tribunales, el cu\u00e1l se corresponde con el n\u00famero de llamado realizado. Este se publicara una vez culminado el plazo del llamado. Podr\u00e1n recusar los mismos <a href=\"https:\/\/docs.google.com\/forms\/d\/e\/1FAIpQLScNNMiRXFx0OE5O_YW6iGH-CRPfsysD_mOnpVsugImuillnrw\/viewform?usp=sf_link\">aqu\u00ed<\/a> durante un periodo de 24 hs.\u00a0<\/p>\n\n\n\n<ul>\n<li><a href=\"https:\/\/drive.google.com\/file\/d\/1Av0F_vtVBf1niTQFawXX8aK1p80e7Zjk\/view?usp=sharing\">Tribunales Convocatoria 1 Llamado 2 TSED &#8211; 12\/12\/2023<\/a><\/li>\n\n\n\n<li><a href=\"https:\/\/drive.google.com\/file\/d\/1objb3q1ZMTeBqE6jEvkAf-Nh0O9OPobK\/view?usp=sharing\">Tribunales Convocatoria 2 Llamado 2 TSGAP &#8211; 12\/12\/2023<\/a><\/li>\n\n\n\n<li><a href=\"https:\/\/drive.google.com\/file\/d\/18mLJcTA8HP92DteyfA7zgcivii2ktihm\/view?usp=drive_link\">Tribunales Convocatoria 4-24 Llamado 1 FIS &#8211; 23\/11\/2023<\/a><\/li>\n\n\n\n<li><a href=\"https:\/\/drive.google.com\/file\/d\/1KEofF9gDljmjLiTBecQhup8hZL2YZRbz\/view?usp=drive_link\">Tribunales Convocatoria 3-24 Llamado 1 MATE &#8211; 23\/11\/2023<\/a><\/li>\n\n\n\n<li><a href=\"http:\/\/Tribunales Convocatoria 2-24 Llamado 1 TSGAP\">Tribunales Convocatoria 2-24 Llamado 1 TSGAP &#8211; 21\/11\/2023<\/a><\/li>\n\n\n\n<li><a href=\"https:\/\/drive.google.com\/file\/d\/1ABdMB_m30Kzn39vDsDKhlMlsHWItZy9W\/view?usp=drive_link\">Tribunales Convocatoria 1-24 Llamado 1 TSED &#8211; 21\/11\/2023<\/a><\/li>\n\n\n\n<li><a href=\"https:\/\/drive.google.com\/file\/d\/1C6UOYvcXFWMcjQtdg1TxIYgVQb7k1cVZ\/view?usp=drive_link\">Tribunal Convocatoria 94\/23 &#8211; 27\/09\/23<\/a><\/li>\n\n\n\n<li><a href=\"https:\/\/drive.google.com\/file\/d\/1b0cgR4ywTPU8qw5djvnbtBWHmV0Ys3A5\/view?usp=drive_link\">Tribunal Convocatoria 70\/23 &#8211; 04\/09\/23<\/a><\/li>\n\n\n\n<li><a href=\"https:\/\/docs.google.com\/spreadsheets\/d\/1GJJU4KrdMsz08RsQ85pz0XJajw_uBMPS\/edit?usp=drive_link&amp;ouid=100702284467176787417&amp;rtpof=true&amp;sd=true\">Tribunal Convocatoria 64\/23 &#8211; 31\/08\/23<\/a><\/li>\n\n\n\n<li><a href=\"https:\/\/docs.google.com\/spreadsheets\/d\/19YrxnSYjfH083kQel94VQ7SZ0hPE-r_I\/edit?usp=drive_link&amp;ouid=100702284467176787417&amp;rtpof=true&amp;sd=true\">Tribunal Convocatoria 63\/23 &#8211; 31\/08\/23<\/a><\/li>\n\n\n\n<li><a href=\"https:\/\/docs.google.com\/spreadsheets\/d\/1vu1KZF94kceb44QBbsGJE8jFoCQu2_SK\/edit?usp=drive_link&amp;ouid=100702284467176787417&amp;rtpof=true&amp;sd=true\">Tribunal Convocatoria 59\/23 &#8211; 31\/08\/23<\/a><\/li>\n\n\n\n<li><a href=\"https:\/\/docs.google.com\/spreadsheets\/d\/1hFhsTYH_FxR3pBGCEQHBP5z-iBtiwgv0\/edit?usp=drive_link&amp;ouid=100702284467176787417&amp;rtpof=true&amp;sd=true\">Tribunal Convocatoria 58\/23 &#8211; 31\/08\/23<\/a><\/li>\n\n\n\n<li><a href=\"https:\/\/drive.google.com\/file\/d\/1Q42UxeDZnZUh1omLEgKegUZmS50qxT6J\/view?usp=drive_link\">Tribunal Convocatoria 41\/23 &#8211; 16\/06\/23<\/a><\/li>\n\n\n\n<li>Tribunal Convocatoria 37\/23 &#8211; 16\/06\/23<\/li>\n\n\n\n<li><a href=\"https:\/\/drive.google.com\/file\/d\/1XUo1wyyfC0_KAjfgC15fpbtSu68jeRGI\/view?usp=drive_link\">Tribunal Convocatoria 38\/23 &#8211; 14\/06\/23<\/a><\/li>\n\n\n\n<li><a href=\"https:\/\/drive.google.com\/file\/d\/1r9ZS8gOA9Z01_mprUXiAPGWu4okQ1T_a\/view?usp=drive_link\">Tribunal Convocatoria 34\/23 &#8211; 30\/05\/23<\/a><\/li>\n\n\n\n<li><a href=\"https:\/\/drive.google.com\/file\/d\/129fehxuQ1y7dtyLPlWVc_172Pq65jLMu\/view?usp=share_link\">Tribunal Convocatoria 30\/23 &#8211; 19\/05\/23<\/a><\/li>\n\n\n\n<li><a href=\"https:\/\/drive.google.com\/file\/d\/1ljpyOcp6DkrI7KQ_CK2zfdVPFZEsEL7k\/view?usp=share_link\">Tribunal Convocatoria 29\/23 &#8211; 19\/05\/23<\/a><\/li>\n\n\n\n<li><a href=\"https:\/\/drive.google.com\/file\/d\/1NNdyAzeRb1h7Nt6tpifAJMaKjiK8FsXe\/view?usp=share_link\">Tribunal Convocatoria 27\/23 &#8211; 19\/05\/23<\/a><\/li>\n\n\n\n<li><a href=\"https:\/\/drive.google.com\/file\/d\/19Rc7vZOa9UCiQa8OvtJK9h-K-aMO03xu\/view?usp=share_link\">Tribunal Convocatoria 28\/23 &#8211; 19\/05\/23<\/a><\/li>\n\n\n\n<li><a href=\"https:\/\/drive.google.com\/file\/d\/1YhleI3ZUIbaUCezkDmqfDPwt1Rbx2-qS\/view?usp=share_link\">Tribunal Convocatoria 26\/23 &#8211; 17\/05\/23<\/a><\/li>\n\n\n\n<li><a href=\"https:\/\/drive.google.com\/file\/d\/1vUA_cviASPN3AeZ3i7Y9Ex-caEBc-KY7\/view?usp=share_link\">Tribunal Convocatoria 24\/23 &#8211; 12\/05\/23<\/a><\/li>\n\n\n\n<li><a href=\"https:\/\/drive.google.com\/file\/d\/1i-La0Rsp058S9egWLCItWpHAZAp_aLo-\/view?usp=share_link\">Tribunal Convocatoria 23\/23 &#8211; 12\/05\/23<\/a><\/li>\n\n\n\n<li><a href=\"https:\/\/drive.google.com\/file\/d\/1HZ3k09CelmbHe9nor6x5C3_KbD9lJpIi\/view?usp=share_link\">Tribunal Convocatoria 19\/23 &#8211; 12\/05\/23<\/a><\/li>\n\n\n\n<li><a href=\"https:\/\/drive.google.com\/file\/d\/1qtsQE59dp5xPapGeP_zRAsvuKORobMb6\/view?usp=sharing\">Tribunal Convocatoria 18\/23 &#8211; 12\/05\/23<\/a><\/li>\n\n\n\n<li><a href=\"https:\/\/drive.google.com\/file\/d\/1yz7O3TKsZgDTSTcI7_yVLOnYv3vaiZLI\/view?usp=share_link\">Tribunal Convocatoria 13\/23<\/a><\/li>\n\n\n\n<li><a href=\"https:\/\/drive.google.com\/file\/d\/1ousN5jMcuCarutSqwk7wZUoVW7iMSswC\/view?usp=share_link\">Tribunal Convocatoria 14\/23<\/a><\/li>\n\n\n\n<li><a href=\"https:\/\/drive.google.com\/file\/d\/1E8w84m5Lqtfbt-okQy5mHzIoqGkyAYsu\/view?usp=sharing\">Tribunal Convocatoria 16\/23<\/a><\/li>\n\n\n\n<li><a href=\"https:\/\/drive.google.com\/file\/d\/1MoRp6qX3s9KXA8ufU-CPtSNk4NPuLVfI\/view?usp=sharing\">Tribunal Convocatoria 12\/23<\/a><\/li>\n\n\n\n<li><a href=\"https:\/\/drive.google.com\/file\/d\/1Q5r1RMuhvli3XXFdiwMoCpWWz27hWFqq\/view?usp=share_link\">Tribunal Convocatoria 08\/23<\/a><\/li>\n\n\n\n<li><a href=\"https:\/\/drive.google.com\/file\/d\/1sy_Ykub-O7Z5XUCGRamQ-YEovECL9wDH\/view?usp=share_link\">Tribunal Convocatoria 15\/23<\/a><\/li>\n\n\n\n<li><a href=\"https:\/\/drive.google.com\/file\/d\/1cGizNJ-p7uZV5nDXqiJM1uuYwZNt6-gW\/view?usp=share_link\">Tribunal Convocatoria 07\/23<\/a><\/li>\n\n\n\n<li><a href=\"https:\/\/docs.google.com\/spreadsheets\/d\/1-3EtpTGbKixbkaB3Ybt55m15ek17Qr0k\/edit?usp=share_link&amp;ouid=100702284467176787417&amp;rtpof=true&amp;sd=true\">Tribunal Convocatoria 06\/23<\/a><\/li>\n\n\n\n<li><a href=\"https:\/\/docs.google.com\/spreadsheets\/d\/1a-meuKwVjbzvPxJ4OvkCuZiYtq04MfJS\/edit?usp=share_link&amp;ouid=100702284467176787417&amp;rtpof=true&amp;sd=true\">Tribunal Convocatoria 05\/23<\/a><\/li>\n\n\n\n<li><a href=\"https:\/\/docs.google.com\/spreadsheets\/d\/1ba-jTex1E3QnQ49MqB4LdCOhsm4pRUGs\/edit?usp=share_link&amp;ouid=100702284467176787417&amp;rtpof=true&amp;sd=true\">Tribunal Convocatoria 04\/23<\/a><\/li>\n<\/ul>\n<\/div><\/div>\n\n\n\n<p><\/p>\n","protected":false},"excerpt":{"rendered":"<p>En la secci\u00f3n de Normativa\u00a0podr\u00e1 acceder a los reglamentos, resoluciones, y dem\u00e1s documentos necesarios para proceder a la elaboraci\u00f3n de proyectos de c\u00e1tedra conforme a la legislaci\u00f3n vigente. Destacamos en esta oportunidad s\u00f3lo lo referido a los formatos de presentaci\u00f3n. Formatos de presentaci\u00f3n. Por consultas comunicarse a: concursos.isfd804@gmail.com\u00a0 Formularios de presentaci\u00f3n de proyectos: ESQUEL TREVELIN &#8230; <a title=\"Concursos a Horas C\u00e1tedras 2026\" class=\"read-more\" href=\"https:\/\/isfd804-chu.infd.edu.ar\/sitio\/concursos-a-horas-catedras-2021\/\" aria-label=\"More on Concursos a Horas C\u00e1tedras 2026\">[+]<\/a><\/p>\n","protected":false},"author":1,"featured_media":0,"parent":0,"menu_order":0,"comment_status":"closed","ping_status":"closed","template":"","meta":[],"acf":[],"_links":{"self":[{"href":"https:\/\/isfd804-chu.infd.edu.ar\/sitio\/wp-json\/wp\/v2\/pages\/4137"}],"collection":[{"href":"https:\/\/isfd804-chu.infd.edu.ar\/sitio\/wp-json\/wp\/v2\/pages"}],"about":[{"href":"https:\/\/isfd804-chu.infd.edu.ar\/sitio\/wp-json\/wp\/v2\/types\/page"}],"author":[{"embeddable":true,"href":"https:\/\/isfd804-chu.infd.edu.ar\/sitio\/wp-json\/wp\/v2\/users\/1"}],"replies":[{"embeddable":true,"href":"https:\/\/isfd804-chu.infd.edu.ar\/sitio\/wp-json\/wp\/v2\/comments?post=4137"}],"version-history":[{"count":512,"href":"https:\/\/isfd804-chu.infd.edu.ar\/sitio\/wp-json\/wp\/v2\/pages\/4137\/revisions"}],"predecessor-version":[{"id":6263,"href":"https:\/\/isfd804-chu.infd.edu.ar\/sitio\/wp-json\/wp\/v2\/pages\/4137\/revisions\/6263"}],"wp:attachment":[{"href":"https:\/\/isfd804-chu.infd.edu.ar\/sitio\/wp-json\/wp\/v2\/media?parent=4137"}],"curies":[{"name":"wp","href":"https:\/\/api.w.org\/{rel}","templated":true}]}}