{"id":2842,"date":"2020-04-24T20:07:30","date_gmt":"2020-04-24T23:07:30","guid":{"rendered":"https:\/\/isfd804-chu.infd.edu.ar\/sitio\/?page_id=2842"},"modified":"2020-07-03T07:54:44","modified_gmt":"2020-07-03T10:54:44","slug":"ciber-mate","status":"publish","type":"page","link":"https:\/\/isfd804-chu.infd.edu.ar\/sitio\/ciber-mate\/","title":{"rendered":"CIBER MATE (Entrevistas)"},"content":{"rendered":"<h3 style=\"text-align: center;\">CIBER MATE &#8211; ENTREVISTA CON SOLANGE COTTET<\/h3>\n<p>Jueves 2 de julio en CIBER MATE charla con Solange Cottet..<\/p>\n<p><span class=\"_5mfr\"><span class=\"_6qdm\">&#x1f5a5;<\/span><\/span><span class=\"_5mfr\"><span class=\"_6qdm\">&#x1f4bb;<\/span><\/span>Egresada de manera virtual en el Profesorado de Educaci\u00f3n Especial en el ISFD N\u00b0 804<br \/>\nSolange es Profesora de Educaci\u00f3n Especial &#8211; Modalidad Intelectual<span class=\"_5mfr\"><span class=\"_6qdm\">&#x1f4d9;<\/span><\/span><span class=\"_5mfr\"><span class=\"_6qdm\">&#x1f4d9;<\/span><\/span><\/p>\n<div class=\"text_exposed_show\">\n<p><span class=\"_5mfr\"><span class=\"_6qdm\">&#x1f468;&#x200d;&#x1f3eb;<\/span><\/span>\u00a0Instagram del Instituto (ISFDESQUEL804)<span class=\"_5mfr\"><span class=\"_6qdm\">&#x2600;&#xfe0f;<\/span><\/span><span class=\"_5mfr\"><span class=\"_6qdm\">&#x2600;&#xfe0f;<\/span><\/span><\/p>\n<\/div>\n<p><iframe loading=\"lazy\" width=\"1200\" height=\"900\" src=\"https:\/\/www.youtube.com\/embed\/14sZgbVW5m0?feature=oembed\" frameborder=\"0\" allow=\"accelerometer; autoplay; encrypted-media; gyroscope; picture-in-picture\" allowfullscreen><\/iframe><\/p>\n<h3><\/h3>\n<h3 style=\"text-align: center;\">CIBER MATE &#8211; ENTREVISTA CON FERNANDO ARIEL L\u00d3PEZ (DIRECTOR DE LA BIBLIOTECA NACIONAL DE MAESTROS)<\/h3>\n<p>Ciber Mate &#8211; Entrevista con Fernando Ariel L\u00f3pez (Director de la Biblioteca Nacional de Maestros)<br \/>\nCharla realizada el d\u00eda 23 de Junio en Instagram del Instituto (ISFDESQUEL804)<br \/>\nGracias Fernando y todo el Equipo de la BNM por este encuentro y en donde conversamos sobre:<br \/>\nFunci\u00f3n de la BNM (Biblioteca Nacional de Maestros)<br \/>\nRed de Biblioteca (ley nacional de bibliotecas)<br \/>\nPrograma BERA<br \/>\nAguapey (Software de Gesti\u00f3n para bibliotecas)<br \/>\nBiblioteca digital (https:\/\/leerencasa.educacion.gob.ar\/)<br \/>\nRecursos digitales que ofrece la BNM<br \/>\nY unos cuantos temas m\u00e1s&#8230; !! GRACIAS a todos por estar ahi..<\/p>\n<p><iframe loading=\"lazy\" width=\"1200\" height=\"900\" src=\"https:\/\/www.youtube.com\/embed\/30E5lNW4V4M?feature=oembed\" frameborder=\"0\" allow=\"accelerometer; autoplay; encrypted-media; gyroscope; picture-in-picture\" allowfullscreen><\/iframe><\/p>\n<h3 style=\"text-align: center;\">CIBER MATE &#8211; ENTREVISTA CON FABIANA GONZ\u00c1LEZ<\/h3>\n<p style=\"text-align: left;\"><span class=\"_5mfr\"><span class=\"_6qdm\">&#x1f399;Entrevista realizada de\u00a0<\/span><\/span>CiberMate este martes MARTES 16 a las 18 hs<\/p>\n<p><span class=\"_5mfr\"><span class=\"_6qdm\">&#x1f516;<\/span><\/span>\u00a0Entrevista a la Prof. Fabiana Gonz\u00e1lez: Maestra de Educaci\u00f3n Primaria y Profesora de Biolog\u00eda.<\/p>\n<p><span class=\"_5mfr\"><span class=\"_6qdm\">&#x1f5c2;<\/span><\/span>\u00a0Con amplia formaci\u00f3n y trayectoria en ESI en la formaci\u00f3n docente.<\/p>\n<p>Link de descarga del material de ESI realizado por la Prof. Fabiana Gonz\u00e1lez y el Prof, Jos\u00e9 Luis G\u00f3mez<\/p>\n<h5 style=\"text-align: center;\"><a href=\"https:\/\/drive.google.com\/file\/d\/1GsRF8CT54018ppHCkdXxSTFTzxlqTK4a\/view?fbclid=IwAR2GGXz6_l-Nk82TVo0VAIded_h2CXhtp1r4Buug51A2zsXEGIYT6qFNko0\"><strong>https:\/\/drive.google.com\/file\/d\/1GsRF8CT54018ppHCkdXxSTFTzxlqTK4a\/view?fbclid=IwAR2GGXz6_l-Nk82TVo0VAIded_h2CXhtp1r4Buug51A2zsXEGIYT6qFNko0<\/strong><\/a><\/h5>\n<p><iframe loading=\"lazy\" width=\"1200\" height=\"900\" src=\"https:\/\/www.youtube.com\/embed\/h9-mPoSCLRw?feature=oembed\" frameborder=\"0\" allow=\"accelerometer; autoplay; encrypted-media; gyroscope; picture-in-picture\" allowfullscreen><\/iframe><\/p>\n<h3 style=\"text-align: center;\">CIBER MATE &#8211; ENTREVISTA CON MERCEDES LEAL<\/h3>\n<p>&#x1f4dd; Entrevista de CIBERMATE del d\u00eda VIERNES 12\/06 &#8211; 18 hs a la Dra. MERCEDES LEAL &#8211; INFOD<\/p>\n<p>&#x1f4cb; Dra Mercedes Leal. Directora Ejecutiva Instituto Nacional de Formaci\u00f3n Docente (INFoD)<\/p>\n<p>&#x1f516;Pedagoga y Doctora en Educaci\u00f3n (Fac. de Filosof\u00eda y Letras UNT). Decana de la Facultad de Filosof\u00eda y Letras de la Universidad Nacional de Tucum\u00e1n (Per\u00edodo 2014- 20018, reelecta per\u00edodo 2018-2021). 1 d<\/p>\n<p><iframe loading=\"lazy\" width=\"1200\" height=\"900\" src=\"https:\/\/www.youtube.com\/embed\/aZnUUvShPp8?feature=oembed\" frameborder=\"0\" allow=\"accelerometer; autoplay; encrypted-media; gyroscope; picture-in-picture\" allowfullscreen><\/iframe><\/p>\n<h3 style=\"text-align: center;\">CIBER MATE &#8211; ENTREVISTA CON MARIANA MAGGIO<\/h3>\n<p>CIBER MATE &#8211; JUEVES 11\/06 a las 18hs.<\/p>\n<p><span class=\"_5mfr\"><span class=\"_6qdm\">&#x1f4dd;<\/span><\/span>Pro\u0301ximo jueves 11 a las 18 hs en CiberMate<br \/>\n<span class=\"_5mfr\"><span class=\"_6qdm\">&#x1f4cb;<\/span><\/span>DRA MARIANA MAGGIO<br \/>\n<span class=\"_5mfr\"><span class=\"_6qdm\">&#x1f4d1;<\/span><\/span>\u00a0Licenciada en Ciencias de la Educaci\u00f3n, Especialista y Magister en Did\u00e1ctica y Doctora en Educaci\u00f3n de la Universidad de Buenos Aires.<\/p>\n<p><iframe loading=\"lazy\" width=\"1200\" height=\"900\" src=\"https:\/\/www.youtube.com\/embed\/qf2ZJHNGlVk?feature=oembed\" frameborder=\"0\" allow=\"accelerometer; autoplay; encrypted-media; gyroscope; picture-in-picture\" allowfullscreen><\/iframe><\/p>\n<h3 style=\"text-align: center;\">CIBER MATE &#8211; ENTREVISTA CON DANIELA DELLA BRUNA<\/h3>\n<p><span class=\"style-scope yt-formatted-string\" dir=\"auto\">Ciber Mate &#8211; Mi\u00e9rcoles 3\/06 a las 18hs Daniela Della Bruna <\/span><\/p>\n<p><span class=\"style-scope yt-formatted-string\" dir=\"auto\">* Profesora de Primaria y de Lengua y Literatura <\/span><\/p>\n<p><span class=\"style-scope yt-formatted-string\" dir=\"auto\">* Escritora; poeta y tallerista. Autora del blog: <\/span><a class=\"yt-simple-endpoint style-scope yt-formatted-string\" dir=\"auto\" spellcheck=\"false\" href=\"https:\/\/www.youtube.com\/redirect?q=https%3A%2F%2Fcaleidoscopicapoesia.blogspot.com%2F&amp;event=video_description&amp;v=xuJPF9GXGqQ&amp;redir_token=u87sSLVpOJpD9cPJJomkqtvkVGJ8MTU5MTMyNTUwNUAxNTkxMjM5MTA1\" target=\"_blank\" rel=\"nofollow noopener\">https:\/\/caleidoscopicapoesia.blogspot&#8230;<\/a><\/p>\n<p><span class=\"style-scope yt-formatted-string\" dir=\"auto\">Facebook: https:\/www.facebook.com\/caleidoscopicapoesia\/<\/span><\/p>\n<p><iframe loading=\"lazy\" width=\"1200\" height=\"900\" src=\"https:\/\/www.youtube.com\/embed\/xuJPF9GXGqQ?feature=oembed\" frameborder=\"0\" allow=\"accelerometer; autoplay; encrypted-media; gyroscope; picture-in-picture\" allowfullscreen><\/iframe><\/p>\n<h3 style=\"text-align: center;\">CIBER MATE &#8211; ENTREVISTA CON LUCIANA MILANO<\/h3>\n<p>Seguimos encontr\u00e1ndonos en CIBER MATE&#8230; charla LUCIANA MILANO<\/p>\n<p><span class=\"_5mfr\"><span class=\"_6qdm\">&#x1f4dd;<\/span><\/span>\u00a0VIERNES 29 &#8211; 19 hs<\/p>\n<p><span class=\"_5mfr\"><span class=\"_6qdm\">&#x1f516;<\/span><\/span>\u00a0Luciana Milano. Profesora de Matem\u00e1tica. Coordinadora del Profesorado de Educaci\u00f3n Secundaria en Matem\u00e1tica en nuestro instituto<\/p>\n<div class=\"text_exposed_show\">\n<p><span class=\"_5mfr\"><span class=\"_6qdm\">&#x1f4cb;<\/span><\/span>\u00a0Organiza las Jornadas Cordilleranas de Ense\u00f1anza de la Matem\u00e1tica, que se realizan hace m\u00e1s de 10 a\u00f1os en el instituto.<\/p>\n<p><span class=\"_5mfr\"><span class=\"_6qdm\">&#x1f4d1;<\/span><\/span>\u00a0Particip\u00f3 durante el 2018 de la Actualizaci\u00f3n Acad\u00e9mica en Formaci\u00f3n Docente del INFOD, y en el 2019 del programa de Pasant\u00eda de Movilidad Docente del Mercosur.<\/p>\n<p><iframe loading=\"lazy\" width=\"1200\" height=\"900\" src=\"https:\/\/www.youtube.com\/embed\/TMq7n1g_AVs?feature=oembed\" frameborder=\"0\" allow=\"accelerometer; autoplay; encrypted-media; gyroscope; picture-in-picture\" allowfullscreen><\/iframe><\/p>\n<\/div>\n<h3 style=\"text-align: center;\">CIBER MATE &#8211; ENTREVISTA CON SOLANGE DE LEMA<\/h3>\n<p>Solange De Lema, de Montevideo, Uruguay.<span class=\"text_exposed_show\"><br \/>\nDocente de Lengua y Literatura y Magister en Gesti\u00f3n Educativa.<br \/>\nintegrante del Programa Noveles Educadores de Uruguay.\u00a0<\/span><span class=\"text_exposed_show\">\u00a0Particip\u00f3 durante el 2019 del Programa de Movilidad Docente del Mercosur, pasant\u00eda realizada entre el INET e IPA (Montevideo\u00a0<span class=\"_5mfr\"><span class=\"_6qdm\">&#x1f1fa;&#x1f1fe;<\/span><\/span>), y el ISFD N804 (Esquel\u00a0<span class=\"_5mfr\"><span class=\"_6qdm\">&#x1f1e6;&#x1f1f7;<\/span><\/span>)<\/span><\/p>\n<p><iframe loading=\"lazy\" width=\"1200\" height=\"900\" src=\"https:\/\/www.youtube.com\/embed\/JuJVuzmgGhc?feature=oembed\" frameborder=\"0\" allow=\"accelerometer; autoplay; encrypted-media; gyroscope; picture-in-picture\" allowfullscreen><\/iframe><\/p>\n<h3 style=\"text-align: center;\">CIBER MATE &#8211; ENTREVISTA CON VICENTE MEN\u00c9NDEZ<\/h3>\n<p>&#x1f4dd; Conversaciones: La historia y la epistemolog\u00eda en el aula de ciencias.<\/p>\n<p>&#x1f4cb; Profesor de F\u00edsica (Prof. J. V. Gonz\u00e1lez). Especialista. en Epistemolog\u00eda e Historia de la ciencia<\/p>\n<p>&#x1f4d2; Con amplia experiencia en la formaci\u00f3n docente.<\/p>\n<p>Autor de diversos art\u00edculos y del libro &#x1f4d6; \u201cMejorando la ense\u00f1anza de la F\u00edsica: los aportes hist\u00f3ricos y epistemol\u00f3gicos\u201d (2017), entre otros.<\/p>\n<p><iframe loading=\"lazy\" width=\"1200\" height=\"900\" src=\"https:\/\/www.youtube.com\/embed\/A1hhqhYJ8ec?feature=oembed\" frameborder=\"0\" allow=\"accelerometer; autoplay; encrypted-media; gyroscope; picture-in-picture\" allowfullscreen><\/iframe><\/p>\n<h3>______________________________________________________________<\/h3>\n<h3 style=\"text-align: center;\">CIBER MATE &#8211; ENTREVISTA CON FLORENCIA GUASTAVINO<\/h3>\n<p><iframe loading=\"lazy\" width=\"1200\" height=\"900\" src=\"https:\/\/www.youtube.com\/embed\/APDfF-ze5lI?feature=oembed\" frameborder=\"0\" allow=\"accelerometer; autoplay; encrypted-media; gyroscope; picture-in-picture\" allowfullscreen><\/iframe><\/p>\n<h3>______________________________________________________________<\/h3>\n<h3 style=\"text-align: center;\">CIBER MATE &#8211; ENTREVISTA CON AYMARA BAR\u00c9S TOSI &#8211; PARTE 2<\/h3>\n<p><iframe loading=\"lazy\" width=\"1200\" height=\"900\" src=\"https:\/\/www.youtube.com\/embed\/jO8p8gF9Ap4?feature=oembed\" frameborder=\"0\" allow=\"accelerometer; autoplay; encrypted-media; gyroscope; picture-in-picture\" allowfullscreen><\/iframe><\/p>\n<h2>________________________________________________<\/h2>\n<h3 style=\"text-align: center;\">CIBER MATE &#8211; ENTREVISTA CON AYMARA BAR\u00c9S TOSI &#8211; PARTE 1<\/h3>\n<p>Pr\u00e1cticas educativas y comunicaci\u00f3n en las trincheras<br \/>\n.- Importancia del contexto<br \/>\n.- Los desaf\u00edos de la conectividad<span class=\"text_exposed_show\"><br \/>\n.- Conectividad y ruralidad<br \/>\n.- La necesidad de repensar las pr\u00e1cticas educativas<br \/>\n.- La oportunidad de las crisis<br \/>\n.- Pedagog\u00edas de la virtualidad y los caminos del sinsentido<\/span><\/p>\n<p><iframe loading=\"lazy\" width=\"1200\" height=\"900\" src=\"https:\/\/www.youtube.com\/embed\/K2Y9mdvjhnE?feature=oembed\" frameborder=\"0\" allow=\"accelerometer; autoplay; encrypted-media; gyroscope; picture-in-picture\" allowfullscreen><\/iframe><\/p>\n<h2>________________________________________________<\/h2>\n<h3 style=\"text-align: center;\">CIBER MATE &#8211; ENTREVISTA CON MELINA FURMAN<\/h3>\n<p>Nueva charla realizada.. en esta oportunidad MELINA FURMAN estuvo charlando con nosotros&#8230;<br \/>\nUna charla donde la conectividad no estuvo de nuestro lado pero que durante varios minutos escuchamos a Melina algunos interesantes conceptos sobre la ciencia, la escuela, educaci\u00f3n virtual y como llevar estos conceptos en los tiempos que estamos viviendo.. Invitamos a todos a visualizar dicha entrevista que fue realizada en vivo a trav\u00e9s de la cuenta de Instagram del instituto (isfdesquel804)<\/p>\n<p><a href=\"https:\/\/www.youtube.com\/watch?v=EGymC4i99GE&amp;feature=youtu.be&amp;fbclid=IwAR2-fpmLWXDb8zzku_Im_fd60cfYNyzw39IUJS-P55VbP7KRQsSKFUP6DBg\" target=\"_blank\" rel=\"noopener nofollow\" data-ft=\"{&quot;tn&quot;:&quot;-U&quot;}\" data-lynx-mode=\"async\" data-lynx-uri=\"https:\/\/l.facebook.com\/l.php?u=https%3A%2F%2Fwww.youtube.com%2Fwatch%3Fv%3DEGymC4i99GE%26feature%3Dyoutu.be%26fbclid%3DIwAR2-fpmLWXDb8zzku_Im_fd60cfYNyzw39IUJS-P55VbP7KRQsSKFUP6DBg&amp;h=AT0l9eEjcYzBjlWvWkJe4o4DiOkoBPvbt0He-EzZpttLs6uIOvw91yu9uk4ewaD6w25IsEkOH91HnHkfLe7BkVNryTL3K10vis_VWeht0VnlKlFhE8x2OYLcv8mTnF4paZIQgJcInoWSeDnqkNDIPEtUpWbb4beYqcQsphCL5EKRd8Z-JU-5zE7KWVYilOlZGBftknra_zaHIB7SVzU8o2rkrBWK4JC2w8ClwWP-k1DlCBB3hdtHAYmBQy1XI2YETH8amUrl_wxgPPkNUep8-nAq6r4MzC5xQoLBBDKS3BCggECGYAQb8ZNB0rOKiRxLF0AI0XmJ1fUTlSskTCD3sRW-SMkZJTZd7WPlEOyYjdhaZW5uv1uq9_42_wCa7BRei4vaykOS4TaDBoKHnYcGMqXPbYzU85QFVsmhpQa4g2QriPmEzQ0ZHmvSgiwIGJSWbrY8XAW7eeQnTnseTquztP3h9ChdvPzAOGC8THXjX-30IZZkEkr9D6i11aEKSKxCdPWMYtbLQyDr0x_O-FPPyBD9XjGeAJqPknkMniMUbW_mxRMnPrEcDpYZ3Svuc1VTgNBCvsrRN_GqEbmNMAAXQp0hN8FzXXVtxvs53ORkbfntdhvdrstNJ-j9m9Nyg04\">https:\/\/www.youtube.com\/watch?v=EGymC4i99GE&amp;feature=youtu.be<\/a><\/p>\n<p><iframe loading=\"lazy\" width=\"1200\" height=\"900\" src=\"https:\/\/www.youtube.com\/embed\/videoseries?list=PLO6g5NPs4muXshj6ITvJ9t67fWzivRf-e\" frameborder=\"0\" allow=\"accelerometer; autoplay; encrypted-media; gyroscope; picture-in-picture\" allowfullscreen><\/iframe><\/p>\n<h2>________________________________________________<\/h2>\n<h2 style=\"text-align: center;\">CIBER MATE -ENTREVISTA CON ARIEL PUYELLI<\/h2>\n<p>Hola.. Muy buenos d\u00edas.. compartimos la charla el de abril con ARIEL PUYELLI en CIBER MATE&#8230; en el d\u00eda internacional del libro y los derechos de autor&#8230;!!!<\/p>\n<p>Muchas gracias @arielpuyelli<\/p>\n<p><a href=\"https:\/\/www.youtube.com\/watch?v=Z7F9T95Q2aw&amp;feature=youtu.be&amp;fbclid=IwAR3wq1E-f6taAqr7MVm-Gy9D2GP-SemqO2ML2QaD9-JxabBKYpJA8YG8rJA\" target=\"_blank\" rel=\"noopener nofollow\" data-ft=\"{&quot;tn&quot;:&quot;-U&quot;}\" data-lynx-mode=\"async\" data-lynx-uri=\"https:\/\/l.facebook.com\/l.php?u=https%3A%2F%2Fwww.youtube.com%2Fwatch%3Fv%3DZ7F9T95Q2aw%26feature%3Dyoutu.be%26fbclid%3DIwAR3wq1E-f6taAqr7MVm-Gy9D2GP-SemqO2ML2QaD9-JxabBKYpJA8YG8rJA&amp;h=AT0lHp3_GDYEwFwPlu_gcTVVeTJl-BfoSRIXnqCI2gAD098jZhwuh1an4iEx97KdZlM3hSSXiJe27SlcJFv1l3jz7L6O4XfXDhuGbnLbpDrpIkodsDqN3Lfep3c_nixq6Vt1MnQvK5SFTlCawCOH-IS5A37YD2p0_GODQ5uAYzzIrWg0OZ3l2s45qQEeVsn3mCfrshp30mgLnMT7P7CrLs9gzfLgX0gW8Qnd6AltDUyVJmwj3HzAgliFoZ-zQVHGyoo_1q9vwZFgpoT_-UmHGRWgjSeYfJZyPfJNxfv6VsxWuNgkAVoU_LVguvQEaDRAoOaB-97KdJxfbl6JeHndSUdyrxK5n2j98N7ffKzi-sldTB2YUWlRuBpjN7NtXTrI0hdD8cvZHDh6HhjC3S4LgH_pQqDVgX-_ybq_GitqfNVqi5fzD_aydeYMmqnKAyRsywOvZzdRHDbBHR_5L2S-iFmqn4x9L7u4UUgxS_lZasEW3aGaEd-8x8mQTYEDpfTDEKoYBayKuta2CfX3izCTbWG0aBamJimz8WJLJtFA7FLwXfQARI3SVW7UOg_SNh0nArAPwH7SL4nToT0DKjPcbJmMNoEWr-Umlom2JLh-YzNK5pu8UdE4nXZmVbkcIic\">https:\/\/www.youtube.com\/watch?v=Z7F9T95Q2aw&amp;feature=youtu.be<\/a><\/p>\n<p><iframe loading=\"lazy\" width=\"1200\" height=\"900\" src=\"https:\/\/www.youtube.com\/embed\/Z7F9T95Q2aw?feature=oembed\" frameborder=\"0\" allow=\"accelerometer; autoplay; encrypted-media; gyroscope; picture-in-picture\" allowfullscreen><\/iframe><\/p>\n<h2>________________________________________________<\/h2>\n<h2 style=\"text-align: center;\">CIBER MATE &#8211; ENTREVISTA CON CARLOS SKLIAR<\/h2>\n<p>Subimos la entrevista\/reflexiones que realizamos junto a Carlos Skliar a la p\u00e1gina de Facebook de la biblioteca (Biblioteca804)&#8230; algunas partes del video fueron editadas sacando los espacios pausados por la conexi\u00f3n.. Video con baja resoluci\u00f3n debido al poco ancho de banda&#8230;<\/p>\n<p>Muchas gracias Carlos Skliar..<br \/>\nTe invitamos a visitar y hacerte amigo de su perfil<\/p>\n<div class=\"text_exposed_show\">\n<p><a class=\"profileLink\" title=\"Carlos Skliar\" href=\"https:\/\/www.facebook.com\/carlos.skliar?__tn__=K-R&amp;eid=ARDDTxcmIH-SjQ6dgi09odfQCCCCxgZIGHHKsYHIZZU-_9Ps7L1clFIX7OETVPT-zSc3vrJ7KGq_nN37&amp;fref=mentions&amp;__xts__%5B0%5D=68.ARD2x2bmmk4JxRMJWaKQz351w7kmAPXXNsNNTs2gZQgOIUo8qpvcDLtXvtcFbJLUSzL69sLK1Xojy6qt9DS-LLNI66dSzf8PQhMo2ZCBgwPdOOzfhcobtUmwbPUI3MaIpJOyugFuzP7SFPThFEym6LQGRAtXmL3W9vVvtkj8-U8xCHrtMww6Dmg6sQeXP9Y8ImOny-yJEn-7O_mCcDRX4F2uFZNaH23PpNXlm0k4fuK-6NVK1OI4s62mCSIF7MgfAmOdTAjUpwGS3X6H9ZIs2CkmbKfQ8pAhx552xbF9BPe8wywFXRqkleYMsHeu9Rqb7ewETkli_mYgCwzRlfdKrWDb\" data-hovercard=\"\/ajax\/hovercard\/user.php?id=100003160286626&amp;extragetparams=%7B%22__tn__%22%3A%22%2CdK-R-R%22%2C%22eid%22%3A%22ARDDTxcmIH-SjQ6dgi09odfQCCCCxgZIGHHKsYHIZZU-_9Ps7L1clFIX7OETVPT-zSc3vrJ7KGq_nN37%22%2C%22fref%22%3A%22mentions%22%7D\" data-hovercard-prefer-more-content-show=\"1\">https:\/\/www.facebook.com\/carlos.skliar<\/a><\/p>\n<p>El video de la entrevista..!!!<\/p>\n<p><a href=\"https:\/\/www.youtube.com\/watch?v=68cKZdDx8Bs&amp;feature=youtu.be&amp;fbclid=IwAR1Ft3ywJED63EqkTgVNK__fTLY9SoZiOTpkSOyXfMVczICrQd5LfSCDNKk\" target=\"_blank\" rel=\"noopener nofollow\" data-ft=\"{&quot;tn&quot;:&quot;-U&quot;}\" data-lynx-mode=\"async\" data-lynx-uri=\"https:\/\/l.facebook.com\/l.php?u=https%3A%2F%2Fwww.youtube.com%2Fwatch%3Fv%3D68cKZdDx8Bs%26feature%3Dyoutu.be%26fbclid%3DIwAR1Ft3ywJED63EqkTgVNK__fTLY9SoZiOTpkSOyXfMVczICrQd5LfSCDNKk&amp;h=AT2OtWRAwR3yY6T4TYC7GfqGp63b4Bj6Em3F5VE4chDVs_ZR7fIcmghOBbQTZjGmJ4Bmx-qZQp0l-W8tzOMM_w4LSZksY_0NtbFqqnpJwICF39rbRkNPE7N2cyr4yKRK-pXVWWZKjd3WOXwSFvWbJY9-JugCB7S9jRcHccfIx5WQ-jqQJfSJ14Fdtyn3HjeNFhQH6gnO5LAeSpgYJyGcrbj_sB03CPmLHAN8-52QCL6kR5mK8bRzVJccIM5LzkqAu0K6qhQdp_p9xpbeD2AiCN0ShMaEycOsxg7jBQv-TAm5LTuZOLMVVS-xA_f1RCxmt-Pkb9EwqinSGrGzy9K1g4oEtrFA9roIcTzxPiBldS-RJDojEL1DUZgW7CjGnbKKJ66bDqSOKUAa9b-VyuxriTkDJt2bM71VeWS0MFfD-WZPetnKfguAJlC7M1HsXXnC0LPz5yMAxszvZSOgTcQzI0lwnjXACrV-sbONuaGH5MlkbQAOCE6DAfiGOMAkkvBMm9yZgcZISUQbpM_v6lUVSTe5pNWuKzzZcuvq9d6fEf0dFdDD0TcQ-pjOfwIukbmd3lBkjQc8FAyn-vtx6DXDGUlvZvm9LlY91gK4F1Y8GskE_YBcmE4paWenavAMLZQb\">https:\/\/www.youtube.com\/watch?v=68cKZdDx8Bs&amp;feature=youtu.be<\/a><\/p>\n<\/div>\n<p><iframe loading=\"lazy\" width=\"1200\" height=\"900\" src=\"https:\/\/www.youtube.com\/embed\/68cKZdDx8Bs?feature=oembed\" frameborder=\"0\" allow=\"accelerometer; autoplay; encrypted-media; gyroscope; picture-in-picture\" allowfullscreen><\/iframe><\/p>\n<h2>________________________________________________<\/h2>\n<h2 style=\"text-align: center;\">CIBER MATE<\/h2>\n<p>Entrevista con Virginia Ret CIPE (Coordinadora Institucional de Pol\u00edticas Estudiantiles)<\/p>\n<p><iframe loading=\"lazy\" width=\"1200\" height=\"900\" src=\"https:\/\/www.youtube.com\/embed\/6JcdZbKgA3E?feature=oembed\" frameborder=\"0\" allow=\"accelerometer; autoplay; encrypted-media; gyroscope; picture-in-picture\" allowfullscreen><\/iframe><\/p>\n<h2>________________________________________________<\/h2>\n<h2 style=\"text-align: center;\">CIBER MATE<\/h2>\n<p>Entrevistas culturales, educativas e informativas<\/p>\n<p>Compartimos nuestra primera entrevista del ciclo CIBER MATE.<\/p>\n<p>Nilda Bulmozi: Profesora, docente de diferentes niveles educativos, escritora, apasionada del mundo literario, autora de los libros Barrileteando \/ Dos Ruedas.. y algo m\u00e1s&#8230;<br \/>\nQue lo disfruten<br \/>\nNo se olviden de visitar el Facebook de Nilda<\/p>\n<div class=\"text_exposed_show\">\n<p><a class=\"profileLink\" title=\"Nilda Bulzomi\" href=\"https:\/\/www.facebook.com\/nilda.bulzomi?__tn__=K-R&amp;eid=ARDgWYAXqQ1d9Tr2aNvml6c92a361a7Xn5OPZMNG5o4zvGSloliwUPnWLd-JrN249_RxZNrJDt2WDxPH&amp;fref=mentions&amp;__xts__%5B0%5D=68.ARDjIszaufWHpN0GU3t3bJqDT_2v9aHmffhr6uR0F1KjseJwoi-vY2zoBz_uQSrXFfTHW6S4BmEYKk_PmGuYP34r49AegROP0DcCrIIQVJTIYB3etuUFU5xTc9uDTRrAvjLXiqPcjqO9VRgpMyo0Wa8TTXVkc4F8fOGoK8QJPzhADsvGGwZjezn2gjGC7oo-4gjHrCIFaOcVd0s_M2IR_WY_YlSByJgybs5YWaSpZiM1tnFexFRItHM7xFt52kSOxEdlnoU1WcqeZZHqkZQLUjdQ9ld1D-W6cMOaVoH_x-JzfpaXb1sCayIB23LGtv6Psc4U7d2EB4rQH-tKgpuS2tg\" data-hovercard=\"\/ajax\/hovercard\/user.php?id=100003495220607&amp;extragetparams=%7B%22__tn__%22%3A%22%2CdK-R-R%22%2C%22eid%22%3A%22ARDgWYAXqQ1d9Tr2aNvml6c92a361a7Xn5OPZMNG5o4zvGSloliwUPnWLd-JrN249_RxZNrJDt2WDxPH%22%2C%22fref%22%3A%22mentions%22%7D\" data-hovercard-prefer-more-content-show=\"1\">https:\/\/www.facebook.com\/nilda.bulzomi<\/a><\/p>\n<p>VIDEO<br \/>\n<a href=\"https:\/\/l.facebook.com\/l.php?u=https%3A%2F%2Fwww.youtube.com%2Fwatch%3Fv%3DrzhMZNVYH4g%26fbclid%3DIwAR2fd-5el_C0L1qYDqU0fvOJNWyLdlII0bhaw3wskQDYAOOm9I0ZKNAoKxs&amp;h=AT25qk6gBzwLSuyikQxLaoFDj-jKBLhu_KPfNBIR9OscrMzwQOjHn8As01CqpRfMutQ4Q14YOcdRUZkwOGuxBsXybZa88x6woJXNI0vJt1lAlHxXjj2wMhZtV4-kwFCytiGvtD7wyyDgXqY4Dv8CjEACsRVLm95jFqlsUDkwJ5TN1mcqU_wQ5If8KSqsFyc9O4bBE2lazf-6DAeP6P0RNuYasTAdrottxB5cgCyNZKCGCs2NqINaHalVKTo1Yd_iLhq4ZSfF1bBNR3HmhX5E0h8etWR0IkrQJLc4LWB-4n4isXzLrgk7u7HChlf6XhlOJMQQVSCVQf8ZbAsDhIBzcYmLveQrZfR4e8GL-T7vhBtoiqleXKKn_38599qkWg4z1JvbW8Rs5pTT-QszA2_ku77GLphhswzmN0k8UFiaA-lMmFgSU6nZbMvuJpU4N1sZnlsWbIkzHZyhOBHdwf-lC26mskqrHKWXkcDtRM-FqPv_DIlXAAmsnBGwkv-qg8xzVKCA0QUgYnbUPh-1ZKD0DF0z60RW6EVMqjDE_hMltiAvHnLog-1xEwl3HtnrbZgo9NMSBhxXjt9BgyW3lif7kW-4EAkanyZfXPIhwWSEBlwswfzcalap3MPqByX7KCY\" target=\"_blank\" rel=\"noopener nofollow\" data-ft=\"{&quot;tn&quot;:&quot;-U&quot;}\" data-lynx-mode=\"async\">https:\/\/www.youtube.com\/watch?v=rzhMZNVYH4g<\/a><\/p>\n<\/div>\n<p><iframe loading=\"lazy\" width=\"1200\" height=\"675\" src=\"https:\/\/www.youtube.com\/embed\/rzhMZNVYH4g?feature=oembed\" frameborder=\"0\" allow=\"accelerometer; autoplay; encrypted-media; gyroscope; picture-in-picture\" allowfullscreen><\/iframe><\/p>\n<h2>_______________________________________________<\/h2>\n","protected":false},"excerpt":{"rendered":"<p>CIBER MATE &#8211; ENTREVISTA CON SOLANGE COTTET Jueves 2 de julio en CIBER MATE charla con Solange Cottet.. &#x1f5a5;&#x1f4bb;Egresada de manera virtual en el Profesorado de Educaci\u00f3n Especial en el ISFD N\u00b0 804 Solange es Profesora de Educaci\u00f3n Especial &#8211; Modalidad Intelectual&#x1f4d9;&#x1f4d9; &#x1f468;&#x200d;&#x1f3eb;\u00a0Instagram del Instituto (ISFDESQUEL804)&#x2600;&#xfe0f;&#x2600;&#xfe0f; CIBER MATE &#8211; ENTREVISTA CON FERNANDO ARIEL L\u00d3PEZ (DIRECTOR &#8230; <a title=\"CIBER MATE (Entrevistas)\" class=\"read-more\" href=\"https:\/\/isfd804-chu.infd.edu.ar\/sitio\/ciber-mate\/\" aria-label=\"More on CIBER MATE (Entrevistas)\">[+]<\/a><\/p>\n","protected":false},"author":2398,"featured_media":0,"parent":0,"menu_order":0,"comment_status":"closed","ping_status":"closed","template":"","meta":[],"acf":[],"_links":{"self":[{"href":"https:\/\/isfd804-chu.infd.edu.ar\/sitio\/wp-json\/wp\/v2\/pages\/2842"}],"collection":[{"href":"https:\/\/isfd804-chu.infd.edu.ar\/sitio\/wp-json\/wp\/v2\/pages"}],"about":[{"href":"https:\/\/isfd804-chu.infd.edu.ar\/sitio\/wp-json\/wp\/v2\/types\/page"}],"author":[{"embeddable":true,"href":"https:\/\/isfd804-chu.infd.edu.ar\/sitio\/wp-json\/wp\/v2\/users\/2398"}],"replies":[{"embeddable":true,"href":"https:\/\/isfd804-chu.infd.edu.ar\/sitio\/wp-json\/wp\/v2\/comments?post=2842"}],"version-history":[{"count":20,"href":"https:\/\/isfd804-chu.infd.edu.ar\/sitio\/wp-json\/wp\/v2\/pages\/2842\/revisions"}],"predecessor-version":[{"id":3015,"href":"https:\/\/isfd804-chu.infd.edu.ar\/sitio\/wp-json\/wp\/v2\/pages\/2842\/revisions\/3015"}],"wp:attachment":[{"href":"https:\/\/isfd804-chu.infd.edu.ar\/sitio\/wp-json\/wp\/v2\/media?parent=2842"}],"curies":[{"name":"wp","href":"https:\/\/api.w.org\/{rel}","templated":true}]}}